{"id":701,"date":"2011-05-20T18:49:43","date_gmt":"2011-05-20T16:49:43","guid":{"rendered":"http:\/\/wpthemetestdata.wordpress.com\/?page_id=701"},"modified":"2021-09-23T23:15:55","modified_gmt":"2021-09-23T21:15:55","slug":"heuer-radsport","status":"publish","type":"page","link":"https:\/\/heuer-cup.de\/en\/","title":{"rendered":"HEUER-Cup"},"content":{"rendered":"<div class=\"vc_row wpb_row vc_row-fluid\"><div class=\"hide-desktop wpb_column vc_column_container vc_col-sm-12\"><div class=\"vc_column-inner\"><div class=\"wpb_wrapper\">\n\t<div  class=\"wpb_single_image wpb_content_element vc_align_left\">\n\t\t\n\t\t<figure class=\"wpb_wrapper vc_figure\">\n\t\t\t<div class=\"vc_single_image-wrapper   vc_box_border_grey\"><img width=\"2566\" height=\"800\" src=\"https:\/\/heuer-cup.de\/wp-content\/uploads\/2019\/08\/27-08-_2019_09-36-24.jpg\" class=\"vc_single_image-img attachment-full\" alt=\"\" loading=\"lazy\" srcset=\"https:\/\/heuer-cup.de\/wp-content\/uploads\/2019\/08\/27-08-_2019_09-36-24.jpg 2566w, https:\/\/heuer-cup.de\/wp-content\/uploads\/2019\/08\/27-08-_2019_09-36-24-300x94.jpg 300w, https:\/\/heuer-cup.de\/wp-content\/uploads\/2019\/08\/27-08-_2019_09-36-24-768x239.jpg 768w, https:\/\/heuer-cup.de\/wp-content\/uploads\/2019\/08\/27-08-_2019_09-36-24-1024x319.jpg 1024w, https:\/\/heuer-cup.de\/wp-content\/uploads\/2019\/08\/27-08-_2019_09-36-24-600x187.jpg 600w\" sizes=\"(max-width: 768px) 92vw, (max-width: 992px) 970px, (max-width: 1200px) 1170px, 1200px\" \/><\/div>\n\t\t<\/figure>\n\t<\/div>\n<\/div><\/div><\/div><\/div><div class=\"vc_row wpb_row vc_row-fluid vc_custom_1486552936347\"><div class=\"wpb_column vc_column_container vc_col-sm-12\"><div class=\"vc_column-inner\"><div class=\"wpb_wrapper\"><div class=\"wpb_revslider_element wpb_content_element\">\n<div id=\"rev_slider_4_1_wrapper\" class=\"rev_slider_wrapper fullwidthbanner-container\" data-source=\"gallery\" data-aimg=\"https:\/\/heuer-cup.de\/wp-content\/uploads\/2019\/08\/27-08-_2019_09-36-24.jpg\"  data-amobile=\"enabled\"  data-aie8=\"disabled\"  style=\"margin:0px auto;background:#E9E9E9;padding:0px;margin-top:0px;margin-bottom:0px;\">\n<!-- START REVOLUTION SLIDER 5.4.8 fullwidth mode -->\n\t<div id=\"rev_slider_4_1\" class=\"rev_slider fullwidthabanner\" style=\"display:none;\" data-version=\"5.4.8\">\n<ul>\t<!-- SLIDE  -->\n\t<li data-index=\"rs-9\" data-transition=\"crossfade\" data-slotamount=\"default\" data-hideafterloop=\"0\" data-hideslideonmobile=\"off\"  data-easein=\"default\" data-easeout=\"default\" data-masterspeed=\"default\"  data-thumb=\"https:\/\/heuer-cup.de\/wp-content\/uploads\/2019\/08\/27-08-_2019_09-36-24-100x50.jpg\"  data-rotate=\"0\"  data-saveperformance=\"off\"  data-title=\"Slide\" data-param1=\"\" data-param2=\"\" data-param3=\"\" data-param4=\"\" data-param5=\"\" data-param6=\"\" data-param7=\"\" data-param8=\"\" data-param9=\"\" data-param10=\"\" data-description=\"\">\n\t\t<!-- MAIN IMAGE -->\n\t\t<img src=\"https:\/\/heuer-cup.de\/wp-content\/uploads\/2019\/08\/27-08-_2019_09-36-24.jpg\"  alt=\"\" title=\"27-08-_2019_09-36-24\"  width=\"2566\" height=\"800\" data-bgposition=\"center top\" data-bgfit=\"cover\" data-bgrepeat=\"no-repeat\" class=\"rev-slidebg\" data-no-retina>\n\t\t<!-- LAYERS -->\n\t<\/li>\n\t<!-- SLIDE  -->\n\t<li data-index=\"rs-10\" data-transition=\"crossfade\" data-slotamount=\"default\" data-hideafterloop=\"0\" data-hideslideonmobile=\"off\"  data-easein=\"default\" data-easeout=\"default\" data-masterspeed=\"default\"  data-thumb=\"https:\/\/heuer-cup.de\/wp-content\/uploads\/2019\/08\/27-08-_2019_09-36-24-4-100x50.jpg\"  data-rotate=\"0\"  data-saveperformance=\"off\"  data-title=\"Slide\" data-param1=\"\" data-param2=\"\" data-param3=\"\" data-param4=\"\" data-param5=\"\" data-param6=\"\" data-param7=\"\" data-param8=\"\" data-param9=\"\" data-param10=\"\" data-description=\"\">\n\t\t<!-- MAIN IMAGE -->\n\t\t<img src=\"https:\/\/heuer-cup.de\/wp-content\/uploads\/2019\/08\/27-08-_2019_09-36-24-4.jpg\"  alt=\"\" title=\"27-08-_2019_09-36-24-4\"  width=\"2566\" height=\"800\" data-bgposition=\"center top\" data-bgfit=\"cover\" data-bgrepeat=\"no-repeat\" class=\"rev-slidebg\" data-no-retina>\n\t\t<!-- LAYERS -->\n\t<\/li>\n<\/ul>\n<script>var htmlDiv = document.getElementById(\"rs-plugin-settings-inline-css\"); var htmlDivCss=\"\";\r\n\t\t\t\t\t\tif(htmlDiv) {\r\n\t\t\t\t\t\t\thtmlDiv.innerHTML = htmlDiv.innerHTML + htmlDivCss;\r\n\t\t\t\t\t\t}else{\r\n\t\t\t\t\t\t\tvar htmlDiv = document.createElement(\"div\");\r\n\t\t\t\t\t\t\thtmlDiv.innerHTML = \"<style>\" + htmlDivCss + \"<\/style>\";\r\n\t\t\t\t\t\t\tdocument.getElementsByTagName(\"head\")[0].appendChild(htmlDiv.childNodes[0]);\r\n\t\t\t\t\t\t}\r\n\t\t\t\t\t<\/script>\n<div class=\"tp-bannertimer tp-bottom\" style=\"visibility: hidden !important;\"><\/div>\t<\/div>\n<script>var htmlDiv = document.getElementById(\"rs-plugin-settings-inline-css\"); var htmlDivCss=\"\";\r\n\t\t\t\tif(htmlDiv) {\r\n\t\t\t\t\thtmlDiv.innerHTML = htmlDiv.innerHTML + htmlDivCss;\r\n\t\t\t\t}else{\r\n\t\t\t\t\tvar htmlDiv = document.createElement(\"div\");\r\n\t\t\t\t\thtmlDiv.innerHTML = \"<style>\" + htmlDivCss + \"<\/style>\";\r\n\t\t\t\t\tdocument.getElementsByTagName(\"head\")[0].appendChild(htmlDiv.childNodes[0]);\r\n\t\t\t\t}\r\n\t\t\t<\/script>\n\t\t<script type=\"text\/javascript\">\r\nif (setREVStartSize!==undefined) setREVStartSize(\r\n\t{c: '#rev_slider_4_1', gridwidth: [1140], gridheight: [594], sliderLayout: 'fullwidth'});\r\n\t\t\t\r\nvar revapi4,\r\n\ttpj;\t\r\n(function() {\t\t\t\r\n\tif (!\/loaded|interactive|complete\/.test(document.readyState)) document.addEventListener(\"DOMContentLoaded\",onLoad); else onLoad();\t\r\n\tfunction onLoad() {\t\t\t\t\r\n\t\tif (tpj===undefined) { tpj = jQuery; if(\"on\" == \"on\") tpj.noConflict();}\r\n\tif(tpj(\"#rev_slider_4_1\").revolution == undefined){\n\t\trevslider_showDoubleJqueryError(\"#rev_slider_4_1\");\n\t}else{\n\t\trevapi4 = tpj(\"#rev_slider_4_1\").show().revolution({\n\t\t\tsliderType:\"standard\",\n\t\t\tjsFileLocation:\"\/\/heuer-cup.de\/wp-content\/plugins\/revslider\/public\/assets\/js\/\",\n\t\t\tsliderLayout:\"fullwidth\",\n\t\t\tdottedOverlay:\"none\",\n\t\t\tdelay:9000,\n\t\t\tnavigation: {\n\t\t\t\tkeyboardNavigation:\"off\",\n\t\t\t\tkeyboard_direction: \"horizontal\",\n\t\t\t\tmouseScrollNavigation:\"off\",\n \t\t\t\t\t\t\tmouseScrollReverse:\"default\",\n\t\t\t\tonHoverStop:\"on\",\n\t\t\t\ttouch:{\n\t\t\t\t\ttouchenabled:\"on\",\n\t\t\t\t\ttouchOnDesktop:\"off\",\n\t\t\t\t\tswipe_threshold: 75,\n\t\t\t\t\tswipe_min_touches: 1,\n\t\t\t\t\tswipe_direction: \"horizontal\",\n\t\t\t\t\tdrag_block_vertical: false\n\t\t\t\t}\n\t\t\t\t,\n\t\t\t\tbullets: {\n\t\t\t\t\tenable:true,\n\t\t\t\t\thide_onmobile:false,\n\t\t\t\t\tstyle:\"hermes\",\n\t\t\t\t\thide_onleave:false,\n\t\t\t\t\tdirection:\"horizontal\",\n\t\t\t\t\th_align:\"center\",\n\t\t\t\t\tv_align:\"bottom\",\n\t\t\t\t\th_offset:0,\n\t\t\t\t\tv_offset:20,\n\t\t\t\t\tspace:5,\n\t\t\t\t\ttmp:''\n\t\t\t\t}\n\t\t\t},\n\t\t\tvisibilityLevels:[1240,1024,778,480],\n\t\t\tgridwidth:1140,\n\t\t\tgridheight:594,\n\t\t\tlazyType:\"none\",\n\t\t\tshadow:0,\n\t\t\tspinner:\"spinner2\",\n\t\t\tstopLoop:\"off\",\n\t\t\tstopAfterLoops:-1,\n\t\t\tstopAtSlide:-1,\n\t\t\tshuffle:\"off\",\n\t\t\tautoHeight:\"on\",\n\t\t\tdisableProgressBar:\"on\",\n\t\t\thideThumbsOnMobile:\"off\",\n\t\t\thideSliderAtLimit:769,\n\t\t\thideCaptionAtLimit:769,\n\t\t\thideAllCaptionAtLilmit:769,\n\t\t\tdebugMode:false,\n\t\t\tfallbacks: {\n\t\t\t\tsimplifyAll:\"off\",\n\t\t\t\tnextSlideOnWindowFocus:\"off\",\n\t\t\t\tdisableFocusListener:false,\n\t\t\t}\n\t\t});\n\t}; \/* END OF revapi call *\/\n\t\n }; \/* END OF ON LOAD FUNCTION *\/\r\n}()); \/* END OF WRAPPING FUNCTION *\/\r\n<\/script>\r\n\t\t<script>\r\n\t\t\t\t\tvar htmlDivCss = ' #rev_slider_4_1_wrapper .tp-loader.spinner2{ background-color: #83b828 !important; } ';\r\n\t\t\t\t\tvar htmlDiv = document.getElementById('rs-plugin-settings-inline-css');\r\n\t\t\t\t\tif(htmlDiv) {\r\n\t\t\t\t\t\thtmlDiv.innerHTML = htmlDiv.innerHTML + htmlDivCss;\r\n\t\t\t\t\t}\r\n\t\t\t\t\telse{\r\n\t\t\t\t\t\tvar htmlDiv = document.createElement('div');\r\n\t\t\t\t\t\thtmlDiv.innerHTML = '<style>' + htmlDivCss + '<\/style>';\r\n\t\t\t\t\t\tdocument.getElementsByTagName('head')[0].appendChild(htmlDiv.childNodes[0]);\r\n\t\t\t\t\t}\r\n\t\t\t\t\t<\/script>\r\n\t\t\t\t\t<script>\r\n\t\t\t\t\tvar htmlDivCss = unescape(\".hermes.tp-bullets%20%7B%0A%7D%0A%0A.hermes%20.tp-bullet%20%7B%0A%20%20%20%20overflow%3Ahidden%3B%0A%20%20%20%20border-radius%3A50%25%3B%0A%20%20%20%20width%3A16px%3B%0A%20%20%20%20height%3A16px%3B%0A%20%20%20%20background-color%3A%20rgba%280%2C%200%2C%200%2C%200%29%3B%0A%20%20%20%20box-shadow%3A%20inset%200%200%200%202px%20rgb%28255%2C%20255%2C%20255%29%3B%0A%20%20%20%20-webkit-transition%3A%20background%200.3s%20ease%3B%0A%20%20%20%20transition%3A%20background%200.3s%20ease%3B%0A%20%20%20%20position%3Aabsolute%3B%0A%7D%0A%0A.hermes%20.tp-bullet%3Ahover%20%7B%0A%09%20%20background-color%3A%20rgba%28131%2C184%2C40%2C0.8%29%3B%0A%7D%0A.hermes%20.tp-bullet%3Aafter%20%7B%0A%20%20content%3A%20%27%20%27%3B%0A%20%20position%3A%20absolute%3B%0A%20%20bottom%3A%200%3B%0A%20%20height%3A%200%3B%0A%20%20left%3A%200%3B%0A%20%20width%3A%20100%25%3B%0A%20%20background-color%3A%20rgb%28255%2C%20255%2C%20255%29%3B%0A%20%20box-shadow%3A%200%200%201px%20rgb%28255%2C%20255%2C%20255%29%3B%0A%20%20-webkit-transition%3A%20height%200.3s%20ease%3B%0A%20%20transition%3A%20height%200.3s%20ease%3B%0A%7D%0A.hermes%20.tp-bullet.selected%3Aafter%20%7B%0A%20%20height%3A100%25%3B%0A%7D%0A%0A\");\r\n\t\t\t\t\tvar htmlDiv = document.getElementById('rs-plugin-settings-inline-css');\r\n\t\t\t\t\tif(htmlDiv) {\r\n\t\t\t\t\t\thtmlDiv.innerHTML = htmlDiv.innerHTML + htmlDivCss;\r\n\t\t\t\t\t}\r\n\t\t\t\t\telse{\r\n\t\t\t\t\t\tvar htmlDiv = document.createElement('div');\r\n\t\t\t\t\t\thtmlDiv.innerHTML = '<style>' + htmlDivCss + '<\/style>';\r\n\t\t\t\t\t\tdocument.getElementsByTagName('head')[0].appendChild(htmlDiv.childNodes[0]);\r\n\t\t\t\t\t}\r\n\t\t\t\t  <\/script>\r\n\t\t\t\t<\/div><!-- END REVOLUTION SLIDER --><\/div><div class=\"vc_empty_space\"   style=\"height: 32px\" ><span class=\"vc_empty_space_inner\"><\/span><\/div>\n<\/div><\/div><\/div><\/div><div class=\"vc_row wpb_row vc_row-fluid\"><div class=\"wpb_column vc_column_container vc_col-sm-9\"><div class=\"vc_column-inner\"><div class=\"wpb_wrapper\"><div class=\"vc_separator wpb_content_element vc_separator_align_center vc_sep_width_100 vc_sep_pos_align_center vc_sep_color_grey vc_separator-has-text\" ><span class=\"vc_sep_holder vc_sep_holder_l\"><span  class=\"vc_sep_line\"><\/span><\/span><h4>Rund um HEUER<\/h4><span class=\"vc_sep_holder vc_sep_holder_r\"><span  class=\"vc_sep_line\"><\/span><\/span>\n<\/div>\n\t<div class=\"wpb_text_column wpb_content_element\" >\n\t\t<div class=\"wpb_wrapper\">\n\t\t\t<p style=\"text-align: justify;\"><strong>Ein Kriterium am neuen Firmensitz zur Verk\u00fcrzung der Wartezeit f\u00fcr den neuen HEUER-Cup<br \/>\n<\/strong><\/p>\n<p>Lange Zeit war es ruhig um Heuer. Der HEUER-Cup 2020 wurde wegen Corona abgesagt. Auch f\u00fcr 2021 entschieden wir schweren Herzens im Fr\u00fchsommer aufgrund der ungewissen Lage, keine Cup-Wertung durchzuf\u00fchren. Stattdessen unterst\u00fctzen wir die Veranstaltungen und Radrennen in Ravensburg, Bergh\u00fclen, Fellbach, Plattenhardt, Leutkirch und den Riderman.<br \/>\nDennoch wollen wir noch etwas Eigenes organisieren. Und um das neue Firmengel\u00e4nde in Aichwald-Aichschie\u00df stach schnell ein passender und attraktiver Kriteriumskurs ins Auge. So geht &#8222;Rund um HEUER&#8220; am 25.09.2021 in seine erste Auflage.<\/p>\n\n\t\t<\/div>\n\t<\/div>\n\n\t<div  class=\"wpb_single_image wpb_content_element vc_align_center   left-big\">\n\t\t\n\t\t<figure class=\"wpb_wrapper vc_figure\">\n\t\t\t<div class=\"vc_single_image-wrapper   vc_box_border_grey\"><img class=\"vc_single_image-img\" src=\"https:\/\/heuer-cup.de\/wp-content\/uploads\/2021\/08\/Zeitmesswagen-und-CupMobil-in-Aichschiess-scaled-597x597.jpg\" width=\"597\" height=\"597\" alt=\"Zeitmesswagen und CupMobil in Aichschiess\" title=\"Zeitmesswagen und CupMobil in Aichschiess\" \/><\/div>\n\t\t<\/figure>\n\t<\/div>\n\n\t<div class=\"wpb_text_column wpb_content_element\" >\n\t\t<div class=\"wpb_wrapper\">\n\t\t\t<p>Die Elite-Frauen werden gemeinsam mit den Juniorinnen den Renntag um 9:00 Uhr er\u00f6ffnen. Bis zum Abend gibt es Rennangebote f\u00fcr alle Klassen ab den U11. F\u00fcr die Elite-Frauen und Senioren werden gleichzeitig die Titel des Baden-W\u00fcrttembergischen Kriteriumsmeisters ausgefahren. Das Rennen der Elite-Amateure startet um 12:00 Uhr und ist mit 60km das l\u00e4ngste des Tages. \u00dcber den Tag verteilt werden attraktive Pr\u00e4mien ausgefahren.<\/p>\n\n\t\t<\/div>\n\t<\/div>\n\n\t<div  class=\"wpb_single_image wpb_content_element vc_align_center   left-big\">\n\t\t\n\t\t<figure class=\"wpb_wrapper vc_figure\">\n\t\t\t<a href=\"https:\/\/www.rad-net.de\/rad-net-portal\/ausschreibungen_1.htm?url=%2Fmodules.php%3Fname%3DAusschreibung%26rnswp_disziplin%3D1%26pgID_Veranstaltung%3D5%26ID_Veranstaltung%3D34942%26mode%3Dascr_detail&amp;url_hash=Opn0Vj1q1Zlm4rblk3SgC-C6f3Sh-m2_PyqUbniqbOA\" target=\"_self\" class=\"vc_single_image-wrapper   vc_box_border_grey\"><img class=\"vc_single_image-img\" src=\"https:\/\/heuer-cup.de\/wp-content\/uploads\/2021\/08\/Rennstrecke-597x325.png\" width=\"597\" height=\"325\" alt=\"Rennstrecke\" title=\"Rennstrecke\" \/><\/a>\n\t\t<\/figure>\n\t<\/div>\n\n\t<div class=\"wpb_text_column wpb_content_element\" >\n\t\t<div class=\"wpb_wrapper\">\n\t\t\t<p style=\"text-align: justify;\">Die rechteckige Strecke ist einen Kilometer lang, beginnt direkt vor dem HEUER-Firmengel\u00e4nde und f\u00fchrt \u00fcber den Buchenteich, die Esslinger Stra\u00dfe und die Waldstra\u00dfe zur\u00fcck auf die leicht ansteigende Zielgerade im Buchenteich. Da alle Kurven gut zu fahren sind, kann auf der flachen Strecke mit rekordverd\u00e4chtigen Geschwindigkeiten gerechnet werden.<\/p>\n\n\t\t<\/div>\n\t<\/div>\n\n\t<div class=\"wpb_text_column wpb_content_element\" >\n\t\t<div class=\"wpb_wrapper\">\n\t\t\t<p>Freddy Eberle wird uns als Streckensprecher durch den Renntag f\u00fchren. Die Bewirtung der G\u00e4ste wird sich im Bereich von Start und Ziel befinden.<\/p>\n<p style=\"text-align: justify;\">Die offizielle <a href=\"https:\/\/www.rad-net.de\/rad-net-portal\/ausschreibungen_1.htm?url=%2Fmodules.php%3Fname%3DAusschreibung%26rnswp_disziplin%3D1%26pgID_Veranstaltung%3D5%26ID_Veranstaltung%3D34942%26mode%3Dascr_detail&amp;url_hash=Opn0Vj1q1Zlm4rblk3SgC-C6f3Sh-m2_PyqUbniqbOA\">Ausschreibung<\/a> ist ONLINE<\/p>\n\n\t\t<\/div>\n\t<\/div>\n\n\t<div class=\"wpb_text_column wpb_content_element\" >\n\t\t<div class=\"wpb_wrapper\">\n\t\t\t<p>Wir haben zum Meldeschluss die Startlisten erstellt, wir freuen uns auf Euch!<\/p>\n<p><a href=\"https:\/\/heuer-cup.de\/wp-content\/uploads\/Startlisten\/Startliste-zum-Meldeschluss-22-09-2021.pdf\"><strong>Startlisten zum Download<\/strong><\/a><\/p>\n<p>Wir haben unsere Ausschreibung dem Meldeergebnis angepasst:<\/p>\n<ol>\n<li>Rennen &#8211; Rennen 2 CT und Elite-Amateure<br \/>\nStart 10:30 \/ Renndistanz 50 Runden = 50 km<\/li>\n<li>Rennen &#8211; CT und Elite-Amateure<br \/>\nStart 12:00 \/ Renndistanz 60 Runden = 60 km<\/li>\n<li>Rennen &#8211; Jugend weiblich U17 \/ Sch\u00fcler U15 \/ Sch\u00fclerinnen U15 \/ Sch\u00fcler U13 \/ Sch\u00fclerinnen U13<br \/>\nStart 13:30 \/ Renndistanzen 30 Runden = 30 km f\u00fcr U17 und U15<br \/>\n20 Runden = 20 km f\u00fcr U13 und U11<\/li>\n<li>Rennen &#8211; Elite FT und Elite-Frauen &#8211; BaW\u00fc Kriteriumsmeisterschaften<br \/>\nStart 14:30 \/ Renndistanz 45 Runden = 45 km<\/li>\n<li>Rennen &#8211; Senioren 2 &#8211; BaW\u00fc Kriteriumsmeisterschaften<br \/>\nStart 15:45 \/ Renndistanz 50 Runden = 50 km<\/li>\n<li>Rennen &#8211; Senioren 3 \/ Senioren 4 &#8211; BaW\u00fc Kriteriumsmeisterschaften und Jugend m\u00e4nnlich U17<br \/>\nStart 17:00 \/ Renndistanz 45 Runden = 45 km<\/li>\n<\/ol>\n\n\t\t<\/div>\n\t<\/div>\n\n\t<div class=\"wpb_text_column wpb_content_element\" >\n\t\t<div class=\"wpb_wrapper\">\n\t\t\t<p><strong>GESUNDHEITSERKL\u00c4RUNG<\/strong><br \/>\nAlle Teilnehmer*innen und die Helfer*Innen der Organisation best\u00e4tigen mit Ihrer Unterschrift, dass sie<br \/>\ninnerhalb der letzten 14 Tage vor der Veranstaltung keinen wissentlichen Kontakt zu infizierten COVID-19<br \/>\nPersonen hatten. Weiter wird mit der Unterschrift best\u00e4tigt, dass keine typischen akuten<br \/>\nAtemwegserkrankungen (z.B. Husten, Halsschmerzen, Kurzatmigkeit), Fiebergef\u00fchl, Muskelschmerzen<br \/>\noder pl\u00f6tzlich auftretende Anosmie oder Ageusie (Verlust des Geruchs- oder Geschmackssinns) vorliegen.<br \/>\nBegleitpersonen d\u00fcrfen ebenfalls nur anreisen, wenn diese Symptome nicht zutreffen.<\/p>\n<p><strong>3G-NACHWEIS <\/strong><br \/>\nF\u00fcr die sportliche Teilnahme beim Kriterium in Aichschie\u00df \u201eRund um HEUER\u201c ist der Nachweis einer<br \/>\nImpfung, Genesung oder Testung erforderlich. Bitte diesen Nachweis zur Abholung der Startunterlagen<br \/>\nvorlegen.<br \/>\nTeilnehmer, die nicht geimpft oder genesen sind, k\u00f6nnen vor Ort bei den Maltesern bei Bedarf einen<br \/>\nSchnelltest durchf\u00fchren. Die Malteser freuen sich \u00fcber eine Spende.<br \/>\nDieser 3G-Nachweis ist auch f\u00fcr alle Mitglieder der Organisation erforderlich.<br \/>\nSTARTUNTERLAGEN \/ AKKREDITIERUNG<br \/>\nDie Abholung der Startnummern erfolgt im Buchenteich 3 an Start und Ziel. Teams oder Gruppen werden<br \/>\ngebeten, dass nur eine Person die Startunterlagen abholt, um die Kontakte zu verringern. Der Zutritt ist<br \/>\nnur mit einem medizinischen Mund-Nasen-Schutz (MNS) und 3G-Nachweis m\u00f6glich.<\/p>\n<p><strong>STARTPROZEDERE | MUND-NASEN-SCHUTZ<\/strong><br \/>\nDer Mindestabstand von 1,5 Metern und die allgemeinen Hygienevorschriften m\u00fcssen in allen<br \/>\nVeranstaltungsbereichen wo immer m\u00f6glich eingehalten werden. Ausnahmen bilden die Aufstellung im<br \/>\nStartblock sowie das Rennen selbst. Bitte Mund-Nasen-Schutz in Eigenregie organisieren. Es sind<br \/>\nmedizinische OP- oder FFP2-Masken zu verwenden.<\/p>\n<p>Die Erkl\u00e4rung steht hier zum Download bereit.<br \/>\n<strong>Bitte dieses <a href=\"https:\/\/heuer-cup.de\/wp-content\/uploads\/Startlisten\/Hygienekonzept-Rund-um-HEUER-am-25.09.2021.pdf\">Dokument unterschrieben zur Akkreditierung<\/a> mitbringen. Danke!<\/strong><\/p>\n\n\t\t<\/div>\n\t<\/div>\n<div class=\"vc_separator wpb_content_element vc_separator_align_center vc_sep_width_100 vc_sep_pos_align_center vc_sep_color_grey vc_separator-has-text\" ><span class=\"vc_sep_holder vc_sep_holder_l\"><span  class=\"vc_sep_line\"><\/span><\/span><h4>Sponsoren<\/h4><span class=\"vc_sep_holder vc_sep_holder_r\"><span  class=\"vc_sep_line\"><\/span><\/span>\n<\/div>\n\t<div  class=\"wpb_single_image wpb_content_element vc_align_left   left-big\">\n\t\t\n\t\t<figure class=\"wpb_wrapper vc_figure\">\n\t\t\t<a href=\"https:\/\/heuer-cup.de\/en\/sponsoren-und-partner\/e-vita\/\" target=\"_self\" class=\"vc_single_image-wrapper   vc_box_border_grey\"><img width=\"230\" height=\"70\" src=\"https:\/\/heuer-cup.de\/wp-content\/uploads\/2019\/08\/Logo-evita-Slider.jpg\" class=\"vc_single_image-img attachment-full\" alt=\"\" loading=\"lazy\" sizes=\"(max-width: 768px) 92vw, (max-width: 992px) 970px, (max-width: 1200px) 1170px, 1200px\" \/><\/a>\n\t\t<\/figure>\n\t<\/div>\n\n\t<div  class=\"wpb_single_image wpb_content_element vc_align_left   left-big\">\n\t\t\n\t\t<figure class=\"wpb_wrapper vc_figure\">\n\t\t\t<a href=\"https:\/\/heuer-radsport.de\/\" target=\"_self\" class=\"vc_single_image-wrapper   vc_box_border_grey\"><img width=\"174\" height=\"100\" src=\"https:\/\/heuer-cup.de\/wp-content\/uploads\/2020\/02\/HEUER-Radsport-Front.jpg\" class=\"vc_single_image-img attachment-full\" alt=\"HEUER Radsport Front\" loading=\"lazy\" sizes=\"(max-width: 768px) 92vw, (max-width: 992px) 970px, (max-width: 1200px) 1170px, 1200px\" \/><\/a>\n\t\t<\/figure>\n\t<\/div>\n\n\t<div  class=\"wpb_single_image wpb_content_element vc_align_left   left\">\n\t\t\n\t\t<figure class=\"wpb_wrapper vc_figure\">\n\t\t\t<a href=\"https:\/\/heuer-cup.de\/en\/sponsoren-und-partner\/schmidt-fuchs\/\" target=\"_self\" class=\"vc_single_image-wrapper   vc_box_border_grey\"><img width=\"230\" height=\"70\" src=\"https:\/\/heuer-cup.de\/wp-content\/uploads\/2019\/08\/Logo-Schmidt-Slider.jpg\" class=\"vc_single_image-img attachment-full\" alt=\"\" loading=\"lazy\" sizes=\"(max-width: 768px) 92vw, (max-width: 992px) 970px, (max-width: 1200px) 1170px, 1200px\" \/><\/a>\n\t\t<\/figure>\n\t<\/div>\n\n\t<div  class=\"wpb_single_image wpb_content_element vc_align_left   left\">\n\t\t\n\t\t<figure class=\"wpb_wrapper vc_figure\">\n\t\t\t<a href=\"https:\/\/heuer-cup.de\/en\/sponsoren-und-partner\/kaha-plast-technische-kunststoffe\/\" target=\"_self\" class=\"vc_single_image-wrapper   vc_box_border_grey\"><img width=\"230\" height=\"70\" src=\"https:\/\/heuer-cup.de\/wp-content\/uploads\/2019\/08\/Logo-kaha-Slider.jpg\" class=\"vc_single_image-img attachment-full\" alt=\"\" loading=\"lazy\" sizes=\"(max-width: 768px) 92vw, (max-width: 992px) 970px, (max-width: 1200px) 1170px, 1200px\" \/><\/a>\n\t\t<\/figure>\n\t<\/div>\n\n\t<div  class=\"wpb_single_image wpb_content_element vc_align_left   left\">\n\t\t\n\t\t<figure class=\"wpb_wrapper vc_figure\">\n\t\t\t<a href=\"https:\/\/heuer-cup.eu\/?Sponsoren_und_Partner___Dewald_Stahlhandel\" target=\"_self\" class=\"vc_single_image-wrapper   vc_box_border_grey\"><img width=\"230\" height=\"70\" src=\"https:\/\/heuer-cup.de\/wp-content\/uploads\/2019\/08\/Logo-dewalt-Slider.jpg\" class=\"vc_single_image-img attachment-full\" alt=\"\" loading=\"lazy\" sizes=\"(max-width: 768px) 92vw, (max-width: 992px) 970px, (max-width: 1200px) 1170px, 1200px\" \/><\/a>\n\t\t<\/figure>\n\t<\/div>\n\n\t<div  class=\"wpb_single_image wpb_content_element vc_align_left   left\">\n\t\t\n\t\t<figure class=\"wpb_wrapper vc_figure\">\n\t\t\t<a href=\"https:\/\/heuer-cup.de\/en\/sponsoren-und-partner\/heuer-praezisionsteile\/\" target=\"_self\" class=\"vc_single_image-wrapper   vc_box_border_grey\"><img width=\"230\" height=\"70\" src=\"https:\/\/heuer-cup.de\/wp-content\/uploads\/2019\/08\/Logo-hpt-Slider.jpg\" class=\"vc_single_image-img attachment-full\" alt=\"\" loading=\"lazy\" sizes=\"(max-width: 768px) 92vw, (max-width: 992px) 970px, (max-width: 1200px) 1170px, 1200px\" \/><\/a>\n\t\t<\/figure>\n\t<\/div>\n\n\t<div  class=\"wpb_single_image wpb_content_element vc_align_left   left\">\n\t\t\n\t\t<figure class=\"wpb_wrapper vc_figure\">\n\t\t\t<a href=\"https:\/\/heuer-cup.de\/en\/sponsoren-und-partner\/goettenmar-apartementos\/\" target=\"_self\" class=\"vc_single_image-wrapper   vc_box_border_grey\"><img width=\"230\" height=\"70\" src=\"https:\/\/heuer-cup.de\/wp-content\/uploads\/2019\/08\/Logo-goeten-Slider.jpg\" class=\"vc_single_image-img attachment-full\" alt=\"\" loading=\"lazy\" sizes=\"(max-width: 768px) 92vw, (max-width: 992px) 970px, (max-width: 1200px) 1170px, 1200px\" \/><\/a>\n\t\t<\/figure>\n\t<\/div>\n\n\t<div  class=\"wpb_single_image wpb_content_element vc_align_left   left\">\n\t\t\n\t\t<figure class=\"wpb_wrapper vc_figure\">\n\t\t\t<a href=\"https:\/\/your-first-way.com\/\" target=\"_self\" class=\"vc_single_image-wrapper   vc_box_border_grey\"><img width=\"250\" height=\"98\" src=\"https:\/\/heuer-cup.de\/wp-content\/uploads\/Sponsoren-Logos\/yfw.logo_-1.png\" class=\"vc_single_image-img attachment-full\" alt=\"\" loading=\"lazy\" sizes=\"(max-width: 768px) 92vw, (max-width: 992px) 970px, (max-width: 1200px) 1170px, 1200px\" \/><\/a>\n\t\t<\/figure>\n\t<\/div>\n\n\t<div class=\"wpb_raw_code wpb_content_element wpb_raw_html\" >\n\t\t<div class=\"wpb_wrapper\">\n\t\t\t<div style=\"clear:both;\"><\/div>\n\t\t<\/div>\n\t<\/div>\n\n\t<div class=\"wpb_text_column wpb_content_element\" >\n\t\t<div class=\"wpb_wrapper\">\n\t\t\t<p style=\"text-align: justify;\">\u201cWir werden den HEUER-Cup in der kommenden Saison weiter verbessern und ausbauen.&#8220; &#8222;F\u00fcr Sportler, Ausrichter und Zuschauer werden wir die <a href=\"https:\/\/www.wrsv.de\/olympischer-radsport\/strasse\/news\/1434-die-neue-rennserie-in-baden-wuerttemberg-heisst-heuer-cup-13-01-2018\" target=\"_blank\" rel=\"noopener noreferrer\">Rennserie<\/a> an die ver\u00e4nderten Bedingungen im Radsport anpassen und durch den integrierten Jedermann-Cup noch attraktiver gestalten,\u201d mit diesen Worten blickt Marc Benkert, der sportliche Leiter, zusammen mit uns zuversichtlich auf die Fortf\u00fchrung des HEUER-Cups im Jahr 2020. Das waren die Zielsetzungen f\u00fcr die Jahre 2020 und 2021. Corona hat vieles ver\u00e4ndert und wir mussten den Cup jetzt zum 2. Mal absagen.<\/p>\n<p style=\"text-align: justify;\">R\u00fcckblick:<br \/>\nIn 2018 gingen die Elite ABC, die Senioren- und Nachwuchsklassen bei sieben Etappen an den Start, w\u00e4hrend die Frauenklasse und die C-Klasse der \u201e1000km von Baden-W\u00fcrttemberg\u201c acht Etappen bestritten. F\u00fcr das Jahr 2019 planen wir mehr Austragungsorte, l\u00e4ngere Rennstrecken und neue anspruchsvolle Kurse sowie eine separat gewertete Krit-Challenge, um die Attraktivit\u00e4t der Rennserie f\u00fcr Sportler und Ausrichter weiter zu steigern.<\/p>\n<p style=\"text-align: justify;\">Alle beliebten Rennklassiker aus dem letzten Jahr sind auch 2019 wieder im HEUER-Cup mit dabei. Am Ostermontag steht das Rennen \u201cRund um Sch\u00f6naich\u201d auf dem Programm. Gefahren werden hier ca. 140 H\u00f6henmeter auf einem 9 km langen Rundkurs, vorbei an Breitenstein und Neuweiler. Start- und Ziellinie des Rennens liegen in der Wettgasse, die sich in der Ortsmitte von Sch\u00f6naich befindet. In Ellmendingen erwartet die Sportler dann das Traditionsrennen \u201cRund um Keltern\u201d, dessen Start- und Ziellinie sich an der sch\u00f6nen, rustikalen Winzerhalle befindet. Auch das Konstanzer City-Radrennen auf der Laube mit seinem schnellen Kriterium ist vom Veranstaltugskalender nicht mehr wegzudenken.\u00a0Zudem bildet auch die 2km lange Rennstrecke in Plattenhard wieder einen der H\u00f6hepunkte des HEUER-Cups. Ein steiler Anstieg vor der Start- und Zielline m\u00fcndet in eine schnelle Abfahrt, bei der die Sportler Geschwindigkeiten von \u00fcber 65 km\/h erreichen. Bei dieser Strecke werden nicht nur Durchhalteverm\u00f6gen und Kondition, sondern auch das fahrerische Geschick der Sportler gefordert. Am Pfingstsonntag l\u00e4dt der Radsportverein Schwenningen erneut zum \u201cGro\u00dfen Volvo-Preis\u201d ein: das \u00fcber die Landesgrenzen hinaus bekannte Radrennen mit einem 6,5 km langen Rundkurs. Schnelle taktische Rennen verspricht auch wieder der flache Rundkurs auf den breiten Stra\u00dfen von Reute im Breisgau, die vor allem in der Seniorenklasse Begeisterung weckten.<\/p>\n<p style=\"text-align: justify;\">Die R\u00fcckmeldungen von Sportlern, Ausrichtern und Verb\u00e4nden haben uns motiviert in diesem Jahr eine Kriterium-Serie zu veranstalten. Die HEUER Krit-Challenge wird mit dem Abendkriterium in Deisslingen er\u00f6ffnet. Wir freuen uns dieses Jahr auf neue Herausforderungen in Geisingen, M\u00f6nchweiler und Freiburg-Ebringen.<\/p>\n<p style=\"text-align: justify;\">Die diesj\u00e4hrige\u00a0Baden-W\u00fcrttemberge Landesmeisterschaft auf der Stra\u00dfe in M\u00fcnsingen wird innerhalb des HEUER-Cup gewertet. Biberach, als Ausrichter der deutsche Nachwuchsmeisterschaft 2018 wird in diesem Jahr sein anspruchsvolles Rundsteckenrennen innerhalb des HEUER-Cup ausrichten. In Ilsfeld, Austragungsort der Rad-Bundesliga werden f\u00fcr die Amateure und die Elite-Amateure 2 Rennen angeboten.<\/p>\n<p style=\"text-align: justify;\">Insgesamt verspricht der Veranstaltungskalender eine spannede Saison.<\/p>\n<p style=\"text-align: justify;\">Euer Team von\u00a0<a href=\"https:\/\/www.heuer-radsport.de\/\" target=\"_blank\" rel=\"noopener noreferrer\">Heuer Radsport<\/a><\/p>\n\n\t\t<\/div>\n\t<\/div>\n<\/div><\/div><\/div><div class=\"wpb_column vc_column_container vc_col-sm-3\"><div class=\"vc_column-inner\"><div class=\"wpb_wrapper\"><div  class=\"wpb_widgetised_column wpb_content_element\">\n\t\t<div class=\"wpb_wrapper\">\n\t\t\t\n\t\t\t<section id=\"easy_sidebar_menu_widget-2\" class=\"widget widget_easy_sidebar_menu_widget\"><h3 class=\"widget-title\" itemprop=\"name\">Auf einen Blick!<\/h3><div class=\"menu-heuer-cup-container\"><ul id=\"menu-heuer-cup\" class=\"menu\"><li id='menu-item-5559'  class=\"menu-item menu-item-type-post_type menu-item-object-page menu-item-home\"><span class='link__wrap'><a  href=\"https:\/\/heuer-cup.de\/en\/\" class=\"easy-sidebar-menu-widget-link\">HEUER-Cup<\/a> <\/span><\/li>\n<li id='menu-item-4475'  class=\"menu-item menu-item-type-post_type menu-item-object-page\"><span class='link__wrap'><a  href=\"https:\/\/heuer-cup.de\/en\/generalausschreibung-2020\/\" class=\"easy-sidebar-menu-widget-link\">Generalausschreibung 2020<\/a> <\/span><\/li>\n<li id='menu-item-5577'  class=\"menu-item menu-item-type-post_type menu-item-object-page\"><span class='link__wrap'><a  title=\"https:\/\/heuer-cup.de\/etappen-2019\/\" href=\"https:\/\/heuer-cup.de\/en\/etappen-2020\/\" class=\"easy-sidebar-menu-widget-link\">Etappen 2020<\/a> <\/span><\/li>\n<li id='menu-item-4483'  class=\"menu-item menu-item-type-custom menu-item-object-custom\"><span class='link__wrap'><a  href=\"https:\/\/heuer-cup.de\/en\/kritchallenge\/\" class=\"easy-sidebar-menu-widget-link\">Krit Challange<\/a> <\/span><\/li>\n<li id='menu-item-4672'  class=\"menu-item menu-item-type-post_type menu-item-object-page\"><span class='link__wrap'><a  href=\"https:\/\/heuer-cup.de\/en\/startlisten\/\" class=\"easy-sidebar-menu-widget-link\">Startlisten<\/a> <\/span><\/li>\n<li id='menu-item-4520'  class=\"menu-item menu-item-type-custom menu-item-object-custom\"><span class='link__wrap'><a  href=\"https:\/\/heuer-cup.de\/en\/ergebnisse-im-heuer-cup\/\" class=\"easy-sidebar-menu-widget-link\">Ergebnisse<\/a> <\/span><\/li>\n<li id='menu-item-4539'  class=\"menu-item menu-item-type-custom menu-item-object-custom menu-item-has-children\"><span class='link__wrap'><a  href=\"https:\/\/heuer-cup.de\/en\/sponsoren-und-partner\/\" class=\"easy-sidebar-menu-widget-link\">Sponsoren und Partner<\/a> <a href=\"#\" class=\"easy-sidebar-menu-widget-toggler\"><i><\/i><\/a><\/span>\n<ul class=\"sub-menu\">\n<li id='menu-item-4541'  class=\"menu-item menu-item-type-custom menu-item-object-custom\"><span class='link__wrap'><a  href=\"https:\/\/heuer-cup.de\/en\/sponsoren-und-partner\/e-vita\/\" class=\"easy-sidebar-menu-widget-link\">E.Vita<\/a> <\/span><\/li>\n<li id='menu-item-4548'  class=\"menu-item menu-item-type-custom menu-item-object-custom\"><span class='link__wrap'><a  href=\"https:\/\/heuer-radsport.de\" class=\"easy-sidebar-menu-widget-link\">HEUER Radsport<\/a> <\/span><\/li>\n<li id='menu-item-4540'  class=\"menu-item menu-item-type-custom menu-item-object-custom\"><span class='link__wrap'><a  href=\"https:\/\/heuer-cup.de\/en\/sponsoren-und-partner\/dewald-stahlhandel\/\" class=\"easy-sidebar-menu-widget-link\">Dewald Stahlhandel<\/a> <\/span><\/li>\n<li id='menu-item-4544'  class=\"menu-item menu-item-type-custom menu-item-object-custom\"><span class='link__wrap'><a  href=\"https:\/\/heuer-cup.de\/en\/sponsoren-und-partner\/kaha-plast-technische-kunststoffe\/\" class=\"easy-sidebar-menu-widget-link\">KaHa Plast &#8211; Technische Kunststoffe<\/a> <\/span><\/li>\n<li id='menu-item-4547'  class=\"menu-item menu-item-type-custom menu-item-object-custom\"><span class='link__wrap'><a  href=\"https:\/\/heuer-cup.de\/en\/sponsoren-und-partner\/schmidt-fuchs\/\" class=\"easy-sidebar-menu-widget-link\">Schmidt &#038; Fuchs<\/a> <\/span><\/li>\n<li id='menu-item-4543'  class=\"menu-item menu-item-type-custom menu-item-object-custom\"><span class='link__wrap'><a  href=\"https:\/\/heuer-cup.de\/en\/sponsoren-und-partner\/heuer-praezisionsteile\/\" class=\"easy-sidebar-menu-widget-link\">Heuer Pr\u00e4zisionsteile<\/a> <\/span><\/li>\n<li id='menu-item-4542'  class=\"menu-item menu-item-type-custom menu-item-object-custom\"><span class='link__wrap'><a  href=\"https:\/\/heuer-cup.de\/en\/sponsoren-und-partner\/goettenmar-apartementos\/\" class=\"easy-sidebar-menu-widget-link\">GoettenMar Apartementos<\/a> <\/span><\/li>\n<li id='menu-item-4545'  class=\"menu-item menu-item-type-custom menu-item-object-custom menu-item-has-children\"><span class='link__wrap'><a  href=\"https:\/\/heuer-cup.de\/en\/sponsoren-und-partner\/partner\/\" class=\"easy-sidebar-menu-widget-link\">Partner<\/a> <a href=\"#\" class=\"easy-sidebar-menu-widget-toggler\"><i><\/i><\/a><\/span>\n\t<ul class=\"sub-menu\">\n<li id='menu-item-4546'  class=\"menu-item menu-item-type-custom menu-item-object-custom\"><span class='link__wrap'><a  href=\"https:\/\/heuer-cup.de\/en\/sponsoren-und-partner\/partner\/ingo-waldschmidt\/\" class=\"easy-sidebar-menu-widget-link\">Ingo Waldschmitt<\/a> <\/span><\/li>\n<li id='menu-item-4549'  class=\"menu-item menu-item-type-custom menu-item-object-custom\"><span class='link__wrap'><a  href=\"https:\/\/heuer-cup.de\/en\/sponsoren-und-partner\/yfw\/\" class=\"easy-sidebar-menu-widget-link\">Your First Way<\/a> <\/span><\/li>\n\t<\/ul>\n<\/li>\n<\/ul>\n<\/li>\n<li id='menu-item-4537'  class=\"menu-item menu-item-type-custom menu-item-object-custom menu-item-has-children\"><span class='link__wrap'><a  href=\"https:\/\/heuer-cup.de\/en\/bildergalerie\/\" class=\"easy-sidebar-menu-widget-link\">Bildergalerie<\/a> <a href=\"#\" class=\"easy-sidebar-menu-widget-toggler\"><i><\/i><\/a><\/span>\n<ul class=\"sub-menu\">\n<li id='menu-item-4538'  class=\"menu-item menu-item-type-custom menu-item-object-custom\"><span class='link__wrap'><a  href=\"https:\/\/heuer-cup.de\/en\/bildergalerie\/schoenaich-2019\/\" class=\"easy-sidebar-menu-widget-link\">Sch\u00f6naich 2019<\/a> <\/span><\/li>\n<\/ul>\n<\/li>\n<li id='menu-item-4493'  class=\"menu-item menu-item-type-custom menu-item-object-custom menu-item-has-children\"><span class='link__wrap'><a  href=\"https:\/\/heuer-cup.de\/en\/etappen-2019\/\" class=\"easy-sidebar-menu-widget-link\">das war unser 2019<\/a> <a href=\"#\" class=\"easy-sidebar-menu-widget-toggler\"><i><\/i><\/a><\/span>\n<ul class=\"sub-menu\">\n<li id='menu-item-5649'  class=\"menu-item menu-item-type-post_type menu-item-object-page menu-item-has-children\"><span class='link__wrap'><a  href=\"https:\/\/heuer-cup.de\/en\/generalausschreibung\/\" class=\"easy-sidebar-menu-widget-link\">Generalausschreibung 2019<\/a> <a href=\"#\" class=\"easy-sidebar-menu-widget-toggler\"><i><\/i><\/a><\/span>\n\t<ul class=\"sub-menu\">\n<li id='menu-item-4479'  class=\"menu-item menu-item-type-custom menu-item-object-custom\"><span class='link__wrap'><a  href=\"https:\/\/heuer-cup.de\/en\/generalausschreibung\/nachwuchsklassen\/\" class=\"easy-sidebar-menu-widget-link\">Nachwuchsklassen<\/a> <\/span><\/li>\n<li id='menu-item-4478'  class=\"menu-item menu-item-type-custom menu-item-object-custom\"><span class='link__wrap'><a  href=\"https:\/\/heuer-cup.de\/en\/generalausschreibung\/frauen\/\" class=\"easy-sidebar-menu-widget-link\">Frauen<\/a> <\/span><\/li>\n<li id='menu-item-4476'  class=\"menu-item menu-item-type-custom menu-item-object-custom\"><span class='link__wrap'><a  href=\"https:\/\/heuer-cup.de\/en\/generalausschreibung\/amateure\/\" class=\"easy-sidebar-menu-widget-link\">Amateure<\/a> <\/span><\/li>\n<li id='menu-item-4477'  class=\"menu-item menu-item-type-custom menu-item-object-custom\"><span class='link__wrap'><a  href=\"https:\/\/heuer-cup.de\/en\/generalausschreibung\/eliteamateure\/\" class=\"easy-sidebar-menu-widget-link\">Eliteamateure<\/a> <\/span><\/li>\n<li id='menu-item-4480'  class=\"menu-item menu-item-type-custom menu-item-object-custom\"><span class='link__wrap'><a  href=\"https:\/\/heuer-cup.de\/en\/generalausschreibung\/senioren\/\" class=\"easy-sidebar-menu-widget-link\">Senioren<\/a> <\/span><\/li>\n\t<\/ul>\n<\/li>\n<li id='menu-item-4494'  class=\"menu-item menu-item-type-custom menu-item-object-custom menu-item-has-children\"><span class='link__wrap'><a  href=\"https:\/\/heuer-cup.de\/en\/etappen-2019\/rund-um-schoenaich\/\" class=\"easy-sidebar-menu-widget-link\">Rund um Sch\u00f6naich<\/a> <a href=\"#\" class=\"easy-sidebar-menu-widget-toggler\"><i><\/i><\/a><\/span>\n\t<ul class=\"sub-menu\">\n<li id='menu-item-4495'  class=\"menu-item menu-item-type-custom menu-item-object-custom\"><span class='link__wrap'><a  href=\"https:\/\/heuer-cup.de\/en\/etappen-2019\/rund-um-schoenaich\/rsc-schoenaich\/\" class=\"easy-sidebar-menu-widget-link\">RSC Sch\u00f6naich<\/a> <\/span><\/li>\n<li id='menu-item-4496'  class=\"menu-item menu-item-type-custom menu-item-object-custom\"><span class='link__wrap'><a  href=\"https:\/\/heuer-cup.de\/en\/etappen-2019\/rund-um-schoenaich\/sponsoren-von-schoenaich\/\" class=\"easy-sidebar-menu-widget-link\">Sponsoren von Sch\u00f6naich<\/a> <\/span><\/li>\n<li id='menu-item-4497'  class=\"menu-item menu-item-type-custom menu-item-object-custom\"><span class='link__wrap'><a  href=\"https:\/\/heuer-cup.de\/en\/etappen-2019\/rund-um-schoenaich\/strecke\/\" class=\"easy-sidebar-menu-widget-link\">Strecke<\/a> <\/span><\/li>\n\t<\/ul>\n<\/li>\n<li id='menu-item-4498'  class=\"menu-item menu-item-type-custom menu-item-object-custom menu-item-has-children\"><span class='link__wrap'><a  href=\"https:\/\/heuer-cup.de\/en\/etappen-2019\/muensingen\/\" class=\"easy-sidebar-menu-widget-link\">M\u00fcnsingen<\/a> <a href=\"#\" class=\"easy-sidebar-menu-widget-toggler\"><i><\/i><\/a><\/span>\n\t<ul class=\"sub-menu\">\n<li id='menu-item-4499'  class=\"menu-item menu-item-type-custom menu-item-object-custom\"><span class='link__wrap'><a  href=\"https:\/\/heuer-cup.de\/en\/etappen-2019\/muensingen\/strecke\/\" class=\"easy-sidebar-menu-widget-link\">Strecke<\/a> <\/span><\/li>\n<li id='menu-item-4500'  class=\"menu-item menu-item-type-custom menu-item-object-custom\"><span class='link__wrap'><a  href=\"https:\/\/heuer-cup.de\/en\/etappen-2019\/muensingen\/startlisten\/\" class=\"easy-sidebar-menu-widget-link\">Startlisten<\/a> <\/span><\/li>\n<li id='menu-item-4501'  class=\"menu-item menu-item-type-custom menu-item-object-custom\"><span class='link__wrap'><a  href=\"https:\/\/heuer-cup.de\/en\/etappen-2019\/muensingen\/zuschauer\/\" class=\"easy-sidebar-menu-widget-link\">Zuschauer<\/a> <\/span><\/li>\n\t<\/ul>\n<\/li>\n<li id='menu-item-4502'  class=\"menu-item menu-item-type-custom menu-item-object-custom menu-item-has-children\"><span class='link__wrap'><a  href=\"https:\/\/heuer-cup.de\/en\/etappen-2019\/ellmendingen-rund-um-keltern\/\" class=\"easy-sidebar-menu-widget-link\">Ellmendingen &#8211; Rund um Keltern<\/a> <a href=\"#\" class=\"easy-sidebar-menu-widget-toggler\"><i><\/i><\/a><\/span>\n\t<ul class=\"sub-menu\">\n<li id='menu-item-4503'  class=\"menu-item menu-item-type-custom menu-item-object-custom\"><span class='link__wrap'><a  href=\"https:\/\/heuer-cup.de\/en\/etappen-2019\/ellmendingen-rund-um-keltern\/strecke\/\" class=\"easy-sidebar-menu-widget-link\">Strecke<\/a> <\/span><\/li>\n<li id='menu-item-4504'  class=\"menu-item menu-item-type-custom menu-item-object-custom\"><span class='link__wrap'><a  href=\"https:\/\/heuer-cup.de\/en\/etappen-2019\/ellmendingen-rund-um-keltern\/aufschwung\/\" class=\"easy-sidebar-menu-widget-link\">Aufschwung<\/a> <\/span><\/li>\n\t<\/ul>\n<\/li>\n<li id='menu-item-4505'  class=\"menu-item menu-item-type-custom menu-item-object-custom menu-item-has-children\"><span class='link__wrap'><a  href=\"https:\/\/heuer-cup.de\/en\/etappen-2019\/41-konstanzer-city-radrennen\/\" class=\"easy-sidebar-menu-widget-link\">41. Konstanzer City Radrennen<\/a> <a href=\"#\" class=\"easy-sidebar-menu-widget-toggler\"><i><\/i><\/a><\/span>\n\t<ul class=\"sub-menu\">\n<li id='menu-item-4506'  class=\"menu-item menu-item-type-custom menu-item-object-custom\"><span class='link__wrap'><a  href=\"https:\/\/heuer-cup.de\/en\/etappen-2019\/41-konstanzer-city-radrennen\/strecke\/\" class=\"easy-sidebar-menu-widget-link\">Strecke<\/a> <\/span><\/li>\n<li id='menu-item-4507'  class=\"menu-item menu-item-type-custom menu-item-object-custom\"><span class='link__wrap'><a  href=\"https:\/\/heuer-cup.de\/en\/etappen-2019\/41-konstanzer-city-radrennen\/image-des-vmc-konstanz\/\" class=\"easy-sidebar-menu-widget-link\">Image des VMC Konstanz<\/a> <\/span><\/li>\n\t<\/ul>\n<\/li>\n<li id='menu-item-4508'  class=\"menu-item menu-item-type-custom menu-item-object-custom menu-item-has-children\"><span class='link__wrap'><a  href=\"https:\/\/heuer-cup.de\/en\/etappen-2019\/rv-pfeil-plattenhardt\/\" class=\"easy-sidebar-menu-widget-link\">RV Pfeil Plattenhardt<\/a> <a href=\"#\" class=\"easy-sidebar-menu-widget-toggler\"><i><\/i><\/a><\/span>\n\t<ul class=\"sub-menu\">\n<li id='menu-item-4509'  class=\"menu-item menu-item-type-custom menu-item-object-custom\"><span class='link__wrap'><a  href=\"https:\/\/heuer-cup.de\/en\/etappen-2019\/rv-pfeil-plattenhardt\/strecke\/\" class=\"easy-sidebar-menu-widget-link\">Strecke<\/a> <\/span><\/li>\n\t<\/ul>\n<\/li>\n<li id='menu-item-4510'  class=\"menu-item menu-item-type-custom menu-item-object-custom menu-item-has-children\"><span class='link__wrap'><a  href=\"https:\/\/heuer-cup.de\/en\/etappen-2019\/biberach\/\" class=\"easy-sidebar-menu-widget-link\">Biberach<\/a> <a href=\"#\" class=\"easy-sidebar-menu-widget-toggler\"><i><\/i><\/a><\/span>\n\t<ul class=\"sub-menu\">\n<li id='menu-item-4511'  class=\"menu-item menu-item-type-custom menu-item-object-custom\"><span class='link__wrap'><a  href=\"https:\/\/heuer-cup.de\/en\/etappen-2019\/biberach\/preis-grancafe-rino\/\" class=\"easy-sidebar-menu-widget-link\">Preis Grancafe Rino<\/a> <\/span><\/li>\n<li id='menu-item-4512'  class=\"menu-item menu-item-type-custom menu-item-object-custom\"><span class='link__wrap'><a  href=\"https:\/\/heuer-cup.de\/en\/etappen-2019\/biberach\/strecke\/\" class=\"easy-sidebar-menu-widget-link\">Strecke<\/a> <\/span><\/li>\n\t<\/ul>\n<\/li>\n<li id='menu-item-4513'  class=\"menu-item menu-item-type-custom menu-item-object-custom menu-item-has-children\"><span class='link__wrap'><a  href=\"https:\/\/heuer-cup.de\/en\/etappen-2019\/ilsfeld-auenstein\/\" class=\"easy-sidebar-menu-widget-link\">Ilsfeld &#8211; Auenstein<\/a> <a href=\"#\" class=\"easy-sidebar-menu-widget-toggler\"><i><\/i><\/a><\/span>\n\t<ul class=\"sub-menu\">\n<li id='menu-item-4514'  class=\"menu-item menu-item-type-custom menu-item-object-custom\"><span class='link__wrap'><a  href=\"https:\/\/heuer-cup.de\/en\/etappen-2019\/ilsfeld-auenstein\/strecke\/\" class=\"easy-sidebar-menu-widget-link\">Strecke<\/a> <\/span><\/li>\n\t<\/ul>\n<\/li>\n<li id='menu-item-4515'  class=\"menu-item menu-item-type-custom menu-item-object-custom menu-item-has-children\"><span class='link__wrap'><a  href=\"https:\/\/heuer-cup.de\/en\/etappen-2019\/krit-challenge\/\" class=\"easy-sidebar-menu-widget-link\">Krit-Challenge<\/a> <a href=\"#\" class=\"easy-sidebar-menu-widget-toggler\"><i><\/i><\/a><\/span>\n\t<ul class=\"sub-menu\">\n<li id='menu-item-4482'  class=\"menu-item menu-item-type-custom menu-item-object-custom\"><span class='link__wrap'><a  href=\"https:\/\/heuer-cup.de\/en\/kritchallenge\/ausschreibung\/\" class=\"easy-sidebar-menu-widget-link\">Ausschreibung<\/a> <\/span><\/li>\n<li id='menu-item-4485'  class=\"menu-item menu-item-type-custom menu-item-object-custom menu-item-has-children\"><span class='link__wrap'><a  href=\"https:\/\/heuer-cup.de\/en\/kritchallenge\/deisslingen-1-etappe\/\" class=\"easy-sidebar-menu-widget-link\">Dei\u00dflingen &#8211; 1. Etappe<\/a> <a href=\"#\" class=\"easy-sidebar-menu-widget-toggler\"><i><\/i><\/a><\/span>\n\t\t<ul class=\"sub-menu\">\n<li id='menu-item-4486'  class=\"menu-item menu-item-type-custom menu-item-object-custom\"><span class='link__wrap'><a  href=\"https:\/\/heuer-cup.de\/en\/kritchallenge\/deisslingen-1-etappe\/image-des-vereins\/\" class=\"easy-sidebar-menu-widget-link\">Image des Vereins<\/a> <\/span><\/li>\n<li id='menu-item-4487'  class=\"menu-item menu-item-type-custom menu-item-object-custom\"><span class='link__wrap'><a  href=\"https:\/\/heuer-cup.de\/en\/kritchallenge\/deisslingen-1-etappe\/strecke\/\" class=\"easy-sidebar-menu-widget-link\">Strecke<\/a> <\/span><\/li>\n\t\t<\/ul>\n<\/li>\n<li id='menu-item-4488'  class=\"menu-item menu-item-type-custom menu-item-object-custom menu-item-has-children\"><span class='link__wrap'><a  href=\"https:\/\/heuer-cup.de\/en\/kritchallenge\/singen-2-etappe\/\" class=\"easy-sidebar-menu-widget-link\">Singen &#8211; 2. Etappe<\/a> <a href=\"#\" class=\"easy-sidebar-menu-widget-toggler\"><i><\/i><\/a><\/span>\n\t\t<ul class=\"sub-menu\">\n<li id='menu-item-4489'  class=\"menu-item menu-item-type-custom menu-item-object-custom\"><span class='link__wrap'><a  href=\"https:\/\/heuer-cup.de\/en\/kritchallenge\/singen-2-etappe\/veloclub-hohentwiel\/\" class=\"easy-sidebar-menu-widget-link\">VeloClub Hohentwiel<\/a> <\/span><\/li>\n\t\t<\/ul>\n<\/li>\n<li id='menu-item-4490'  class=\"menu-item menu-item-type-custom menu-item-object-custom menu-item-has-children\"><span class='link__wrap'><a  href=\"https:\/\/heuer-cup.de\/en\/kritchallenge\/moenchweiler-3-etappe\/\" class=\"easy-sidebar-menu-widget-link\">M\u00f6nchweiler &#8211; 3. Etappe<\/a> <a href=\"#\" class=\"easy-sidebar-menu-widget-toggler\"><i><\/i><\/a><\/span>\n\t\t<ul class=\"sub-menu\">\n<li id='menu-item-4491'  class=\"menu-item menu-item-type-custom menu-item-object-custom\"><span class='link__wrap'><a  href=\"https:\/\/heuer-cup.de\/en\/kritchallenge\/moenchweiler-3-etappe\/presse\/\" class=\"easy-sidebar-menu-widget-link\">Presse<\/a> <\/span><\/li>\n<li id='menu-item-4492'  class=\"menu-item menu-item-type-custom menu-item-object-custom\"><span class='link__wrap'><a  href=\"https:\/\/heuer-cup.de\/en\/kritchallenge\/moenchweiler-3-etappe\/strecke\/\" class=\"easy-sidebar-menu-widget-link\">Strecke<\/a> <\/span><\/li>\n\t\t<\/ul>\n<\/li>\n\t<\/ul>\n<\/li>\n<li id='menu-item-4516'  class=\"menu-item menu-item-type-custom menu-item-object-custom menu-item-has-children\"><span class='link__wrap'><a  href=\"https:\/\/heuer-cup.de\/en\/etappen-2019\/reute\/\" class=\"easy-sidebar-menu-widget-link\">Reute<\/a> <a href=\"#\" class=\"easy-sidebar-menu-widget-toggler\"><i><\/i><\/a><\/span>\n\t<ul class=\"sub-menu\">\n<li id='menu-item-4517'  class=\"menu-item menu-item-type-custom menu-item-object-custom\"><span class='link__wrap'><a  href=\"https:\/\/heuer-cup.de\/en\/etappen-2019\/reute\/image\/\" class=\"easy-sidebar-menu-widget-link\">Image<\/a> <\/span><\/li>\n<li id='menu-item-4518'  class=\"menu-item menu-item-type-custom menu-item-object-custom\"><span class='link__wrap'><a  href=\"https:\/\/heuer-cup.de\/en\/etappen-2019\/reute\/strecke\/\" class=\"easy-sidebar-menu-widget-link\">Strecke<\/a> <\/span><\/li>\n\t<\/ul>\n<\/li>\n<li id='menu-item-4519'  class=\"menu-item menu-item-type-custom menu-item-object-custom\"><span class='link__wrap'><a  href=\"https:\/\/heuer-cup.de\/en\/etappen-2019\/riderman\/\" class=\"easy-sidebar-menu-widget-link\">RiderMan<\/a> <\/span><\/li>\n<li id='menu-item-5560'  class=\"menu-item menu-item-type-post_type menu-item-object-page menu-item-has-children\"><span class='link__wrap'><a  title=\"https:\/\/heuer-cup.de\/ergebnisse-im-heuer-cup\/ergebnisse-2019\/\" href=\"https:\/\/heuer-cup.de\/en\/ergebnisse-im-heuer-cup\/ergebnisse-2019\/\" class=\"easy-sidebar-menu-widget-link\">Ergebnisse 2019<\/a> <a href=\"#\" class=\"easy-sidebar-menu-widget-toggler\"><i><\/i><\/a><\/span>\n\t<ul class=\"sub-menu\">\n<li id='menu-item-4521'  class=\"menu-item menu-item-type-custom menu-item-object-custom\"><span class='link__wrap'><a  href=\"https:\/\/heuer-cup.de\/en\/ergebnisse-im-heuer-cup\/1-etappe-rund-um-schoenaich\/\" class=\"easy-sidebar-menu-widget-link\">1. Etappe &#8211; Rund um Sch\u00f6naich<\/a> <\/span><\/li>\n<li id='menu-item-4522'  class=\"menu-item menu-item-type-custom menu-item-object-custom\"><span class='link__wrap'><a  href=\"https:\/\/heuer-cup.de\/en\/ergebnisse-im-heuer-cup\/2-etappe-muensingen\/\" class=\"easy-sidebar-menu-widget-link\">2. Etappe &#8211; M\u00fcnsingen<\/a> <\/span><\/li>\n<li id='menu-item-4523'  class=\"menu-item menu-item-type-custom menu-item-object-custom\"><span class='link__wrap'><a  href=\"https:\/\/heuer-cup.de\/en\/ergebnisse-im-heuer-cup\/3-etappe-ellmendingen\/\" class=\"easy-sidebar-menu-widget-link\">3. Etappe Ellmendingen<\/a> <\/span><\/li>\n<li id='menu-item-4524'  class=\"menu-item menu-item-type-custom menu-item-object-custom\"><span class='link__wrap'><a  href=\"https:\/\/heuer-cup.de\/en\/ergebnisse-im-heuer-cup\/4-etappe-konstanz\/\" class=\"easy-sidebar-menu-widget-link\">4. Etappe Konstanz<\/a> <\/span><\/li>\n<li id='menu-item-4525'  class=\"menu-item menu-item-type-custom menu-item-object-custom\"><span class='link__wrap'><a  href=\"https:\/\/heuer-cup.de\/en\/5-etappe-plattenhardt\/\" class=\"easy-sidebar-menu-widget-link\">5. Etappe Plattenhardt<\/a> <\/span><\/li>\n<li id='menu-item-4526'  class=\"menu-item menu-item-type-custom menu-item-object-custom\"><span class='link__wrap'><a  href=\"https:\/\/heuer-cup.de\/en\/6-etappe-ochsenhausen\/\" class=\"easy-sidebar-menu-widget-link\">6. Etappe Ochsenhausen<\/a> <\/span><\/li>\n<li id='menu-item-4527'  class=\"menu-item menu-item-type-custom menu-item-object-custom\"><span class='link__wrap'><a  href=\"https:\/\/heuer-cup.de\/en\/ergebnisse-im-heuer-cup\/7-etappe-ilsfeld-auenstein\/\" class=\"easy-sidebar-menu-widget-link\">7. Etappe Ilsfeld &#8211; Auenstein<\/a> <\/span><\/li>\n<li id='menu-item-4528'  class=\"menu-item menu-item-type-custom menu-item-object-custom\"><span class='link__wrap'><a  href=\"https:\/\/heuer-cup.de\/en\/ergebnisse-im-heuer-cup\/8-kritchallenge\/\" class=\"easy-sidebar-menu-widget-link\">8. KritChallenge<\/a> <\/span><\/li>\n<li id='menu-item-4529'  class=\"menu-item menu-item-type-custom menu-item-object-custom\"><span class='link__wrap'><a  href=\"https:\/\/heuer-cup.de\/en\/ergebnisse-im-heuer-cup\/9-reute\/\" class=\"easy-sidebar-menu-widget-link\">9. Reute<\/a> <\/span><\/li>\n<li id='menu-item-5485'  class=\"menu-item menu-item-type-custom menu-item-object-custom\"><span class='link__wrap'><a  href=\"https:\/\/heuer-cup.de\/en\/ergebnisse-im-heuer-cup\/10-riderman\/\" class=\"easy-sidebar-menu-widget-link\">10. RiderMan 2019<\/a> <\/span><\/li>\n\t<\/ul>\n<\/li>\n<li id='menu-item-4530'  class=\"menu-item menu-item-type-custom menu-item-object-custom menu-item-has-children\"><span class='link__wrap'><a  href=\"https:\/\/heuer-cup.de\/en\/teamvorstellung\/\" class=\"easy-sidebar-menu-widget-link\">Teamvorstellung<\/a> <a href=\"#\" class=\"easy-sidebar-menu-widget-toggler\"><i><\/i><\/a><\/span>\n\t<ul class=\"sub-menu\">\n<li id='menu-item-4531'  class=\"menu-item menu-item-type-custom menu-item-object-custom\"><span class='link__wrap'><a  href=\"https:\/\/heuer-cup.de\/en\/teamvorstellung\/activity-racing-team\/\" class=\"easy-sidebar-menu-widget-link\">Activity-Racing-Team<\/a> <\/span><\/li>\n<li id='menu-item-4532'  class=\"menu-item menu-item-type-custom menu-item-object-custom\"><span class='link__wrap'><a  href=\"https:\/\/heuer-cup.de\/en\/teamvorstellung\/bikebeat-racing-team\/\" class=\"easy-sidebar-menu-widget-link\">Bikebeat Racing Team<\/a> <\/span><\/li>\n<li id='menu-item-4533'  class=\"menu-item menu-item-type-custom menu-item-object-custom\"><span class='link__wrap'><a  href=\"https:\/\/heuer-cup.de\/en\/teamvorstellung\/team-albstadt\/\" class=\"easy-sidebar-menu-widget-link\">Team Albstadt<\/a> <\/span><\/li>\n<li id='menu-item-4534'  class=\"menu-item menu-item-type-custom menu-item-object-custom\"><span class='link__wrap'><a  href=\"https:\/\/heuer-cup.de\/en\/teamvorstellung\/team-baden-forchheim\/\" class=\"easy-sidebar-menu-widget-link\">Team Baden-Forchheim<\/a> <\/span><\/li>\n<li id='menu-item-4535'  class=\"menu-item menu-item-type-custom menu-item-object-custom\"><span class='link__wrap'><a  href=\"https:\/\/heuer-cup.de\/en\/teamvorstellung\/team-belle-stahlbau\/\" class=\"easy-sidebar-menu-widget-link\">Team Belle Stahlbau<\/a> <\/span><\/li>\n<li id='menu-item-4536'  class=\"menu-item menu-item-type-custom menu-item-object-custom\"><span class='link__wrap'><a  href=\"https:\/\/heuer-cup.de\/en\/teamvorstellung\/team-rsc-donaueschingen\/\" class=\"easy-sidebar-menu-widget-link\">Team RSC Donaueschingen<\/a> <\/span><\/li>\n\t<\/ul>\n<\/li>\n<\/ul>\n<\/li>\n<li id='menu-item-4550'  class=\"menu-item menu-item-type-custom menu-item-object-custom menu-item-has-children\"><span class='link__wrap'><a  href=\"https:\/\/heuer-cup.de\/en\/das-war-unser-2018\/\" class=\"easy-sidebar-menu-widget-link\">das war unser 2018<\/a> <a href=\"#\" class=\"easy-sidebar-menu-widget-toggler\"><i><\/i><\/a><\/span>\n<ul class=\"sub-menu\">\n<li id='menu-item-4691'  class=\"menu-item menu-item-type-custom menu-item-object-custom menu-item-has-children\"><span class='link__wrap'><a  href=\"https:\/\/heuer-cup.de\/en\/das-war-unser-2018\/generalausschreibung\/\" class=\"easy-sidebar-menu-widget-link\">Generalausschreibung<\/a> <a href=\"#\" class=\"easy-sidebar-menu-widget-toggler\"><i><\/i><\/a><\/span>\n\t<ul class=\"sub-menu\">\n<li id='menu-item-4692'  class=\"menu-item menu-item-type-custom menu-item-object-custom\"><span class='link__wrap'><a  href=\"https:\/\/heuer-cup.de\/en\/das-war-unser-2018\/generalausschreibung\/frauen\/\" class=\"easy-sidebar-menu-widget-link\">Frauen<\/a> <\/span><\/li>\n<li id='menu-item-4693'  class=\"menu-item menu-item-type-custom menu-item-object-custom\"><span class='link__wrap'><a  href=\"https:\/\/heuer-cup.de\/en\/das-war-unser-2018\/generalausschreibung\/maenner-abc\/\" class=\"easy-sidebar-menu-widget-link\">M\u00e4nner ABC<\/a> <\/span><\/li>\n<li id='menu-item-4694'  class=\"menu-item menu-item-type-custom menu-item-object-custom\"><span class='link__wrap'><a  href=\"https:\/\/heuer-cup.de\/en\/das-war-unser-2018\/generalausschreibung\/maenner-c-1000km\/\" class=\"easy-sidebar-menu-widget-link\">M\u00e4nner C &#8211; 1000km<\/a> <\/span><\/li>\n<li id='menu-item-4695'  class=\"menu-item menu-item-type-custom menu-item-object-custom\"><span class='link__wrap'><a  href=\"https:\/\/heuer-cup.de\/en\/das-war-unser-2018\/generalausschreibung\/nachwuchsklassen-generalausschreibung\/\" class=\"easy-sidebar-menu-widget-link\">Nachwuchsklassen<\/a> <\/span><\/li>\n<li id='menu-item-4696'  class=\"menu-item menu-item-type-custom menu-item-object-custom\"><span class='link__wrap'><a  href=\"https:\/\/heuer-cup.de\/en\/das-war-unser-2018\/generalausschreibung\/senioren\/\" class=\"easy-sidebar-menu-widget-link\">Senioren<\/a> <\/span><\/li>\n\t<\/ul>\n<\/li>\n<li id='menu-item-4681'  class=\"menu-item menu-item-type-custom menu-item-object-custom menu-item-has-children\"><span class='link__wrap'><a  href=\"https:\/\/heuer-cup.de\/en\/das-war-unser-2018\/teampraesentation\/\" class=\"easy-sidebar-menu-widget-link\">Teampr\u00e4sentation<\/a> <a href=\"#\" class=\"easy-sidebar-menu-widget-toggler\"><i><\/i><\/a><\/span>\n\t<ul class=\"sub-menu\">\n<li id='menu-item-4682'  class=\"menu-item menu-item-type-custom menu-item-object-custom\"><span class='link__wrap'><a  href=\"https:\/\/heuer-cup.de\/en\/das-war-unser-2018\/teampraesentation\/activity-racing-team\/\" class=\"easy-sidebar-menu-widget-link\">activity-racing-team<\/a> <\/span><\/li>\n<li id='menu-item-4683'  class=\"menu-item menu-item-type-custom menu-item-object-custom\"><span class='link__wrap'><a  href=\"https:\/\/heuer-cup.de\/en\/das-war-unser-2018\/teampraesentation\/regionalauswahl-team-albstadt\/\" class=\"easy-sidebar-menu-widget-link\">Regionalauswahl Team Albstadt<\/a> <\/span><\/li>\n<li id='menu-item-4684'  class=\"menu-item menu-item-type-custom menu-item-object-custom\"><span class='link__wrap'><a  href=\"https:\/\/heuer-cup.de\/en\/das-war-unser-2018\/teampraesentation\/rsc-donaueschingen\/\" class=\"easy-sidebar-menu-widget-link\">RSC Donaueschingen<\/a> <\/span><\/li>\n<li id='menu-item-4685'  class=\"menu-item menu-item-type-custom menu-item-object-custom\"><span class='link__wrap'><a  href=\"https:\/\/heuer-cup.de\/en\/das-war-unser-2018\/teampraesentation\/team-baden-forchheim\/\" class=\"easy-sidebar-menu-widget-link\">Team Baden-Forchheim<\/a> <\/span><\/li>\n<li id='menu-item-4686'  class=\"menu-item menu-item-type-custom menu-item-object-custom\"><span class='link__wrap'><a  href=\"https:\/\/heuer-cup.de\/en\/das-war-unser-2018\/teampraesentation\/team-belle-stahlbau\/\" class=\"easy-sidebar-menu-widget-link\">Team BELLE Stahlbau<\/a> <\/span><\/li>\n<li id='menu-item-4687'  class=\"menu-item menu-item-type-custom menu-item-object-custom\"><span class='link__wrap'><a  href=\"https:\/\/heuer-cup.de\/en\/das-war-unser-2018\/teampraesentation\/team-gesundshop-24\/\" class=\"easy-sidebar-menu-widget-link\">Team Gesundshop 24<\/a> <\/span><\/li>\n<li id='menu-item-4688'  class=\"menu-item menu-item-type-custom menu-item-object-custom\"><span class='link__wrap'><a  href=\"https:\/\/heuer-cup.de\/en\/das-war-unser-2018\/teampraesentation\/team-rc-villingen\/\" class=\"easy-sidebar-menu-widget-link\">Team RC Villingen<\/a> <\/span><\/li>\n<li id='menu-item-4689'  class=\"menu-item menu-item-type-custom menu-item-object-custom\"><span class='link__wrap'><a  href=\"https:\/\/heuer-cup.de\/en\/das-war-unser-2018\/teampraesentation\/team-sigloch-rsg-heilbronn\/\" class=\"easy-sidebar-menu-widget-link\">Team Sigloch &#8211; RSG Heilbronn<\/a> <\/span><\/li>\n<li id='menu-item-4690'  class=\"menu-item menu-item-type-custom menu-item-object-custom\"><span class='link__wrap'><a  href=\"https:\/\/heuer-cup.de\/en\/das-war-unser-2018\/teampraesentation\/team-zweirad-joos-sc-onstmettingen\/\" class=\"easy-sidebar-menu-widget-link\">Team Zweirad Joos\/SC Onstmettingen<\/a> <\/span><\/li>\n\t<\/ul>\n<\/li>\n<li id='menu-item-4679'  class=\"menu-item menu-item-type-custom menu-item-object-custom menu-item-has-children\"><span class='link__wrap'><a  href=\"https:\/\/heuer-cup.de\/en\/das-war-unser-2018\/rund-um-schoenaich\/\" class=\"easy-sidebar-menu-widget-link\">Rund um Sch\u00f6naich<\/a> <a href=\"#\" class=\"easy-sidebar-menu-widget-toggler\"><i><\/i><\/a><\/span>\n\t<ul class=\"sub-menu\">\n<li id='menu-item-4680'  class=\"menu-item menu-item-type-custom menu-item-object-custom\"><span class='link__wrap'><a  href=\"https:\/\/heuer-cup.de\/en\/das-war-unser-2018\/rund-um-schoenaich\/strecke\/\" class=\"easy-sidebar-menu-widget-link\">Strecke<\/a> <\/span><\/li>\n\t<\/ul>\n<\/li>\n<li id='menu-item-4560'  class=\"menu-item menu-item-type-custom menu-item-object-custom menu-item-has-children\"><span class='link__wrap'><a  href=\"https:\/\/heuer-cup.de\/en\/das-war-unser-2018\/kriterium-bruchsal\/\" class=\"easy-sidebar-menu-widget-link\">Kriterium Bruchsal<\/a> <a href=\"#\" class=\"easy-sidebar-menu-widget-toggler\"><i><\/i><\/a><\/span>\n\t<ul class=\"sub-menu\">\n<li id='menu-item-4561'  class=\"menu-item menu-item-type-custom menu-item-object-custom\"><span class='link__wrap'><a  href=\"https:\/\/heuer-cup.de\/en\/das-war-unser-2018\/kriterium-bruchsal\/strecke\/\" class=\"easy-sidebar-menu-widget-link\">Strecke<\/a> <\/span><\/li>\n\t<\/ul>\n<\/li>\n<li id='menu-item-4557'  class=\"menu-item menu-item-type-custom menu-item-object-custom menu-item-has-children\"><span class='link__wrap'><a  href=\"https:\/\/heuer-cup.de\/en\/das-war-unser-2018\/etappen-und-terminuebersicht\/\" class=\"easy-sidebar-menu-widget-link\">Ellmendingen &#8211; Rund um Keltern<\/a> <a href=\"#\" class=\"easy-sidebar-menu-widget-toggler\"><i><\/i><\/a><\/span>\n\t<ul class=\"sub-menu\">\n<li id='menu-item-4675'  class=\"menu-item menu-item-type-custom menu-item-object-custom\"><span class='link__wrap'><a  href=\"https:\/\/heuer-cup.de\/en\/das-war-unser-2018\/etappen-und-terminuebersicht\/image-des-rsv-ellmendingen\/\" class=\"easy-sidebar-menu-widget-link\">Image des RSV Ellmendingen<\/a> <\/span><\/li>\n<li id='menu-item-4559'  class=\"menu-item menu-item-type-custom menu-item-object-custom\"><span class='link__wrap'><a  href=\"https:\/\/heuer-cup.de\/en\/das-war-unser-2018\/etappen-und-terminuebersicht\/strecke\/\" class=\"easy-sidebar-menu-widget-link\">Strecke<\/a> <\/span><\/li>\n\t<\/ul>\n<\/li>\n<li id='menu-item-4555'  class=\"menu-item menu-item-type-custom menu-item-object-custom menu-item-has-children\"><span class='link__wrap'><a  href=\"https:\/\/heuer-cup.de\/en\/das-war-unser-2018\/der-grosse-volvo-preis\/\" class=\"easy-sidebar-menu-widget-link\">Der Gro\u00dfe Volvo-Preis<\/a> <a href=\"#\" class=\"easy-sidebar-menu-widget-toggler\"><i><\/i><\/a><\/span>\n\t<ul class=\"sub-menu\">\n<li id='menu-item-4556'  class=\"menu-item menu-item-type-custom menu-item-object-custom\"><span class='link__wrap'><a  href=\"https:\/\/heuer-cup.de\/en\/das-war-unser-2018\/der-grosse-volvo-preis\/strecke\/\" class=\"easy-sidebar-menu-widget-link\">Strecke<\/a> <\/span><\/li>\n\t<\/ul>\n<\/li>\n<li id='menu-item-4551'  class=\"menu-item menu-item-type-custom menu-item-object-custom menu-item-has-children\"><span class='link__wrap'><a  href=\"https:\/\/heuer-cup.de\/en\/das-war-unser-2018\/40-konstanzer-city-radrennen\/\" class=\"easy-sidebar-menu-widget-link\">40. Konstanzer City Radrennen<\/a> <a href=\"#\" class=\"easy-sidebar-menu-widget-toggler\"><i><\/i><\/a><\/span>\n\t<ul class=\"sub-menu\">\n<li id='menu-item-4552'  class=\"menu-item menu-item-type-custom menu-item-object-custom\"><span class='link__wrap'><a  href=\"https:\/\/heuer-cup.de\/en\/das-war-unser-2018\/40-konstanzer-city-radrennen\/image-des-vmc-konstanz\/\" class=\"easy-sidebar-menu-widget-link\">Image des VMC Konstanz<\/a> <\/span><\/li>\n<li id='menu-item-4553'  class=\"menu-item menu-item-type-custom menu-item-object-custom\"><span class='link__wrap'><a  href=\"https:\/\/heuer-cup.de\/en\/das-war-unser-2018\/40-konstanzer-city-radrennen\/strecke\/\" class=\"easy-sidebar-menu-widget-link\">Strecke<\/a> <\/span><\/li>\n\t<\/ul>\n<\/li>\n<li id='menu-item-4554'  class=\"menu-item menu-item-type-custom menu-item-object-custom\"><span class='link__wrap'><a  href=\"https:\/\/heuer-cup.de\/en\/das-war-unser-2018\/deisslingen-50-abendkriterium\/\" class=\"easy-sidebar-menu-widget-link\">Deisslingen &#8211; 50. Abendkriterium<\/a> <\/span><\/li>\n<li id='menu-item-4677'  class=\"menu-item menu-item-type-custom menu-item-object-custom menu-item-has-children\"><span class='link__wrap'><a  href=\"https:\/\/heuer-cup.de\/en\/das-war-unser-2018\/radrennen-in-plattenhardt\/\" class=\"easy-sidebar-menu-widget-link\">Radrennen in Plattenhardt<\/a> <a href=\"#\" class=\"easy-sidebar-menu-widget-toggler\"><i><\/i><\/a><\/span>\n\t<ul class=\"sub-menu\">\n<li id='menu-item-4678'  class=\"menu-item menu-item-type-custom menu-item-object-custom\"><span class='link__wrap'><a  href=\"https:\/\/heuer-cup.de\/en\/das-war-unser-2018\/radrennen-in-plattenhardt\/strecke\/\" class=\"easy-sidebar-menu-widget-link\">Strecke<\/a> <\/span><\/li>\n\t<\/ul>\n<\/li>\n<li id='menu-item-4562'  class=\"menu-item menu-item-type-custom menu-item-object-custom menu-item-has-children\"><span class='link__wrap'><a  href=\"https:\/\/heuer-cup.de\/en\/das-war-unser-2018\/radklassiker-des-rvc-reute\/\" class=\"easy-sidebar-menu-widget-link\">Radklassiker des RVC Reute<\/a> <a href=\"#\" class=\"easy-sidebar-menu-widget-toggler\"><i><\/i><\/a><\/span>\n\t<ul class=\"sub-menu\">\n<li id='menu-item-4563'  class=\"menu-item menu-item-type-custom menu-item-object-custom\"><span class='link__wrap'><a  href=\"https:\/\/heuer-cup.de\/en\/das-war-unser-2018\/radklassiker-des-rvc-reute\/image-des-rvc-reute\/\" class=\"easy-sidebar-menu-widget-link\">Image des RVC Reute<\/a> <\/span><\/li>\n<li id='menu-item-4564'  class=\"menu-item menu-item-type-custom menu-item-object-custom\"><span class='link__wrap'><a  href=\"https:\/\/heuer-cup.de\/en\/das-war-unser-2018\/radklassiker-des-rvc-reute\/strecke\/\" class=\"easy-sidebar-menu-widget-link\">Strecke<\/a> <\/span><\/li>\n\t<\/ul>\n<\/li>\n<li id='menu-item-4565'  class=\"menu-item menu-item-type-custom menu-item-object-custom menu-item-has-children\"><span class='link__wrap'><a  href=\"https:\/\/heuer-cup.de\/en\/das-war-unser-2018\/radrennen-in-backnang\/\" class=\"easy-sidebar-menu-widget-link\">Radrennen in Backnang<\/a> <a href=\"#\" class=\"easy-sidebar-menu-widget-toggler\"><i><\/i><\/a><\/span>\n\t<ul class=\"sub-menu\">\n<li id='menu-item-4566'  class=\"menu-item menu-item-type-custom menu-item-object-custom\"><span class='link__wrap'><a  href=\"https:\/\/heuer-cup.de\/en\/das-war-unser-2018\/radrennen-in-backnang\/image-des-tsv-schmiden\/\" class=\"easy-sidebar-menu-widget-link\">Image des TSV Schmiden<\/a> <\/span><\/li>\n<li id='menu-item-4676'  class=\"menu-item menu-item-type-custom menu-item-object-custom\"><span class='link__wrap'><a  href=\"https:\/\/heuer-cup.de\/en\/das-war-unser-2018\/radrennen-in-backnang\/strecke\/\" class=\"easy-sidebar-menu-widget-link\">Strecke<\/a> <\/span><\/li>\n\t<\/ul>\n<\/li>\n<\/ul>\n<\/li>\n<li id='menu-item-4697'  class=\"menu-item menu-item-type-custom menu-item-object-custom\"><span class='link__wrap'><a  href=\"https:\/\/heuer-cup.de\/en\/downloads\/\" class=\"easy-sidebar-menu-widget-link\">Downloads<\/a> <\/span><\/li>\n<\/ul><\/div><\/section><section id=\"custom_html-2\" class=\"widget_text widget widget_custom_html\"><div class=\"textwidget custom-html-widget\"><div style=\"margin-top:32px;\">\r\n\r\n<\/div><\/div><\/section><section id=\"text-7\" class=\"widget widget_text\"><h3 class=\"widget-title\" itemprop=\"name\">Ausrichter 2018<\/h3>\t\t\t<div class=\"textwidget\"><img title=\"Sch\u00f6naich\" src=\"https:\/\/heuer-cup.de\/wp-content\/uploads\/diveres\/Logo-konstanz.jpg\" \/><img src=\"https:\/\/heuer-cup.de\/wp-content\/uploads\/diveres\/Logo-schwenningen.jpg\" \/>\u00a0\u00a0\u00a0<img src=\"https:\/\/heuer-cup.de\/wp-content\/uploads\/diveres\/Logo-Deislingen.jpg\" \/>\r\n\r\n<img style=\"margin-top: 5px;\" title=\"Schwenningen\" src=\"https:\/\/heuer-cup.de\/wp-content\/uploads\/diveres\/Logo-Sch\u00f6naich.jpg\" \/> <img style=\"margin-top: 5px;\" src=\"https:\/\/heuer-cup.de\/wp-content\/uploads\/diveres\/Logo-schwalbe.jpg\" \/> <img style=\"margin-top: 5px;\" src=\"https:\/\/heuer-cup.de\/wp-content\/uploads\/diveres\/Logo-Bruchsal.jpg\" \/>\r\n\r\n<img loading=\"lazy\" title=\"Plattenhardt\" src=\"https:\/\/heuer-cup.eu\/userfiles\/images\/Vereine\/Plattenhardt\/RV%20Plattenhardt%20Logo.png\" alt=\"\" width=\"49\" height=\"54\" \/>\u00a0\u00a0 \u00a0 \u00a0 \u00a0\u00a0<img loading=\"lazy\" title=\"Reute\" src=\"https:\/\/heuer-cup.eu\/userfiles\/images\/Vereine\/Reute\/Vereinswappen.png\" alt=\"\" width=\"62\" height=\"60\" \/>\u00a0\u00a0\u00a0\u00a0<img loading=\"lazy\" src=\"https:\/\/heuer-cup.eu\/userfiles\/images\/Vereine\/Backnang\/TSV-Schmiden%20Logo.png\" alt=\"\" width=\"65\" height=\"53\" \/><\/div>\n\t\t<\/section><section id=\"tz_recent_posts-2\" class=\"widget widget_tz_recent_posts\"><h3 class=\"widget-title\" itemprop=\"name\">Top News<\/h3><ul class=\"posts-list\">\r\n\t\t\t\t<li>\r\n\t\t\t\t\t\t\t\t\t\t<div class=\"thumb-wrapper\">\r\n\t\t\t\t\t\t<a rel=\"bookmark\" href=\"https:\/\/heuer-cup.de\/en\/jedermanntermine\/\" title=\"Click to learn more about Jedermanntermine\">\r\n\t\t\t\t\t\t\t<img width=\"112\" height=\"60\" src=\"https:\/\/heuer-cup.de\/wp-content\/uploads\/2020\/02\/jedermanntermine.jpg\" class=\"attachment-thumbnail size-thumbnail wp-post-image\" alt=\"Jedermanntermine\" loading=\"lazy\" \/>\t\t\t\t\t\t<\/a>\r\n\t\t\t\t\t<\/div>\r\n\t\t\t\t\t\r\n\t\t\t\t\t<div class=\"content-wrapper\">\r\n\t\t\t\t\t\t<h4>\r\n\t\t\t\t\t\t\t<a href=\"https:\/\/heuer-cup.de\/en\/jedermanntermine\/\" rel=\"bookmark\" title=\"Click to learn more about Jedermanntermine\">Jedermanntermine<\/a>\r\n\t\t\t\t\t\t<\/h4>\r\n\r\n\t\t\t\t\t\t\r\n\t\t\t\t\t\t\t\t\t\t\t\t<div class=\"recent-posts-entry-content\">\r\n\t\t\t\t\t\t\t<p>Jedermanntermine stehen &#8211; wir haben unsere Jedermannrennen in den Kalender <\/p>\n\t\t\t\t\t\t<\/div>\r\n\t\t\t\t\t\t\r\n\t\t\t\t\t<\/div>\r\n\t\t\t\t<\/li>\r\n\t\t\t\r\n\t\t\t\t<li>\r\n\t\t\t\t\t\t\t\t\t\t<div class=\"thumb-wrapper\">\r\n\t\t\t\t\t\t<a rel=\"bookmark\" href=\"https:\/\/heuer-cup.de\/en\/ausrichtertagung-2020\/\" title=\"Click to learn more about Ausrichtertagung 2020\">\r\n\t\t\t\t\t\t\t<img width=\"150\" height=\"150\" src=\"https:\/\/heuer-cup.de\/wp-content\/uploads\/2020\/02\/Ausrichtersitzung-2020-1-150x150.jpg\" class=\"attachment-thumbnail size-thumbnail wp-post-image\" alt=\"Ausrichtersitzung 2020 in Magstadt\" loading=\"lazy\" srcset=\"https:\/\/heuer-cup.de\/wp-content\/uploads\/2020\/02\/Ausrichtersitzung-2020-1-150x150.jpg 150w, https:\/\/heuer-cup.de\/wp-content\/uploads\/2020\/02\/Ausrichtersitzung-2020-1-300x300.jpg 300w, https:\/\/heuer-cup.de\/wp-content\/uploads\/2020\/02\/Ausrichtersitzung-2020-1-100x100.jpg 100w\" sizes=\"(max-width: 150px) 92vw, 150px\" \/>\t\t\t\t\t\t<\/a>\r\n\t\t\t\t\t<\/div>\r\n\t\t\t\t\t\r\n\t\t\t\t\t<div class=\"content-wrapper\">\r\n\t\t\t\t\t\t<h4>\r\n\t\t\t\t\t\t\t<a href=\"https:\/\/heuer-cup.de\/en\/ausrichtertagung-2020\/\" rel=\"bookmark\" title=\"Click to learn more about Ausrichtertagung 2020\">Ausrichtertagung 2020<\/a>\r\n\t\t\t\t\t\t<\/h4>\r\n\r\n\t\t\t\t\t\t\r\n\t\t\t\t\t\t\t\t\t\t\t\t<div class=\"recent-posts-entry-content\">\r\n\t\t\t\t\t\t\t<p>Mit der Ausrichtertagung 2020 zum HEUER-Cup waren wir am 8. <\/p>\n\t\t\t\t\t\t<\/div>\r\n\t\t\t\t\t\t\r\n\t\t\t\t\t<\/div>\r\n\t\t\t\t<\/li>\r\n\t\t\t\r\n\t\t\t\t<li>\r\n\t\t\t\t\t\t\t\t\t\t<div class=\"thumb-wrapper\">\r\n\t\t\t\t\t\t<a rel=\"bookmark\" href=\"https:\/\/heuer-cup.de\/en\/radrennen-notzingen\/\" title=\"Click to learn more about Radrennen Notzingen\">\r\n\t\t\t\t\t\t\t<img width=\"150\" height=\"150\" src=\"https:\/\/heuer-cup.de\/wp-content\/uploads\/Galerie-Schoenaich\/HEUER-CUP_Schoenaich_2019_18-150x150.jpg\" class=\"attachment-thumbnail size-thumbnail wp-post-image\" alt=\"\" loading=\"lazy\" srcset=\"https:\/\/heuer-cup.de\/wp-content\/uploads\/Galerie-Schoenaich\/HEUER-CUP_Schoenaich_2019_18-150x150.jpg 150w, https:\/\/heuer-cup.de\/wp-content\/uploads\/Galerie-Schoenaich\/HEUER-CUP_Schoenaich_2019_18-300x300.jpg 300w, https:\/\/heuer-cup.de\/wp-content\/uploads\/Galerie-Schoenaich\/HEUER-CUP_Schoenaich_2019_18-100x100.jpg 100w\" sizes=\"(max-width: 150px) 92vw, 150px\" \/>\t\t\t\t\t\t<\/a>\r\n\t\t\t\t\t<\/div>\r\n\t\t\t\t\t\r\n\t\t\t\t\t<div class=\"content-wrapper\">\r\n\t\t\t\t\t\t<h4>\r\n\t\t\t\t\t\t\t<a href=\"https:\/\/heuer-cup.de\/en\/radrennen-notzingen\/\" rel=\"bookmark\" title=\"Click to learn more about Radrennen Notzingen\">Radrennen Notzingen<\/a>\r\n\t\t\t\t\t\t<\/h4>\r\n\r\n\t\t\t\t\t\t\r\n\t\t\t\t\t\t\t\t\t\t\t\t<div class=\"recent-posts-entry-content\">\r\n\t\t\t\t\t\t\tDas 1. Radrennen in Notzingen wurde von der Stadt Kirchheim \t\t\t\t\t\t<\/div>\r\n\t\t\t\t\t\t\r\n\t\t\t\t\t<\/div>\r\n\t\t\t\t<\/li>\r\n\t\t\t<\/ul><\/section>\n\t\t<\/div>\n\t<\/div>\n<\/div><\/div><\/div><\/div><div data-vc-full-width=\"true\" data-vc-full-width-init=\"false\" data-vc-parallax=\"1.5\" class=\"vc_row wpb_row vc_row-fluid vc_row-has-fill vc_general vc_parallax vc_parallax-content-moving\"><div class=\"wpb_column vc_column_container vc_col-sm-12\"><div class=\"vc_column-inner\"><div class=\"wpb_wrapper\"><div class=\"vc_separator wpb_content_element vc_separator_align_center vc_sep_width_100 vc_sep_pos_align_center vc_sep_color_grey vc_separator-has-text\" ><span class=\"vc_sep_holder vc_sep_holder_l\"><span  class=\"vc_sep_line\"><\/span><\/span><h4>Partner<\/h4><span class=\"vc_sep_holder vc_sep_holder_r\"><span  class=\"vc_sep_line\"><\/span><\/span>\n<\/div><div  class=\"wpb_images_carousel wpb_content_element vc_clearfix\">\n\t<div class=\"wpb_wrapper\">\n\t\t\t\t<div id=\"vc_images-carousel-1-1777478688\" data-ride=\"vc_carousel\" data-wrap=\"false\" style=\"width: 100%;\" data-interval=\"0\" data-auto-height=\"yes\" data-mode=\"horizontal\" data-partial=\"false\" data-per-view=\"3\" data-hide-on-end=\"true\" class=\"vc_slide vc_images_carousel\">\n\t\t\t\t\t\t<!-- Wrapper for slides -->\n\t\t\t<div class=\"vc_carousel-inner\">\n\t\t\t\t<div class=\"vc_carousel-slideline\">\n\t\t\t\t\t<div class=\"vc_carousel-slideline-inner\">\n\t\t\t\t\t\t\t\t\t\t\t\t\t\t\t\t\t\t\t\t<div class=\"vc_item\">\n\t\t\t\t\t\t\t\t<div class=\"vc_inner\">\n\t\t\t\t\t\t\t\t\t\t\t\t\t\t\t\t\t\t\t<a href=\"https:\/\/we-webdesign.com\" target=\"_self\">\n\t\t\t\t\t\t\t\t\t\t\t<img width=\"230\" height=\"70\" src=\"https:\/\/heuer-cup.de\/wp-content\/uploads\/2019\/08\/Logo-we-webdesign-Slider.jpg\" class=\"attachment-full\" alt=\"\" loading=\"lazy\" sizes=\"(max-width: 768px) 92vw, (max-width: 992px) 970px, (max-width: 1200px) 1170px, 1200px\" \/>\t\t\t\t\t\t\t\t\t\t<\/a>\n\t\t\t\t\t\t\t\t\t\t\t\t\t\t\t\t\t<\/div>\n\t\t\t\t\t\t\t<\/div>\n\t\t\t\t\t\t\t\t\t\t\t\t\t\t\t\t\t\t\t\t<div class=\"vc_item\">\n\t\t\t\t\t\t\t\t<div class=\"vc_inner\">\n\t\t\t\t\t\t\t\t\t\t\t\t\t\t\t\t\t\t\t<a href=\"https:\/\/your-first-way.com\" target=\"_self\">\n\t\t\t\t\t\t\t\t\t\t\t<img width=\"230\" height=\"70\" src=\"https:\/\/heuer-cup.de\/wp-content\/uploads\/2019\/08\/Logo-YFW-Slider.jpg\" class=\"attachment-full\" alt=\"\" loading=\"lazy\" sizes=\"(max-width: 768px) 92vw, (max-width: 992px) 970px, (max-width: 1200px) 1170px, 1200px\" \/>\t\t\t\t\t\t\t\t\t\t<\/a>\n\t\t\t\t\t\t\t\t\t\t\t\t\t\t\t\t\t<\/div>\n\t\t\t\t\t\t\t<\/div>\n\t\t\t\t\t\t\t\t\t\t\t\t\t\t\t\t\t\t\t\t<div class=\"vc_item\">\n\t\t\t\t\t\t\t\t<div class=\"vc_inner\">\n\t\t\t\t\t\t\t\t\t\t\t\t\t\t\t\t\t\t\t<a href=\"https:\/\/www.kreativgarten.com\/\" target=\"_self\">\n\t\t\t\t\t\t\t\t\t\t\t<img width=\"270\" height=\"109\" src=\"https:\/\/heuer-cup.de\/wp-content\/uploads\/Sponsoren-Logos\/Kreativgarten_Logo.jpg\" class=\"attachment-full\" alt=\"\" loading=\"lazy\" sizes=\"(max-width: 768px) 92vw, (max-width: 992px) 970px, (max-width: 1200px) 1170px, 1200px\" \/>\t\t\t\t\t\t\t\t\t\t<\/a>\n\t\t\t\t\t\t\t\t\t\t\t\t\t\t\t\t\t<\/div>\n\t\t\t\t\t\t\t<\/div>\n\t\t\t\t\t\t\t\t\t\t\t<\/div>\n\t\t\t\t<\/div>\n\t\t\t<\/div>\n\t\t\t\t\t<\/div>\n\t<\/div>\n<\/div>\n<div class=\"vc_separator wpb_content_element vc_separator_align_center vc_sep_width_100 vc_sep_pos_align_center vc_separator_no_text vc_sep_color_grey\" ><span class=\"vc_sep_holder vc_sep_holder_l\"><span  class=\"vc_sep_line\"><\/span><\/span><span class=\"vc_sep_holder vc_sep_holder_r\"><span  class=\"vc_sep_line\"><\/span><\/span>\n<\/div><\/div><\/div><\/div><\/div><div class=\"vc_row-full-width vc_clearfix\"><\/div><div class=\"vc_row wpb_row vc_row-fluid\"><div class=\"wpb_column vc_column_container vc_col-sm-12\"><div class=\"vc_column-inner\"><div class=\"wpb_wrapper\"><div  class=\"wpb_widgetised_column wpb_content_element\">\n\t\t<div class=\"wpb_wrapper\">\n\t\t\t\n\t\t\t\n\t\t<\/div>\n\t<\/div>\n<\/div><\/div><\/div><\/div>","protected":false},"excerpt":{"rendered":"Das 1. Radrennen in Notzingen wurde von der Stadt Kirchheim","protected":false},"author":3,"featured_media":4603,"parent":0,"menu_order":0,"comment_status":"closed","ping_status":"closed","template":"","meta":[],"yoast_head":"<!-- This site is optimized with the Yoast SEO plugin v16.9 - https:\/\/yoast.com\/wordpress\/plugins\/seo\/ -->\n<title>HEUER-Cup - Rennserie auf der Stra\u00dfe in Baden-W\u00fcrttemberg<\/title>\n<meta name=\"description\" content=\"HEUER-Cup - die Rennserie auf der Stra\u00dfe in Baden-W\u00fcrttemberg geht mit anspruchsvollen Kursen und attraktiven Strecken weiter\" \/>\n<meta name=\"robots\" content=\"index, follow, max-snippet:-1, max-image-preview:large, max-video-preview:-1\" \/>\n<link rel=\"canonical\" href=\"https:\/\/heuer-cup.de\/en\/\" \/>\n<meta property=\"og:locale\" content=\"en_GB\" \/>\n<meta property=\"og:type\" content=\"article\" \/>\n<meta property=\"og:title\" content=\"HEUER-Cup - Rennserie auf der Stra\u00dfe in Baden-W\u00fcrttemberg\" \/>\n<meta property=\"og:description\" content=\"HEUER-Cup - die Rennserie auf der Stra\u00dfe in Baden-W\u00fcrttemberg geht mit anspruchsvollen Kursen und attraktiven Strecken weiter\" \/>\n<meta property=\"og:url\" content=\"https:\/\/heuer-cup.de\/en\/\" \/>\n<meta property=\"og:site_name\" content=\"HEUER-Cup\" \/>\n<meta property=\"article:publisher\" content=\"https:\/\/www.facebook.com\/HeuerCup\/\" \/>\n<meta property=\"article:modified_time\" content=\"2021-09-23T21:15:55+00:00\" \/>\n<meta property=\"og:image\" content=\"https:\/\/heuer-cup.de\/wp-content\/uploads\/diveres\/logo-heuer-cup.jpg\" \/>\n\t<meta property=\"og:image:width\" content=\"250\" \/>\n\t<meta property=\"og:image:height\" content=\"62\" \/>\n<meta name=\"twitter:card\" content=\"summary_large_image\" \/>\n<meta name=\"twitter:site\" content=\"@Heuer_Cup\" \/>\n<meta name=\"twitter:label1\" content=\"Estimated reading time\" \/>\n\t<meta name=\"twitter:data1\" content=\"7 minutes\" \/>\n<script type=\"application\/ld+json\" class=\"yoast-schema-graph\">{\"@context\":\"https:\/\/schema.org\",\"@graph\":[{\"@type\":\"Organization\",\"@id\":\"https:\/\/heuer-cup.de\/#organization\",\"name\":\"Heuer Radsport\",\"url\":\"https:\/\/heuer-cup.de\/\",\"sameAs\":[\"https:\/\/www.facebook.com\/HeuerCup\/\",\"https:\/\/www.instagram.com\/heuer_cup\/\",\"https:\/\/www.youtube.com\/channel\/UCuFkVFhY376_zRGfw_0Oy-Q\",\"https:\/\/twitter.com\/Heuer_Cup\"],\"logo\":{\"@type\":\"ImageObject\",\"@id\":\"https:\/\/heuer-cup.de\/#logo\",\"inLanguage\":\"en-GB\",\"url\":\"https:\/\/heuer-cup.de\/wp-content\/uploads\/2019\/01\/logo2.jpg\",\"contentUrl\":\"https:\/\/heuer-cup.de\/wp-content\/uploads\/2019\/01\/logo2.jpg\",\"width\":750,\"height\":186,\"caption\":\"Heuer Radsport\"},\"image\":{\"@id\":\"https:\/\/heuer-cup.de\/#logo\"}},{\"@type\":\"WebSite\",\"@id\":\"https:\/\/heuer-cup.de\/#website\",\"url\":\"https:\/\/heuer-cup.de\/\",\"name\":\"Heuer Radsport\",\"description\":\"Vollgas! oder einfach: Kette rechts\",\"publisher\":{\"@id\":\"https:\/\/heuer-cup.de\/#organization\"},\"potentialAction\":[{\"@type\":\"SearchAction\",\"target\":{\"@type\":\"EntryPoint\",\"urlTemplate\":\"https:\/\/heuer-cup.de\/?s={search_term_string}\"},\"query-input\":\"required name=search_term_string\"}],\"inLanguage\":\"en-GB\"},{\"@type\":\"ImageObject\",\"@id\":\"https:\/\/heuer-cup.de\/#primaryimage\",\"inLanguage\":\"en-GB\",\"url\":\"https:\/\/heuer-cup.de\/wp-content\/uploads\/diveres\/logo-heuer-cup.jpg\",\"contentUrl\":\"https:\/\/heuer-cup.de\/wp-content\/uploads\/diveres\/logo-heuer-cup.jpg\",\"width\":250,\"height\":62,\"caption\":\"Logo HEUER-Cup\"},{\"@type\":\"WebPage\",\"@id\":\"https:\/\/heuer-cup.de\/#webpage\",\"url\":\"https:\/\/heuer-cup.de\/\",\"name\":\"HEUER-Cup - Rennserie auf der Stra\\u00dfe in Baden-W\\u00fcrttemberg\",\"isPartOf\":{\"@id\":\"https:\/\/heuer-cup.de\/#website\"},\"primaryImageOfPage\":{\"@id\":\"https:\/\/heuer-cup.de\/#primaryimage\"},\"datePublished\":\"2011-05-20T16:49:43+00:00\",\"dateModified\":\"2021-09-23T21:15:55+00:00\",\"description\":\"HEUER-Cup - die Rennserie auf der Stra\\u00dfe in Baden-W\\u00fcrttemberg geht mit anspruchsvollen Kursen und attraktiven Strecken weiter\",\"breadcrumb\":{\"@id\":\"https:\/\/heuer-cup.de\/#breadcrumb\"},\"inLanguage\":\"en-GB\",\"potentialAction\":[{\"@type\":\"ReadAction\",\"target\":[\"https:\/\/heuer-cup.de\/\"]}]},{\"@type\":\"BreadcrumbList\",\"@id\":\"https:\/\/heuer-cup.de\/#breadcrumb\",\"itemListElement\":[{\"@type\":\"ListItem\",\"position\":1,\"name\":\"Home\",\"item\":\"https:\/\/heuer-cup.de\/\"},{\"@type\":\"ListItem\",\"position\":2,\"name\":\"HEUER-Cup\"}]}]}<\/script>\n<!-- \/ Yoast SEO plugin. -->","yoast_head_json":{"title":"HEUER-Cup - Rennserie auf der Stra\u00dfe in Baden-W\u00fcrttemberg","description":"HEUER-Cup - die Rennserie auf der Stra\u00dfe in Baden-W\u00fcrttemberg geht mit anspruchsvollen Kursen und attraktiven Strecken weiter","robots":{"index":"index","follow":"follow","max-snippet":"max-snippet:-1","max-image-preview":"max-image-preview:large","max-video-preview":"max-video-preview:-1"},"canonical":"https:\/\/heuer-cup.de\/en\/","og_locale":"en_GB","og_type":"article","og_title":"HEUER-Cup - Rennserie auf der Stra\u00dfe in Baden-W\u00fcrttemberg","og_description":"HEUER-Cup - die Rennserie auf der Stra\u00dfe in Baden-W\u00fcrttemberg geht mit anspruchsvollen Kursen und attraktiven Strecken weiter","og_url":"https:\/\/heuer-cup.de\/en\/","og_site_name":"HEUER-Cup","article_publisher":"https:\/\/www.facebook.com\/HeuerCup\/","article_modified_time":"2021-09-23T21:15:55+00:00","og_image":[{"width":250,"height":62,"url":"https:\/\/heuer-cup.de\/wp-content\/uploads\/diveres\/logo-heuer-cup.jpg","path":"\/var\/customers\/webs\/johe\/cup-2019\/wp-content\/uploads\/diveres\/logo-heuer-cup.jpg","size":"full","id":4603,"alt":"Logo HEUER-Cup","pixels":15500,"type":"image\/jpeg"}],"twitter_card":"summary_large_image","twitter_site":"@Heuer_Cup","twitter_misc":{"Estimated reading time":"7 minutes"},"schema":{"@context":"https:\/\/schema.org","@graph":[{"@type":"Organization","@id":"https:\/\/heuer-cup.de\/#organization","name":"Heuer Radsport","url":"https:\/\/heuer-cup.de\/","sameAs":["https:\/\/www.facebook.com\/HeuerCup\/","https:\/\/www.instagram.com\/heuer_cup\/","https:\/\/www.youtube.com\/channel\/UCuFkVFhY376_zRGfw_0Oy-Q","https:\/\/twitter.com\/Heuer_Cup"],"logo":{"@type":"ImageObject","@id":"https:\/\/heuer-cup.de\/#logo","inLanguage":"en-GB","url":"https:\/\/heuer-cup.de\/wp-content\/uploads\/2019\/01\/logo2.jpg","contentUrl":"https:\/\/heuer-cup.de\/wp-content\/uploads\/2019\/01\/logo2.jpg","width":750,"height":186,"caption":"Heuer Radsport"},"image":{"@id":"https:\/\/heuer-cup.de\/#logo"}},{"@type":"WebSite","@id":"https:\/\/heuer-cup.de\/#website","url":"https:\/\/heuer-cup.de\/","name":"Heuer Radsport","description":"Vollgas! oder einfach: Kette rechts","publisher":{"@id":"https:\/\/heuer-cup.de\/#organization"},"potentialAction":[{"@type":"SearchAction","target":{"@type":"EntryPoint","urlTemplate":"https:\/\/heuer-cup.de\/?s={search_term_string}"},"query-input":"required name=search_term_string"}],"inLanguage":"en-GB"},{"@type":"ImageObject","@id":"https:\/\/heuer-cup.de\/#primaryimage","inLanguage":"en-GB","url":"https:\/\/heuer-cup.de\/wp-content\/uploads\/diveres\/logo-heuer-cup.jpg","contentUrl":"https:\/\/heuer-cup.de\/wp-content\/uploads\/diveres\/logo-heuer-cup.jpg","width":250,"height":62,"caption":"Logo HEUER-Cup"},{"@type":"WebPage","@id":"https:\/\/heuer-cup.de\/#webpage","url":"https:\/\/heuer-cup.de\/","name":"HEUER-Cup - Rennserie auf der Stra\u00dfe in Baden-W\u00fcrttemberg","isPartOf":{"@id":"https:\/\/heuer-cup.de\/#website"},"primaryImageOfPage":{"@id":"https:\/\/heuer-cup.de\/#primaryimage"},"datePublished":"2011-05-20T16:49:43+00:00","dateModified":"2021-09-23T21:15:55+00:00","description":"HEUER-Cup - die Rennserie auf der Stra\u00dfe in Baden-W\u00fcrttemberg geht mit anspruchsvollen Kursen und attraktiven Strecken weiter","breadcrumb":{"@id":"https:\/\/heuer-cup.de\/#breadcrumb"},"inLanguage":"en-GB","potentialAction":[{"@type":"ReadAction","target":["https:\/\/heuer-cup.de\/"]}]},{"@type":"BreadcrumbList","@id":"https:\/\/heuer-cup.de\/#breadcrumb","itemListElement":[{"@type":"ListItem","position":1,"name":"Home","item":"https:\/\/heuer-cup.de\/"},{"@type":"ListItem","position":2,"name":"HEUER-Cup"}]}]}},"_links":{"self":[{"href":"https:\/\/heuer-cup.de\/en\/wp-json\/wp\/v2\/pages\/701"}],"collection":[{"href":"https:\/\/heuer-cup.de\/en\/wp-json\/wp\/v2\/pages"}],"about":[{"href":"https:\/\/heuer-cup.de\/en\/wp-json\/wp\/v2\/types\/page"}],"author":[{"embeddable":true,"href":"https:\/\/heuer-cup.de\/en\/wp-json\/wp\/v2\/users\/3"}],"replies":[{"embeddable":true,"href":"https:\/\/heuer-cup.de\/en\/wp-json\/wp\/v2\/comments?post=701"}],"version-history":[{"count":154,"href":"https:\/\/heuer-cup.de\/en\/wp-json\/wp\/v2\/pages\/701\/revisions"}],"predecessor-version":[{"id":5862,"href":"https:\/\/heuer-cup.de\/en\/wp-json\/wp\/v2\/pages\/701\/revisions\/5862"}],"wp:featuredmedia":[{"embeddable":true,"href":"https:\/\/heuer-cup.de\/en\/wp-json\/wp\/v2\/media\/4603"}],"wp:attachment":[{"href":"https:\/\/heuer-cup.de\/en\/wp-json\/wp\/v2\/media?parent=701"}],"curies":[{"name":"wp","href":"https:\/\/api.w.org\/{rel}","templated":true}]}}