{"id":5645,"date":"2020-03-01T10:04:48","date_gmt":"2020-03-01T09:04:48","guid":{"rendered":"https:\/\/heuer-cup.de\/?page_id=5645"},"modified":"2020-03-03T04:44:02","modified_gmt":"2020-03-03T03:44:02","slug":"generalausschreibung","status":"publish","type":"page","link":"https:\/\/heuer-cup.de\/en\/generalausschreibung\/","title":{"rendered":"Generalausschreibung 2019"},"content":{"rendered":"<div class=\"vc_row wpb_row vc_row-fluid\"><div class=\"wpb_column vc_column_container vc_col-sm-12\"><div class=\"vc_column-inner\"><div class=\"wpb_wrapper\">\n\t<div class=\"wpb_text_column wpb_content_element\" >\n\t\t<div class=\"wpb_wrapper\">\n\t\t\t<p>Die Generalausschreibung 2019 zur bundesoffenen Rennserie HEUER-Cup in Baden-W\u00fcrttemberg wurde zum 11.02.2019 fertig gestellt und steht im Archiv online zum Download bereit.<\/p>\n<p style=\"text-align: center;\"><strong><a title=\"Generalausschreibung Nachwuchs\" href=\"https:\/\/heuer-cup.de\/wp-content\/uploads\/Ausschreibung\/Heuer-Cup_2019_Nachwuchsklassen.pdf\" target=\"_blank\" rel=\"noopener noreferrer\">NACHWUCHS<\/a><\/strong><\/p>\n<p style=\"text-align: center;\"><strong><a title=\"Generalausschreibung Frauen\" href=\"https:\/\/heuer-cup.de\/wp-content\/uploads\/Ausschreibung\/Heuer-Cup_2019_Frauen.pdf\" target=\"_blank\" rel=\"noopener noreferrer\">FRAUEN<\/a><\/strong><\/p>\n<p style=\"text-align: center;\"><strong><a title=\"Generalausschreibung Amateure\" href=\"https:\/\/heuer-cup.de\/wp-content\/uploads\/Ausschreibung\/Heuer-Cup_2019_Amateure.pdf\" target=\"_blank\" rel=\"noopener noreferrer\">AMATEURE<\/a><\/strong><\/p>\n<p style=\"text-align: center;\"><a href=\"https:\/\/heuer-cup.de\/wp-content\/uploads\/Ausschreibung\/Heuer-Cup_2019_Eliteamateure.pdf\"><strong>ELITE-AMATEURE<\/strong><\/a><\/p>\n<p style=\"text-align: center;\"><strong><a title=\"Generalausschreibung Seniorenklasse\" href=\"https:\/\/heuer-cup.de\/wp-content\/uploads\/Ausschreibung\/Heuer-Cup_2019_Senioren.pdf\" target=\"_blank\" rel=\"noopener noreferrer\">SENIOREN 2 \/ 3 \/ 4<\/a><\/strong><\/p>\n<p style=\"text-align: center;\"><strong><br \/>\nIn allen Klassen wird der Titel\u00a0Baden-W\u00fcrttembergischer Mannschaftsmeister durch die Gesamtmannschaftswertung vergeben. In der Nachwuchsklasse ist dies der Baden-W\u00fcrttembergische Vereinsmeister.<\/strong><\/p>\n<p><strong>Hier geht es zur Anmeldung:<\/strong><\/p>\n<p><a href=\"https:\/\/heuer-cup.de\/wp-content\/uploads\/2019\/08\/Anmeldeformular_heuer-cup2019.zip\"><img loading=\"lazy\" class=\"aligncenter\" title=\"Anmeldung zum HEUER-Cup\" src=\"https:\/\/heuer-cup.eu\/userfiles\/images\/icons\/Excel-Anmeldung2019.JPG\" alt=\"Generalausschreibung\" width=\"475\" height=\"203\" \/><\/a><\/p>\n<p><strong>Anmerkung f\u00fcr alle Klassen:<\/strong><\/p>\n<p>Die Gewinner oder die F\u00fchrenden nach der Schlussetappe des HEUER-Cup 2018 d\u00fcrfen das F\u00fchrungstrikot bei der ersten Etappe in\u00a0<strong>Sch\u00f6naich<\/strong>\u00a0tragen.<\/p>\n<p>&nbsp;<\/p>\n<p><strong>Anmerkung f\u00fcr das Event RiderMan:<\/strong><\/p>\n<p>Im Jahr 2019 werden wir in einem Pilotprojekt Lizenzrennen innerhalb des Jedermannrennen RiderMan durchf\u00fchren. Motorradkommiss\u00e4re \u00fcberwachen das Rennen. Gewertet wird gem\u00e4\u00df Ausschreibung zum HEUER-Cup.<\/p>\n<p>Alle HEUER-Cup Fahrer m\u00fcssen gem\u00e4\u00df Generalausschreibung 2019 f\u00fcr den RiderMan separat melden. Bitte hierf\u00fcr das Excel-sheet verwenden.<br \/>\nIn der Wertung sind die Amateure, Frauen und Seniorenklassen wenn alle 3 Etappen des RiderMan gefahren und gewertet wurden.<\/p>\n<p>Im RiderMan fahren die Nachwuchsklassen am Sonntag ein separates Lizenzrennen. Nur dieses Rennen ist f\u00fcr die Nachwuchsklassen in der Wertung um den HEUER-Cup. Hierf\u00fcr bitte auch nachfolgende Anmeldung verwenden.<\/p>\n<p>Separate Anmeldung f\u00fcr den\u00a0<strong>Riderman:<\/strong><\/p>\n<p><a title=\"Meldeformular RiderMan\" href=\"https:\/\/heuer-cup.eu\/userfiles\/downloads\/Generalausschreibung\/RiderMan-Sammelanmeldung-Heuercup-2019.zip\" target=\"_blank\" rel=\"noopener noreferrer\"><strong><img loading=\"lazy\" class=\"aligncenter\" title=\"RiderMan Anmeldung\" src=\"https:\/\/heuer-cup.eu\/userfiles\/images\/Vereine\/RiderMan\/Excel%20f%C3%BCr%20Anmeldung%20RiderMan.JPG\" alt=\"Generalausschreibung\" width=\"476\" height=\"204\" \/><\/strong><\/a><\/p>\n<p><strong>Startlisten<\/strong><\/p>\n<p>Die Startlisten ver\u00f6ffentlichen wir kurz nach dem Meldeschluss.<\/p>\n<p><strong>In der Rennserie in Baden-W\u00fcrttemberg zum HEUER-Cup sind nachfolgende Klassen am Start:<\/strong><\/p>\n<div class=\"tplge_submenu\">\n<h4><\/h4>\n<ul class=\"submenu\">\n<li class=\"doc\"><a href=\"https:\/\/heuer-cup.de\/en\/generalausschreibung\/nachwuchsklassen\/\">Nachwuchsklassen<\/a><\/li>\n<li class=\"doc\"><a href=\"https:\/\/heuer-cup.de\/en\/generalausschreibung\/frauen\/\">Frauen<\/a><\/li>\n<li class=\"doc\"><a href=\"https:\/\/heuer-cup.de\/en\/generalausschreibung\/amateure\/\">Amateure<\/a><\/li>\n<li class=\"doc\"><a href=\"https:\/\/heuer-cup.de\/en\/generalausschreibung\/eliteamateure\/\">Eliteamateure<\/a><\/li>\n<li class=\"doc\"><a href=\"https:\/\/heuer-cup.de\/en\/generalausschreibung\/senioren\/\">Senioren<\/a><\/li>\n<\/ul>\n<\/div>\n\n\t\t<\/div>\n\t<\/div>\n<\/div><\/div><\/div><\/div>","protected":false},"excerpt":{"rendered":"Die Generalausschreibung 2019 zur bundesoffenen Rennserie HEUER-Cup in Baden-W\u00fcrttemberg wurde zum 11.02.2019 fertig gestellt und steht im Archiv online zum Download bereit. NACHWUCHS FRAUEN AMATEURE ELITE-AMATEURE SENIOREN 2 \/ 3 \/ 4 In allen Klassen wird der Titel\u00a0Baden-W\u00fcrttembergischer Mannschaftsmeister durch die Gesamtmannschaftswertung vergeben. In der Nachwuchsklasse ist dies der Baden-W\u00fcrttembergische Vereinsmeister. Hier geht es zur [...]","protected":false},"author":3,"featured_media":0,"parent":0,"menu_order":450,"comment_status":"closed","ping_status":"closed","template":"","meta":[],"yoast_head":"<!-- This site is optimized with the Yoast SEO plugin v16.9 - https:\/\/yoast.com\/wordpress\/plugins\/seo\/ -->\n<title>Generalausschreibung 2019 zum Heuer-Cup in allen Rennklassen<\/title>\n<meta name=\"description\" content=\"Die Generalausschreibung 2019 zur bundesoffenen Rennserie HEUER-Cup in Baden-W\u00fcrttemberg wurde zum 11.02.2019 fertig gestellt.\" \/>\n<meta name=\"robots\" content=\"index, follow, max-snippet:-1, max-image-preview:large, max-video-preview:-1\" \/>\n<link rel=\"canonical\" href=\"https:\/\/heuer-cup.de\/en\/generalausschreibung\/\" \/>\n<meta property=\"og:locale\" content=\"en_GB\" \/>\n<meta property=\"og:type\" content=\"article\" \/>\n<meta property=\"og:title\" content=\"Generalausschreibung 2019 zum Heuer-Cup in allen Rennklassen\" \/>\n<meta property=\"og:description\" content=\"Die Generalausschreibung 2019 zur bundesoffenen Rennserie HEUER-Cup in Baden-W\u00fcrttemberg wurde zum 11.02.2019 fertig gestellt.\" \/>\n<meta property=\"og:url\" content=\"https:\/\/heuer-cup.de\/en\/generalausschreibung\/\" \/>\n<meta property=\"og:site_name\" content=\"HEUER-Cup\" \/>\n<meta property=\"article:publisher\" content=\"https:\/\/www.facebook.com\/HeuerCup\/\" \/>\n<meta property=\"article:modified_time\" content=\"2020-03-03T03:44:02+00:00\" \/>\n<meta property=\"og:image\" content=\"https:\/\/heuer-cup.eu\/userfiles\/images\/icons\/Excel-Anmeldung2019.JPG\" \/>\n<meta name=\"twitter:card\" content=\"summary_large_image\" \/>\n<meta name=\"twitter:site\" content=\"@Heuer_Cup\" \/>\n<meta name=\"twitter:label1\" content=\"Estimated reading time\" \/>\n\t<meta name=\"twitter:data1\" content=\"1 minute\" \/>\n<script type=\"application\/ld+json\" class=\"yoast-schema-graph\">{\"@context\":\"https:\/\/schema.org\",\"@graph\":[{\"@type\":\"Organization\",\"@id\":\"https:\/\/heuer-cup.de\/#organization\",\"name\":\"Heuer Radsport\",\"url\":\"https:\/\/heuer-cup.de\/\",\"sameAs\":[\"https:\/\/www.facebook.com\/HeuerCup\/\",\"https:\/\/www.instagram.com\/heuer_cup\/\",\"https:\/\/www.youtube.com\/channel\/UCuFkVFhY376_zRGfw_0Oy-Q\",\"https:\/\/twitter.com\/Heuer_Cup\"],\"logo\":{\"@type\":\"ImageObject\",\"@id\":\"https:\/\/heuer-cup.de\/#logo\",\"inLanguage\":\"en-GB\",\"url\":\"https:\/\/heuer-cup.de\/wp-content\/uploads\/2019\/01\/logo2.jpg\",\"contentUrl\":\"https:\/\/heuer-cup.de\/wp-content\/uploads\/2019\/01\/logo2.jpg\",\"width\":750,\"height\":186,\"caption\":\"Heuer Radsport\"},\"image\":{\"@id\":\"https:\/\/heuer-cup.de\/#logo\"}},{\"@type\":\"WebSite\",\"@id\":\"https:\/\/heuer-cup.de\/#website\",\"url\":\"https:\/\/heuer-cup.de\/\",\"name\":\"Heuer Radsport\",\"description\":\"Vollgas! oder einfach: Kette rechts\",\"publisher\":{\"@id\":\"https:\/\/heuer-cup.de\/#organization\"},\"potentialAction\":[{\"@type\":\"SearchAction\",\"target\":{\"@type\":\"EntryPoint\",\"urlTemplate\":\"https:\/\/heuer-cup.de\/?s={search_term_string}\"},\"query-input\":\"required name=search_term_string\"}],\"inLanguage\":\"en-GB\"},{\"@type\":\"ImageObject\",\"@id\":\"https:\/\/heuer-cup.de\/generalausschreibung\/#primaryimage\",\"inLanguage\":\"en-GB\",\"url\":\"https:\/\/heuer-cup.eu\/userfiles\/images\/icons\/Excel-Anmeldung2019.JPG\",\"contentUrl\":\"https:\/\/heuer-cup.eu\/userfiles\/images\/icons\/Excel-Anmeldung2019.JPG\"},{\"@type\":\"WebPage\",\"@id\":\"https:\/\/heuer-cup.de\/generalausschreibung\/#webpage\",\"url\":\"https:\/\/heuer-cup.de\/generalausschreibung\/\",\"name\":\"Generalausschreibung 2019 zum Heuer-Cup in allen Rennklassen\",\"isPartOf\":{\"@id\":\"https:\/\/heuer-cup.de\/#website\"},\"primaryImageOfPage\":{\"@id\":\"https:\/\/heuer-cup.de\/generalausschreibung\/#primaryimage\"},\"datePublished\":\"2020-03-01T09:04:48+00:00\",\"dateModified\":\"2020-03-03T03:44:02+00:00\",\"description\":\"Die Generalausschreibung 2019 zur bundesoffenen Rennserie HEUER-Cup in Baden-W\\u00fcrttemberg wurde zum 11.02.2019 fertig gestellt.\",\"breadcrumb\":{\"@id\":\"https:\/\/heuer-cup.de\/generalausschreibung\/#breadcrumb\"},\"inLanguage\":\"en-GB\",\"potentialAction\":[{\"@type\":\"ReadAction\",\"target\":[\"https:\/\/heuer-cup.de\/generalausschreibung\/\"]}]},{\"@type\":\"BreadcrumbList\",\"@id\":\"https:\/\/heuer-cup.de\/generalausschreibung\/#breadcrumb\",\"itemListElement\":[{\"@type\":\"ListItem\",\"position\":1,\"name\":\"Home\",\"item\":\"https:\/\/heuer-cup.de\/\"},{\"@type\":\"ListItem\",\"position\":2,\"name\":\"Generalausschreibung 2019\"}]}]}<\/script>\n<!-- \/ Yoast SEO plugin. -->","yoast_head_json":{"title":"Generalausschreibung 2019 zum Heuer-Cup in allen Rennklassen","description":"Die Generalausschreibung 2019 zur bundesoffenen Rennserie HEUER-Cup in Baden-W\u00fcrttemberg wurde zum 11.02.2019 fertig gestellt.","robots":{"index":"index","follow":"follow","max-snippet":"max-snippet:-1","max-image-preview":"max-image-preview:large","max-video-preview":"max-video-preview:-1"},"canonical":"https:\/\/heuer-cup.de\/en\/generalausschreibung\/","og_locale":"en_GB","og_type":"article","og_title":"Generalausschreibung 2019 zum Heuer-Cup in allen Rennklassen","og_description":"Die Generalausschreibung 2019 zur bundesoffenen Rennserie HEUER-Cup in Baden-W\u00fcrttemberg wurde zum 11.02.2019 fertig gestellt.","og_url":"https:\/\/heuer-cup.de\/en\/generalausschreibung\/","og_site_name":"HEUER-Cup","article_publisher":"https:\/\/www.facebook.com\/HeuerCup\/","article_modified_time":"2020-03-03T03:44:02+00:00","og_image":[{"url":"https:\/\/heuer-cup.eu\/userfiles\/images\/icons\/Excel-Anmeldung2019.JPG"}],"twitter_card":"summary_large_image","twitter_site":"@Heuer_Cup","twitter_misc":{"Estimated reading time":"1 minute"},"schema":{"@context":"https:\/\/schema.org","@graph":[{"@type":"Organization","@id":"https:\/\/heuer-cup.de\/#organization","name":"Heuer Radsport","url":"https:\/\/heuer-cup.de\/","sameAs":["https:\/\/www.facebook.com\/HeuerCup\/","https:\/\/www.instagram.com\/heuer_cup\/","https:\/\/www.youtube.com\/channel\/UCuFkVFhY376_zRGfw_0Oy-Q","https:\/\/twitter.com\/Heuer_Cup"],"logo":{"@type":"ImageObject","@id":"https:\/\/heuer-cup.de\/#logo","inLanguage":"en-GB","url":"https:\/\/heuer-cup.de\/wp-content\/uploads\/2019\/01\/logo2.jpg","contentUrl":"https:\/\/heuer-cup.de\/wp-content\/uploads\/2019\/01\/logo2.jpg","width":750,"height":186,"caption":"Heuer Radsport"},"image":{"@id":"https:\/\/heuer-cup.de\/#logo"}},{"@type":"WebSite","@id":"https:\/\/heuer-cup.de\/#website","url":"https:\/\/heuer-cup.de\/","name":"Heuer Radsport","description":"Vollgas! oder einfach: Kette rechts","publisher":{"@id":"https:\/\/heuer-cup.de\/#organization"},"potentialAction":[{"@type":"SearchAction","target":{"@type":"EntryPoint","urlTemplate":"https:\/\/heuer-cup.de\/?s={search_term_string}"},"query-input":"required name=search_term_string"}],"inLanguage":"en-GB"},{"@type":"ImageObject","@id":"https:\/\/heuer-cup.de\/generalausschreibung\/#primaryimage","inLanguage":"en-GB","url":"https:\/\/heuer-cup.eu\/userfiles\/images\/icons\/Excel-Anmeldung2019.JPG","contentUrl":"https:\/\/heuer-cup.eu\/userfiles\/images\/icons\/Excel-Anmeldung2019.JPG"},{"@type":"WebPage","@id":"https:\/\/heuer-cup.de\/generalausschreibung\/#webpage","url":"https:\/\/heuer-cup.de\/generalausschreibung\/","name":"Generalausschreibung 2019 zum Heuer-Cup in allen Rennklassen","isPartOf":{"@id":"https:\/\/heuer-cup.de\/#website"},"primaryImageOfPage":{"@id":"https:\/\/heuer-cup.de\/generalausschreibung\/#primaryimage"},"datePublished":"2020-03-01T09:04:48+00:00","dateModified":"2020-03-03T03:44:02+00:00","description":"Die Generalausschreibung 2019 zur bundesoffenen Rennserie HEUER-Cup in Baden-W\u00fcrttemberg wurde zum 11.02.2019 fertig gestellt.","breadcrumb":{"@id":"https:\/\/heuer-cup.de\/generalausschreibung\/#breadcrumb"},"inLanguage":"en-GB","potentialAction":[{"@type":"ReadAction","target":["https:\/\/heuer-cup.de\/generalausschreibung\/"]}]},{"@type":"BreadcrumbList","@id":"https:\/\/heuer-cup.de\/generalausschreibung\/#breadcrumb","itemListElement":[{"@type":"ListItem","position":1,"name":"Home","item":"https:\/\/heuer-cup.de\/"},{"@type":"ListItem","position":2,"name":"Generalausschreibung 2019"}]}]}},"_links":{"self":[{"href":"https:\/\/heuer-cup.de\/en\/wp-json\/wp\/v2\/pages\/5645"}],"collection":[{"href":"https:\/\/heuer-cup.de\/en\/wp-json\/wp\/v2\/pages"}],"about":[{"href":"https:\/\/heuer-cup.de\/en\/wp-json\/wp\/v2\/types\/page"}],"author":[{"embeddable":true,"href":"https:\/\/heuer-cup.de\/en\/wp-json\/wp\/v2\/users\/3"}],"replies":[{"embeddable":true,"href":"https:\/\/heuer-cup.de\/en\/wp-json\/wp\/v2\/comments?post=5645"}],"version-history":[{"count":4,"href":"https:\/\/heuer-cup.de\/en\/wp-json\/wp\/v2\/pages\/5645\/revisions"}],"predecessor-version":[{"id":5760,"href":"https:\/\/heuer-cup.de\/en\/wp-json\/wp\/v2\/pages\/5645\/revisions\/5760"}],"wp:attachment":[{"href":"https:\/\/heuer-cup.de\/en\/wp-json\/wp\/v2\/media?parent=5645"}],"curies":[{"name":"wp","href":"https:\/\/api.w.org\/{rel}","templated":true}]}}