{"id":5412,"date":"2019-09-16T20:16:57","date_gmt":"2019-09-16T18:16:57","guid":{"rendered":"https:\/\/heuer-cup.de\/?page_id=5412"},"modified":"2019-12-09T15:15:42","modified_gmt":"2019-12-09T14:15:42","slug":"radrennen-notzingen","status":"publish","type":"page","link":"https:\/\/heuer-cup.de\/en\/radrennen-notzingen\/","title":{"rendered":"Radrennen Notzingen"},"content":{"rendered":"<div class=\"vc_row wpb_row vc_row-fluid\"><div class=\"wpb_column vc_column_container vc_col-sm-12\"><div class=\"vc_column-inner\"><div class=\"wpb_wrapper\">\n\t<div class=\"wpb_text_column wpb_content_element\" >\n\t\t<div class=\"wpb_wrapper\">\n\t\t\t<table width=\"643\">\n<tbody>\n<tr>\n<td width=\"115\"><strong>Rennen 1<\/strong><\/td>\n<td width=\"379\"><strong>Finaletappe HEUER-Cup Jugend U17w und Sch\u00fcler<\/strong><\/td>\n<td width=\"149\"><\/td>\n<\/tr>\n<tr>\n<td>12:30 Uhr<\/td>\n<td>1.1 Jugend weiblich U17<\/td>\n<td>6 Rd. = 30 km<\/td>\n<\/tr>\n<tr>\n<td><\/td>\n<td>1.2 Sch\u00fcler U15<\/td>\n<td>6 Rd. = 30 km<\/td>\n<\/tr>\n<tr>\n<td><\/td>\n<td>1.3 Sch\u00fclerinnen U15<\/td>\n<td>6 Rd. = 30 km<\/td>\n<\/tr>\n<tr>\n<td><strong>Sch\u00fclerrennen 1<\/strong><\/td>\n<td><strong>Sch\u00fclerrennen ohne Lizenz<\/strong><\/td>\n<td><\/td>\n<\/tr>\n<tr>\n<td>12:31 Uhr<\/td>\n<td>Jahrgang 2001\/2002 m\/w<\/td>\n<td>2 Rd. = 10 km<\/td>\n<\/tr>\n<tr>\n<td><strong>Sch\u00fclerrennen 2<\/strong><\/td>\n<td><strong>Sch\u00fclerrennen ohne Lizenz<\/strong><\/td>\n<td><\/td>\n<\/tr>\n<tr>\n<td>12:32Uhr<\/td>\n<td>Jahrgang 2003\/2004 m\/w<\/td>\n<td>2 Rd. = 10 km<\/td>\n<\/tr>\n<tr>\n<td><strong>Sch\u00fclerrennen 3<\/strong><\/td>\n<td><strong>Sch\u00fclerrennen ohne Lizenz<\/strong><\/td>\n<td><\/td>\n<\/tr>\n<tr>\n<td>12:33 Uhr<\/td>\n<td>Jahrgang 2005\/2006 m\/w<\/td>\n<td>1 Rd. = 5 km<\/td>\n<\/tr>\n<tr>\n<td><strong>Rennen 2<\/strong><\/td>\n<td><strong>Finaletappe HEUER-Cup Senioren 4<\/strong><\/td>\n<td><\/td>\n<\/tr>\n<tr>\n<td>13:45 Uhr<\/td>\n<td>2.1 Senioren 4<\/td>\n<td>8 Rd. = 40 km<\/td>\n<\/tr>\n<tr>\n<td><strong>Rennen 3<\/strong><\/td>\n<td><strong>Jedermann Rennen \u201emedium-paced\u201c<\/strong><\/td>\n<td><\/td>\n<\/tr>\n<tr>\n<td>13:46 Uhr<\/td>\n<td>3.1 Jedermann m\/w (\u00d8 35 km\/h)<\/td>\n<td>8 Rd. = 40 km<\/td>\n<\/tr>\n<tr>\n<td><strong>Rennen 4<\/strong><\/td>\n<td><strong>Finaletappe HEUER-Cup Elite FT, Elite Frauen<\/strong><\/td>\n<td><\/td>\n<\/tr>\n<tr>\n<td>13:47 Uhr<\/td>\n<td><strong>und Juniorinnen U19<\/strong><\/td>\n<td><\/td>\n<\/tr>\n<tr>\n<td><\/td>\n<td>4.1 Elite FT und Elite Frauen<\/td>\n<td>8 Rd. = 40 km<\/td>\n<\/tr>\n<tr>\n<td><\/td>\n<td>4.2 Juniorinnen U19<\/td>\n<td>8 Rd. = 40 km<\/td>\n<\/tr>\n<tr>\n<td><strong>Rennen 5<\/strong><\/td>\n<td><strong>Finaletappe HEUER-Cup Amateure<\/strong><\/td>\n<td><\/td>\n<\/tr>\n<tr>\n<td>15:15 Uhr<\/td>\n<td>5.1 Amateure (ab Saison 2019)<\/td>\n<td>10 Rd. = 50 km<\/td>\n<\/tr>\n<tr>\n<td><strong>Rennen 6<\/strong><\/td>\n<td><strong>Jedermann Rennen \u201efast-paced\u201c<\/strong><\/td>\n<td><\/td>\n<\/tr>\n<tr>\n<td>15:15 Uhr<\/td>\n<td>6.1 Jedermann m\/w (\u00d8 40km\/h und schneller)<\/td>\n<td>10 Rd. = 50 km<\/td>\n<\/tr>\n<tr>\n<td><strong>Rennen 7<\/strong><\/td>\n<td><strong>Finaletappe HEUER-Cup Junioren U19<\/strong><\/td>\n<td><\/td>\n<\/tr>\n<tr>\n<td>15:17 Uhr<\/td>\n<td><strong>und Jugend m\u00e4nnlich U 17<\/strong><\/td>\n<td><\/td>\n<\/tr>\n<tr>\n<td><\/td>\n<td>7.1 Junioren U 19<\/td>\n<td>10 Rd. = 50 km<\/td>\n<\/tr>\n<tr>\n<td><\/td>\n<td>7.2 Jugend m\u00e4nnlich U 17<\/td>\n<td>10 Rd. = 50 km<\/td>\n<\/tr>\n<tr>\n<td><strong>Rennen 8<\/strong><\/td>\n<td><strong>Finaletappe HEUER-Cup Elite Amateure<\/strong><\/td>\n<td><\/td>\n<\/tr>\n<tr>\n<td>17:00 Uhr<\/td>\n<td>8.1 KT Elite Amateure ( ab Saison 2019)<\/td>\n<td>14 Rd. = 70 km<\/td>\n<\/tr>\n<tr>\n<td><strong>Rennen 9<\/strong><\/td>\n<td><strong>Finaletappe HEUER-Cup Senioren 2 und 3<\/strong><\/td>\n<td><\/td>\n<\/tr>\n<tr>\n<td>17:01 Uhr<\/td>\n<td>9.1 Senioren 2<\/td>\n<td>9 Rd. = 45 km<\/td>\n<\/tr>\n<tr>\n<td><\/td>\n<td>9.2 Senioren 3<\/td>\n<td>9 Rd. = 45 km<\/td>\n<\/tr>\n<\/tbody>\n<\/table>\n\n\t\t<\/div>\n\t<\/div>\n<div class=\"vc_empty_space\"   style=\"height: 32px\" ><span class=\"vc_empty_space_inner\"><\/span><\/div>\n<div class=\"vc_separator wpb_content_element vc_separator_align_center vc_sep_width_100 vc_sep_pos_align_center vc_sep_color_grey vc_separator-has-text\" ><span class=\"vc_sep_holder vc_sep_holder_l\"><span  class=\"vc_sep_line\"><\/span><\/span><h4>\u00dcber Notzingen und Wellingen<\/h4><span class=\"vc_sep_holder vc_sep_holder_r\"><span  class=\"vc_sep_line\"><\/span><\/span>\n<\/div>\n\t<div  class=\"wpb_single_image wpb_content_element vc_align_center\">\n\t\t\n\t\t<figure class=\"wpb_wrapper vc_figure\">\n\t\t\t<div class=\"vc_single_image-wrapper   vc_box_border_grey\"><img class=\"vc_single_image-img\" src=\"https:\/\/heuer-cup.de\/wp-content\/uploads\/2019\/09\/Programmheft_Notzingen_Screen-\u00fcberarbeitet.jpg\" width=\"583\" height=\"136\" alt=\"Programmheft_Notzingen_Screen-\u00fcberarbeitet\" title=\"Programmheft_Notzingen_Screen-\u00fcberarbeitet\" \/><\/div>\n\t\t<\/figure>\n\t<\/div>\n<div class=\"vc_empty_space\"   style=\"height: 32px\" ><span class=\"vc_empty_space_inner\"><\/span><\/div>\n\n\t<div class=\"wpb_text_column wpb_content_element\" >\n\t\t<div class=\"wpb_wrapper\">\n\t\t\t<p>Ein paar Zeilen zu unserer Gemeinde<\/p>\n<p>Der Ort verf\u00fcgt \u00fcber eine sehr gute Infrastruktur und ein hohes Ma\u00df an ehrenamtlichem Einsatz. Zum Beispiel bei der Feuerwehr, auch und gerade im Kinder- und Jugendbereich. Im Ort gibt es drei Kinderg\u00e4rten, eine Grundschule, vielf\u00e4ltige Sportund Freizeitangebote, f\u00fcnf Kinderspielpl\u00e4tze, gute Gastst\u00e4tten, eine gute Lebensmittelversorgung und eifrige Gewerbebetriebe. Erstaunlich ist die Zahl der Vereinsmitglieder \u2013 ungef\u00e4hr 3200 bei 3650 Einwohnern. Die Vorg\u00e4rten und die Streuobstwiesen sind gepflegt. Und \u00fcber 40 % der Gemarkungsfl\u00e4che sind Landschaftsschutzgebiet.<\/p>\n<p>1934 haben sich die Orte Notzingen und Wellingen zu einer Gemeinde zusammengeschlossen. Und die Gemeinde ist reich an Traditionen. Das Brauchtum als Wurzel eines Baumes, der sich vielseitig erstreckt. Feste Institutionen im Veranstaltungskalender sind etwa das D\u00e4tscherfest und das Kirchlesfest. Ortsbildpr\u00e4gende Geb\u00e4ude (beispielsweise Jakobuskirche, Kelter, Zehntscheuer, Altes Rathaus, Wellinger Kirchle und Pfarrhaus) sind in einem sehr guten Erhaltungszustand, stellen die st\u00e4dtebaulichen Dominanten dar und besitzen historischen Charme. Die gemeindlichen Backh\u00e4user werden auch noch genutzt.<\/p>\n<p>Um nur Beispiele zu nennen: Der Musikverein macht viele sch\u00f6ne Auff\u00fchrungen und auch die Kirchen (Konzerte, Irischer Abend, Ausfl\u00fcge\u2026) sind aktiv. L\u00e4ufer k\u00f6nnen beim j\u00e4hrlich stattfindenden Panoramalauf das Panorama genie\u00dfen. Die Lokalschauen der Kaninchen- und Gefl\u00fcgelz\u00fcchter sind gut organisiert und gut besucht Tradition und Zusammenhalt geben der Vorw\u00e4rtsbewegung die richtige Richtung. Ein Besuch in Notzingen lohnt. Die Gemeinde, in der Tradition die Zukunft gr\u00fc\u00dft.<\/p>\n<p>Herzliche Gr\u00fc\u00dfe<br \/>\nSven Haumacher<\/p>\n\n\t\t<\/div>\n\t<\/div>\n<div class=\"vc_empty_space\"   style=\"height: 32px\" ><span class=\"vc_empty_space_inner\"><\/span><\/div>\n<div class=\"vc_separator wpb_content_element vc_separator_align_center vc_sep_width_100 vc_sep_pos_align_center vc_sep_color_grey vc_separator-has-text\" ><span class=\"vc_sep_holder vc_sep_holder_l\"><span  class=\"vc_sep_line\"><\/span><\/span><h4>Gru\u00dfwort des B\u00fcrgermeisters<\/h4><span class=\"vc_sep_holder vc_sep_holder_r\"><span  class=\"vc_sep_line\"><\/span><\/span>\n<\/div>\n\t<div class=\"wpb_text_column wpb_content_element\" >\n\t\t<div class=\"wpb_wrapper\">\n\t\t\t<p>Liebe Besucher und Teilnehmer des HEUER-Cups,<\/p>\n<p>im Namen der Gemeindeverwaltung begr\u00fc\u00dfe ich Sie sehr herzlich. Es ist uns Ehre und Freude, dass unser kleiner Ort Ausrichter einer Etappe sein darf. Ich w\u00fcnsche Ihnen allen einen guten Aufenthalt, sch\u00f6ne Begegnungen, spannende Wettk\u00e4mpfe und dass alle Teilnehmer ihre sportlich gesteckten Ziele erreichen. Notzingen liegt landschaftlich reizvoll \u2013 m\u00f6gen die Radsportler bei ihrer rasanten Disziplin davon auch etwas mitbekommen.<\/p>\n<p>Der Sport dient nicht nur der k\u00f6rperlichen \u00dcbung. Er dient auch beispielsweise dazu, dass unterschiedliche Menschen aus unterschiedlichen sozialen Schichten zusammenfinden und f\u00f6rdert soziales Verhalten, gerade auch im Kinder- und Jugendbereich. Jugendliche lernen Sekund\u00e4rtugenden wie Flei\u00df und Fairness, der Sport integriert und schafft eine gute Figur. Er sorgt f\u00fcr Spa\u00df, Freude und Gesundheit, schafft Begeisterungsf\u00e4higkeit und bereichert damit das Leben. Auch die Freunde des Radsports und die erstmalige Etappe des HEUER-Cups bei uns leisten dazu ihren Beitrag.<\/p>\n<p>Ein herzliches Wort des Dankes gilt allen Mitwirkenden und allen Helfern aus den Vereinen und der Feuerwehr f\u00fcr Ihren Einsatz. Ebenso allen Sponsoren und Teilnehmern, ohne die diese Veranstaltung nicht bewerkstelligt werden kann. Gro\u00dfer Dank geb\u00fchrt Herrn Joachim Heuer f\u00fcr dessen Initiative und erfrischende und angenehme Zusammenarbeit.<\/p>\n<p>Im Namen der Gemeinde Notzingen und pers\u00f6nlich w\u00fcnsche ich den Organisatoren und den Teilnehmern einen gl\u00fccklichen Verlauf der Veranstaltung, den Zuschauern unbeschwerte Stunden, Vergn\u00fcgen und Geselligkeit und dass den Sportlern gelingen m\u00f6ge, was in vielen Stunden des Trainings erarbeitet wurde.<\/p>\n<p>Mit sportlichen Gr\u00fc\u00dfen<br \/>\nSven Haumacher<\/p>\n\n\t\t<\/div>\n\t<\/div>\n<div class=\"vc_empty_space\"   style=\"height: 32px\" ><span class=\"vc_empty_space_inner\"><\/span><\/div>\n<div class=\"vc_separator wpb_content_element vc_separator_align_center vc_sep_width_100 vc_sep_pos_align_center vc_sep_color_grey vc_separator-has-text\" ><span class=\"vc_sep_holder vc_sep_holder_l\"><span  class=\"vc_sep_line\"><\/span><\/span><h4>Gru\u00dfwort des Veranstalters<\/h4><span class=\"vc_sep_holder vc_sep_holder_r\"><span  class=\"vc_sep_line\"><\/span><\/span>\n<\/div>\n\t<div class=\"wpb_text_column wpb_content_element\" >\n\t\t<div class=\"wpb_wrapper\">\n\t\t\t<p>Liebe Freunde des Radsports, liebe Sportlerinnen &amp; Sportler,<\/p>\n<p>liebe Helferinnen &amp; Helfer, die Ihr ein so gro\u00dfartiges Event erm\u00f6glicht habt!<\/p>\n<p>Im Namen des gesamten HEUER-Cup-Teams m\u00f6chte ich Euch ganz herzlich zur Schlussetappe hier in Notzingen begr\u00fc\u00dfen.<\/p>\n<p>Die Idee, die 15. Etappe unseres HEUER-Cups durch Notzingen f\u00fchren zu lassen, kam uns w\u00e4hrend der Deutschland-Tour 2018, die unter anderem durch Notzingen f\u00fchrte. An der Rennstrecke des Jedermann-Rennens habe ich die Gemeinde Notzingen als begeisterte Zuschauerschaft erlebt. Inspiriert davon, m\u00f6chten wir hier gerne den Radsport zu den Zuschauern und die Zuschauer zum Radsport bringen.<\/p>\n<p>Wir haben bei der Gemeinde angefragt und im Rathaus viele offene T\u00fcren angetroffen. Wir freuen uns sehr, dass wir im B\u00fcrgermeister der Gemeinde Notzingen, Herrn Sven Haumacher, einen engagierten Unterst\u00fctzer f\u00fcr den Sport und unser Radrennen gefunden haben. Er hat nicht nur unsere Idee aufgegriffen, sondern auch die Kontakte zu den Vereinen vor Ort hergestellt.<\/p>\n<p>Die Feuerwehr, der TSV Notzingen, der Kirchlesverein und viele andere haben uns spontan ihre Unterst\u00fctzung zugesagt. Wir konnten au\u00dferdem viele Gewerbetreibende und Firmen in und um Notzingen f\u00fcr unser Vorhaben gewinnen.<\/p>\n<p>Wir sind begeistert, dass wir innerhalb von 10 Wochen insgesamt \u00fcber 200 helfende H\u00e4nde finden konnten, die dieses Radsportevent mit auf die Beine gestellt haben.<\/p>\n<p>Ich w\u00fcnsche uns allen einen sch\u00f6nen und fairen Wettkampftag.<br \/>\nWir sehen uns an der Rennstrecke!<\/p>\n<p>Mit sportlichen Gr\u00fc\u00dfen<br \/>\nJoachim Heuer<\/p>\n\n\t\t<\/div>\n\t<\/div>\n<div class=\"vc_empty_space\"   style=\"height: 32px\" ><span class=\"vc_empty_space_inner\"><\/span><\/div>\n<div class=\"vc_separator wpb_content_element vc_separator_align_center vc_sep_width_100 vc_sep_pos_align_center vc_sep_color_grey vc_separator-has-text\" ><span class=\"vc_sep_holder vc_sep_holder_l\"><span  class=\"vc_sep_line\"><\/span><\/span><h4>Informationen zur Etappe<\/h4><span class=\"vc_sep_holder vc_sep_holder_r\"><span  class=\"vc_sep_line\"><\/span><\/span>\n<\/div>\n\t<div class=\"wpb_text_column wpb_content_element\" >\n\t\t<div class=\"wpb_wrapper\">\n\t\t\t<table width=\"537\">\n<tbody>\n<tr>\n<td width=\"158\">Veranstaltungsrahmen:<\/td>\n<td width=\"379\">15. Etappe und zugleich Schlussetappe des HEUER-Cup.<\/td>\n<\/tr>\n<tr>\n<td><\/td>\n<td>Gefahren wird um den Baden-W\u00fcrttembergischen<\/td>\n<\/tr>\n<tr>\n<td><\/td>\n<td>Meistertitel in der Mannschaft.<\/td>\n<\/tr>\n<tr>\n<td>Zeitplan:<\/td>\n<td>Start: 12:30 Uhr<\/td>\n<\/tr>\n<tr>\n<td><\/td>\n<td>Ende: 19:00 Uhr<\/td>\n<\/tr>\n<tr>\n<td><\/td>\n<td>Zeitplan mit Startzeiten in der Anlage.<\/td>\n<\/tr>\n<tr>\n<td>Streckensperrung:<\/td>\n<td>12:15 bis 19:30 Uhr inklusive Auf- und Abbau.<\/td>\n<\/tr>\n<tr>\n<td><\/td>\n<td>Im Bereich Start\/Ziel evtl. tempor\u00e4re kurzfristige<\/td>\n<\/tr>\n<tr>\n<td><\/td>\n<td>Sperrungen au\u00dferhalb der oben genannten Zeiten.<\/td>\n<\/tr>\n<tr>\n<td><\/td>\n<td>\u00dcbrige Strecke: W\u00e4hrend der Rennzeit sind nur<\/td>\n<\/tr>\n<tr>\n<td><\/td>\n<td>in Rennpausen an gekennzeichneten Stellen<\/td>\n<\/tr>\n<tr>\n<td><\/td>\n<td>Querungen m\u00f6glich.<\/td>\n<\/tr>\n<tr>\n<td>Rundenl\u00e4nge:<\/td>\n<td>Rundenl\u00e4nge 4,9 km; H\u00f6henmeter\/Runde: 90 m.<\/td>\n<\/tr>\n<tr>\n<td><\/td>\n<td>30 Streckenposten werden ben\u00f6tigt um die Strecke<\/td>\n<\/tr>\n<tr>\n<td><\/td>\n<td>abzusichern.<\/td>\n<\/tr>\n<\/tbody>\n<\/table>\n\n\t\t<\/div>\n\t<\/div>\n\n\t<div  class=\"wpb_single_image wpb_content_element vc_align_center\">\n\t\t\n\t\t<figure class=\"wpb_wrapper vc_figure\">\n\t\t\t<div class=\"vc_single_image-wrapper   vc_box_border_grey\"><img width=\"1061\" height=\"417\" src=\"https:\/\/heuer-cup.de\/wp-content\/uploads\/2019\/09\/lurs-noetzingen.jpg\" class=\"vc_single_image-img attachment-full\" alt=\"\" loading=\"lazy\" srcset=\"https:\/\/heuer-cup.de\/wp-content\/uploads\/2019\/09\/lurs-noetzingen.jpg 1061w, https:\/\/heuer-cup.de\/wp-content\/uploads\/2019\/09\/lurs-noetzingen-300x118.jpg 300w, https:\/\/heuer-cup.de\/wp-content\/uploads\/2019\/09\/lurs-noetzingen-768x302.jpg 768w, https:\/\/heuer-cup.de\/wp-content\/uploads\/2019\/09\/lurs-noetzingen-1024x402.jpg 1024w, https:\/\/heuer-cup.de\/wp-content\/uploads\/2019\/09\/lurs-noetzingen-600x236.jpg 600w\" sizes=\"(max-width: 768px) 92vw, (max-width: 992px) 970px, (max-width: 1200px) 1170px, 1200px\" \/><\/div>\n\t\t<\/figure>\n\t<\/div>\n\n\t<div class=\"wpb_text_column wpb_content_element\" >\n\t\t<div class=\"wpb_wrapper\">\n\t\t\t<p><strong>Streckenverlauf:<\/strong><br \/>\nStart &#8211; Wellinger Stra\u00dfe vor der Gemeindeverwaltung &#8211; Fahrtrichtung nach Wellingen. Weiter auf Notzinger Stra\u00dfe, gerade weiter in Ro\u00dfw\u00e4lder Stra\u00dfe. Links in den Wirtschaftsweg, dann zur\u00fcck in Richtung Notzingen, \u00dcbergang in Hoehstaufenblick, dann rechts ab in Rechbergstra\u00dfe bis zum Ende.Dann rechts Wirtschaftsweg n\u00f6rdlich an den Wohnh\u00e4usern vorbei und gerade weiter auf Herdfeldstra\u00dfe, M\u00fcllerweg, rechts auf Herdfelderstra\u00dfe, dann links ab in Hermannstra\u00dfe bis ans Ende und dann wieder \u00fcber die Wellinger Stra\u00dfe zur\u00fcck zur Gemeindeverwaltung<\/p>\n\n\t\t<\/div>\n\t<\/div>\n<\/div><\/div><\/div><\/div>","protected":false},"excerpt":{"rendered":"Rennen 1 Finaletappe HEUER-Cup Jugend U17w und Sch\u00fcler 12:30 Uhr 1.1 Jugend weiblich U17 6 Rd. = 30 km 1.2 Sch\u00fcler U15 6 Rd. = 30 km 1.3 Sch\u00fclerinnen U15 6 Rd. = 30 km Sch\u00fclerrennen 1 Sch\u00fclerrennen ohne Lizenz 12:31 Uhr Jahrgang 2001\/2002 m\/w 2 Rd. = 10 km Sch\u00fclerrennen 2 Sch\u00fclerrennen ohne Lizenz [...]","protected":false},"author":1,"featured_media":0,"parent":0,"menu_order":0,"comment_status":"closed","ping_status":"closed","template":"","meta":[],"yoast_head":"<!-- This site is optimized with the Yoast SEO plugin v16.9 - https:\/\/yoast.com\/wordpress\/plugins\/seo\/ -->\n<title>Radrennen Notzingen - HEUER-Cup<\/title>\n<meta name=\"robots\" content=\"index, follow, max-snippet:-1, max-image-preview:large, max-video-preview:-1\" \/>\n<link rel=\"canonical\" href=\"https:\/\/heuer-cup.de\/en\/radrennen-notzingen\/\" \/>\n<meta property=\"og:locale\" content=\"en_GB\" \/>\n<meta property=\"og:type\" content=\"article\" \/>\n<meta property=\"og:title\" content=\"Radrennen Notzingen - HEUER-Cup\" \/>\n<meta property=\"og:url\" content=\"https:\/\/heuer-cup.de\/en\/radrennen-notzingen\/\" \/>\n<meta property=\"og:site_name\" content=\"HEUER-Cup\" \/>\n<meta property=\"article:publisher\" content=\"https:\/\/www.facebook.com\/HeuerCup\/\" \/>\n<meta property=\"article:modified_time\" content=\"2019-12-09T14:15:42+00:00\" \/>\n<meta name=\"twitter:card\" content=\"summary_large_image\" \/>\n<meta name=\"twitter:site\" content=\"@Heuer_Cup\" \/>\n<meta name=\"twitter:label1\" content=\"Estimated reading time\" \/>\n\t<meta name=\"twitter:data1\" content=\"6 minutes\" \/>\n<script type=\"application\/ld+json\" class=\"yoast-schema-graph\">{\"@context\":\"https:\/\/schema.org\",\"@graph\":[{\"@type\":\"Organization\",\"@id\":\"https:\/\/heuer-cup.de\/#organization\",\"name\":\"Heuer Radsport\",\"url\":\"https:\/\/heuer-cup.de\/\",\"sameAs\":[\"https:\/\/www.facebook.com\/HeuerCup\/\",\"https:\/\/www.instagram.com\/heuer_cup\/\",\"https:\/\/www.youtube.com\/channel\/UCuFkVFhY376_zRGfw_0Oy-Q\",\"https:\/\/twitter.com\/Heuer_Cup\"],\"logo\":{\"@type\":\"ImageObject\",\"@id\":\"https:\/\/heuer-cup.de\/#logo\",\"inLanguage\":\"en-GB\",\"url\":\"https:\/\/heuer-cup.de\/wp-content\/uploads\/2019\/01\/logo2.jpg\",\"contentUrl\":\"https:\/\/heuer-cup.de\/wp-content\/uploads\/2019\/01\/logo2.jpg\",\"width\":750,\"height\":186,\"caption\":\"Heuer Radsport\"},\"image\":{\"@id\":\"https:\/\/heuer-cup.de\/#logo\"}},{\"@type\":\"WebSite\",\"@id\":\"https:\/\/heuer-cup.de\/#website\",\"url\":\"https:\/\/heuer-cup.de\/\",\"name\":\"Heuer Radsport\",\"description\":\"Vollgas! oder einfach: Kette rechts\",\"publisher\":{\"@id\":\"https:\/\/heuer-cup.de\/#organization\"},\"potentialAction\":[{\"@type\":\"SearchAction\",\"target\":{\"@type\":\"EntryPoint\",\"urlTemplate\":\"https:\/\/heuer-cup.de\/?s={search_term_string}\"},\"query-input\":\"required name=search_term_string\"}],\"inLanguage\":\"en-GB\"},{\"@type\":\"WebPage\",\"@id\":\"https:\/\/heuer-cup.de\/radrennen-notzingen\/#webpage\",\"url\":\"https:\/\/heuer-cup.de\/radrennen-notzingen\/\",\"name\":\"Radrennen Notzingen - HEUER-Cup\",\"isPartOf\":{\"@id\":\"https:\/\/heuer-cup.de\/#website\"},\"datePublished\":\"2019-09-16T18:16:57+00:00\",\"dateModified\":\"2019-12-09T14:15:42+00:00\",\"breadcrumb\":{\"@id\":\"https:\/\/heuer-cup.de\/radrennen-notzingen\/#breadcrumb\"},\"inLanguage\":\"en-GB\",\"potentialAction\":[{\"@type\":\"ReadAction\",\"target\":[\"https:\/\/heuer-cup.de\/radrennen-notzingen\/\"]}]},{\"@type\":\"BreadcrumbList\",\"@id\":\"https:\/\/heuer-cup.de\/radrennen-notzingen\/#breadcrumb\",\"itemListElement\":[{\"@type\":\"ListItem\",\"position\":1,\"name\":\"Home\",\"item\":\"https:\/\/heuer-cup.de\/\"},{\"@type\":\"ListItem\",\"position\":2,\"name\":\"Radrennen Notzingen\"}]}]}<\/script>\n<!-- \/ Yoast SEO plugin. -->","yoast_head_json":{"title":"Radrennen Notzingen - HEUER-Cup","robots":{"index":"index","follow":"follow","max-snippet":"max-snippet:-1","max-image-preview":"max-image-preview:large","max-video-preview":"max-video-preview:-1"},"canonical":"https:\/\/heuer-cup.de\/en\/radrennen-notzingen\/","og_locale":"en_GB","og_type":"article","og_title":"Radrennen Notzingen - HEUER-Cup","og_url":"https:\/\/heuer-cup.de\/en\/radrennen-notzingen\/","og_site_name":"HEUER-Cup","article_publisher":"https:\/\/www.facebook.com\/HeuerCup\/","article_modified_time":"2019-12-09T14:15:42+00:00","twitter_card":"summary_large_image","twitter_site":"@Heuer_Cup","twitter_misc":{"Estimated reading time":"6 minutes"},"schema":{"@context":"https:\/\/schema.org","@graph":[{"@type":"Organization","@id":"https:\/\/heuer-cup.de\/#organization","name":"Heuer Radsport","url":"https:\/\/heuer-cup.de\/","sameAs":["https:\/\/www.facebook.com\/HeuerCup\/","https:\/\/www.instagram.com\/heuer_cup\/","https:\/\/www.youtube.com\/channel\/UCuFkVFhY376_zRGfw_0Oy-Q","https:\/\/twitter.com\/Heuer_Cup"],"logo":{"@type":"ImageObject","@id":"https:\/\/heuer-cup.de\/#logo","inLanguage":"en-GB","url":"https:\/\/heuer-cup.de\/wp-content\/uploads\/2019\/01\/logo2.jpg","contentUrl":"https:\/\/heuer-cup.de\/wp-content\/uploads\/2019\/01\/logo2.jpg","width":750,"height":186,"caption":"Heuer Radsport"},"image":{"@id":"https:\/\/heuer-cup.de\/#logo"}},{"@type":"WebSite","@id":"https:\/\/heuer-cup.de\/#website","url":"https:\/\/heuer-cup.de\/","name":"Heuer Radsport","description":"Vollgas! oder einfach: Kette rechts","publisher":{"@id":"https:\/\/heuer-cup.de\/#organization"},"potentialAction":[{"@type":"SearchAction","target":{"@type":"EntryPoint","urlTemplate":"https:\/\/heuer-cup.de\/?s={search_term_string}"},"query-input":"required name=search_term_string"}],"inLanguage":"en-GB"},{"@type":"WebPage","@id":"https:\/\/heuer-cup.de\/radrennen-notzingen\/#webpage","url":"https:\/\/heuer-cup.de\/radrennen-notzingen\/","name":"Radrennen Notzingen - HEUER-Cup","isPartOf":{"@id":"https:\/\/heuer-cup.de\/#website"},"datePublished":"2019-09-16T18:16:57+00:00","dateModified":"2019-12-09T14:15:42+00:00","breadcrumb":{"@id":"https:\/\/heuer-cup.de\/radrennen-notzingen\/#breadcrumb"},"inLanguage":"en-GB","potentialAction":[{"@type":"ReadAction","target":["https:\/\/heuer-cup.de\/radrennen-notzingen\/"]}]},{"@type":"BreadcrumbList","@id":"https:\/\/heuer-cup.de\/radrennen-notzingen\/#breadcrumb","itemListElement":[{"@type":"ListItem","position":1,"name":"Home","item":"https:\/\/heuer-cup.de\/"},{"@type":"ListItem","position":2,"name":"Radrennen Notzingen"}]}]}},"_links":{"self":[{"href":"https:\/\/heuer-cup.de\/en\/wp-json\/wp\/v2\/pages\/5412"}],"collection":[{"href":"https:\/\/heuer-cup.de\/en\/wp-json\/wp\/v2\/pages"}],"about":[{"href":"https:\/\/heuer-cup.de\/en\/wp-json\/wp\/v2\/types\/page"}],"author":[{"embeddable":true,"href":"https:\/\/heuer-cup.de\/en\/wp-json\/wp\/v2\/users\/1"}],"replies":[{"embeddable":true,"href":"https:\/\/heuer-cup.de\/en\/wp-json\/wp\/v2\/comments?post=5412"}],"version-history":[{"count":14,"href":"https:\/\/heuer-cup.de\/en\/wp-json\/wp\/v2\/pages\/5412\/revisions"}],"predecessor-version":[{"id":5429,"href":"https:\/\/heuer-cup.de\/en\/wp-json\/wp\/v2\/pages\/5412\/revisions\/5429"}],"wp:attachment":[{"href":"https:\/\/heuer-cup.de\/en\/wp-json\/wp\/v2\/media?parent=5412"}],"curies":[{"name":"wp","href":"https:\/\/api.w.org\/{rel}","templated":true}]}}