{"id":4201,"date":"2019-08-21T21:24:59","date_gmt":"2019-08-21T19:24:59","guid":{"rendered":"https:\/\/heuer-cup.de\/?page_id=4201"},"modified":"2020-03-02T18:57:17","modified_gmt":"2020-03-02T17:57:17","slug":"nachwuchsklassen-generalausschreibung","status":"publish","type":"page","link":"https:\/\/heuer-cup.de\/en\/das-war-unser-2018\/generalausschreibung\/nachwuchsklassen-generalausschreibung\/","title":{"rendered":"Nachwuchsklassen &#8211; Generalausschreibung"},"content":{"rendered":"<div class=\"vc_row wpb_row vc_row-fluid\"><div class=\"wpb_column vc_column_container vc_col-sm-12\"><div class=\"vc_column-inner\"><div class=\"wpb_wrapper\">\n\t<div class=\"wpb_text_column wpb_content_element\" >\n\t\t<div class=\"wpb_wrapper\">\n\t\t\t<p><strong>Ausschreibung zum HEUER-Cup Radrennsport<\/strong><br \/>\n<a href=\"https:\/\/www.wrsv.de\/olympischer-radsport\/strasse\/rennserien\/heuer-cup\" target=\"_blank\" rel=\"noopener noreferrer\">Junioren, Juniorinnen, Jugend und weibliche Jugend 2018<\/a><\/p>\n<p><a href=\"https:\/\/heuer-cup.de\/wp-content\/uploads\/Ausschreibung-2018\/Heuer-Cup_2018_Nachwuchsklassen.pdf\" target=\"_blank\" rel=\"noopener noreferrer\"><img class=\"aligncenter\" title=\"Ausschreibung HEUER-Cup\" src=\"https:\/\/heuer-cup.eu\/userfiles\/images\/Logo_Download\/HeuerCup_Logo_small.jpg\" alt=\"\" \/><\/a><\/p>\n<p>Unter dem Patronat der HEUER Pr\u00e4zisionsteile GmbH f\u00fchren der W\u00fcrttembergische Radsportverband e.V. und der Badische Radsportverband e.V. gemeinsam mit den ausrichtenden Vereinen die Rennserie HEUER-Cup f\u00fcr Junioren, Juniorinnen, Jugend und weibliche Jugend durch.<\/p>\n<div><strong>F\u00fcr den HEUER-Cup muss eine vereinsweise Serien-Anmeldung durchgef\u00fchrt werden. Alle Fahrer\/innen gem\u00e4\u00df \u00a7 1 sind startberechtigt.<br \/>\nDie Vereins-Teamwertung wird \u00fcber alle vier Klassen ausgetragen.<\/strong><\/div>\n<div><strong>Auf allen Etappen gewinnt der Tagesbeste das HEUER-Cup Sieger-Trikot. Zudem wird wieder ein laufendes F\u00fchrungstrikot vergeben. Der\/die F\u00fchrende muss dieses F\u00fchrungstrikot auf der n\u00e4chsten Etappe tragen.<br \/>\nIn allen vier Klassen bleibt f\u00fcr die Bestimmung der Einzelwertung ein Streichresultat erhalten.<\/strong><\/div>\n<p>Aktuelle Ergebnisse werden zeitnah ver\u00f6ffentlicht unter:<\/p>\n<p><a href=\"https:\/\/www.heuer-cup.eu\/\">https:\/\/www.heuer-cup.eu\/<\/a><\/p>\n<p>und<\/p>\n<p><a href=\"https:\/\/wrsv.de\/olympischer-radsport\/strasse\/rennserien\/heuer-cup\/ergebnisse\">https:\/\/wrsv.de\/olympischer-radsport\/strasse\/rennserien\/heuer-cup\/ergebnisse<br \/>\n<\/a><\/p>\n<ol>\n<li><strong>Teilnahmeberechtigung<\/strong><br \/>\nIn Wertung um den HEUER-Cup kommen alle Radrennsportler\/innen der Klassen Junioren, Juniorinnen, Jugend und weibliche Jugend, die \u00fcber einen BDR-Verein lizenziert sind und zur Teilnahme am HEUER- Cup angemeldet werden.<\/li>\n<li><strong>Wettbewerbe<\/strong><br \/>\nDer HEUER-Cup Radrennsport Junioren, Juniorinnen, m\u00e4nnliche Jugend und weibliche Jugend besteht aus 7 zusammenh\u00e4ngenden Stra\u00dfen-Wettbewerben (vgl. \u00dcbersichtsplan \u00a7 6). Die Durchf\u00fchrung der Wettbewerbe erfolgt nach den Bestimmungen der Sportordnung, WB Stra\u00dfe des BDR sowie dieser Generalausschreibung.<\/li>\n<li><strong>Wertungsbestimmungen<br \/>\n<\/strong><br \/>\na.) Einzelwertung<br \/>\nF\u00fcr die Gesamtwertung erhalten die Fahrer bei den einzelnen Etappen wie folgt HEUER&#8211;Cup Punkte:<br \/>\nPlatz 1-15 Punkteregel:<br \/>\n25-22-20-19-18-17-16-15-14-13-13-12-12-11-11 Punkte.Ab Platz 16 Zeitregel<br \/>\nR\u00fcckstand 0:00min-1:59min\u00a0 10 Punkte<br \/>\nR\u00fcckstand 2:00min-9:59min\u00a0\u00a0\u00a0 8 Punkte<br \/>\nIm Kontrollschluss im Ziel\u00a0\u00a0\u00a0\u00a0\u00a0\u00a0\u00a0 6 Punkte<br \/>\nGestartet und DNF\u00a0\u00a0\u00a0\u00a0\u00a0\u00a0\u00a0\u00a0\u00a0\u00a0\u00a0\u00a0\u00a0\u00a0\u00a0\u00a0\u00a0\u00a0 1 PunktBei Nichtantritt einer Etappe oder Disqualifikation durch den VKK werden keine Punkte gutgeschrieben.<br \/>\n<strong>Bei jedem Wettbewerb legen der VKK und der Ausrichterverein vor Rennbeginn die jeweils g\u00fcltige Regelung zur Karenzzeit fest<\/strong>, die ma\u00dfgeblich f\u00fcr den Erhalt von 6Punkten ist. HEUER-Cup Punkte f\u00fcr<br \/>\nPl\u00e4tze von nicht f\u00fcr den gesamten Cup gemeldeten Fahrern (vgl. \u00a7 1) bleiben vakant. D.h. es erfolgt\u00a0<strong>kein<\/strong>\u00a0Aufr\u00fccken bei der Punkteregel.b.) Spitzenreiterwertung<br \/>\nF\u00fcr jede der vier Klassen gibt es eine separate Spitzenreiterwertung.<br \/>\nAnhand der Punkte werden die Fahrer in der Spitzenreiterwertung erfasst. Der Fahrer mit der h\u00f6chsten Punktesumme in jeder Klasse erh\u00e4lt nach der jeweiligen Etappe das HEUER-Cup F\u00fchrungstrikot.<br \/>\nDie Punktsumme wird hierf\u00fcr wie folgt berechnet:- bis zur Etappe in Schwenningen aus der Summe aller Tages-HEUER&#8211;Punkte- nach der Etappe in Konstanz aus der Summe der (x-1) besten EtappenergebnisseBei Punktegleichheit entscheidet die bessere Platzierung im letzten Wettbewerb. Das F\u00fchrungstrikot\u00a0<strong>muss<\/strong>\u00a0auf der n\u00e4chsten Etappe getragen werden. Auf dem F\u00fchrungstrikot darf der Vereinssponsor getragen werden.c.) Doppelmeldung<br \/>\nFahrer, die am selben Tag f\u00fcr ein anderes Rennen melden, an dem eine HEUER-Cup Etappe stattfindet, m\u00fcssen sich beim Ausrichter der HEUER-Cup Etappe bis zu dessen Meldeschluss fristgerecht abmelden. Ansonsten werden beide Meldungen als Doppelmeldung gewertet und k\u00f6nnen dementsprechend (SpO\/WB) bestraft werden. Bei Etappen bei denen das Nenngeld vorab \u00fcberwiesen werden muss, z\u00e4hlt die Anmeldung zur HEUER-Cup Etappe erst nach dem \u00dcberweisen des Nenngelds.<br \/>\nDementsprechend muss auch erst dann eine Abmeldung erfolgen.d.) Nachmeldungen<br \/>\nFahrer\/innen k\u00f6nnen bis einschlie\u00dflich 15.Juni zum HEUER-Cup nachgemeldet werden. F\u00fcr bereits stattgefundene Etappen werden die Punkte in der Einzelwertung gutgeschrieben. F\u00fcr diesen organisatorischen Aufwand wird allerdings eine OK-Geb\u00fchr f\u00e4llig, siehe \u00a78.<\/li>\n<li><strong>Ehrengaben und Preise<\/strong><br \/>\nJeder am HEUER-Cup gemeldete Sportler erh\u00e4lt ein Starterpaket im Wert von ca.50\u20ac. Das Startpaket wird vom Sportler pers\u00f6nlich am Heuer-Stand in Sch\u00f6naich abgeholt.a.) Etappenpreise:<br \/>\nBei jeder Etappe erh\u00e4lt der Sieger\/die Siegerin der jeweiligen Klasse das HEUER-Cup Tagessieger-Trikot. Die Fahrer\/innen auf Platz 1-3 erhalten Siegerblumen.<br \/>\nDer F\u00fchrende in der Gesamteinzelwertung erh\u00e4lt das HEUER-Cup F\u00fchrungstrikot (siehe \u00a7 3.c.)<br \/>\nDie Tagespreise der Etappen werden nach WB Stra\u00dfe bezahlt und unmittelbar nach der Etappe durch den Veranstalter ausgezahlt.b.) Gesamtwertung\/ Einzel:<br \/>\nNach Abschluss aller Etappen wird anhand der gewonnenen HEUER-Cup Punkte in jeder Klasse die Gesamtwertung erstellt. F\u00fcr jeden Fahrer und jede Fahrerin werden die jeweils x punktbesten Etappenresultate addiert, wobei x die Anzahl der Wettbewerbe in der jeweiligen Klasse minus eins ist.Es siegt der Fahrer\/die Fahrerin mit der h\u00f6chsten Punktesumme aus obiger Addition. Bei Punktegleichheit entscheidet die bessere Platzierung im Finalrennen. Der Sieger\/die Siegerin gewinnt das HEUER-Cup Siegertrikot. Die Fahrer\/innen auf Platz 1-3 gewinnen HEUER-Cup Pokale.c.) Gesamtwertung\/ Vereins-Team:<br \/>\nF\u00fcr die Jahres-Vereins-Wertung werden \u00fcbergreifend \u00fcber die 4 Klassen die drei besten Fahrer\/innen eines Vereins gewertet. Dabei werden die Platzziffern der Gesamt-Einzelwertung addiert. Es siegt das Team mit der niedrigsten Platzziffern-Summe. Bei Punktegleichheit entscheidet die bessere erzielte Einzelplatzierung aller Fahrer des Vereins, ist diese auch gleich, entscheidet die zweitbeste erzielte Einzelplatzierung usw.<br \/>\nEs werden nur Vereine gewertet, keine Renngemeinschaften oder Auswahlmannschaften.Die drei besten Vereins-Teams gewinnen HEUER- Cup Pokale. Sowie die Titel Baden-W\u00fcrttembergische Vereinsmeister der Nachwuchsklassen (Platz 1,2,3).d.) Ausgabe der Jahrespreise<br \/>\nDie Jahressiegerehrung und Ausgabe aller Gesamtwertungspreise erfolgt f\u00fcr alle Klasse gemeinsam nach der Finaletappe in Reute.<\/li>\n<li><strong>Trikotbestimmungen\u00a0<\/strong><br \/>\ngem\u00e4\u00df WB Stra\u00dfe<\/li>\n<li><strong>Etappenplan<\/strong>Etappe 1<br \/>\n2. Apil &#8211; Sch\u00f6naich &#8211; Rennen STREtappe 2<br \/>\n22.April &#8211; Bruchsal &#8211; Rennen Krit\/RREtappe 3<br \/>\n13.Mai &#8211; Ellmendingen &#8211; Rennen RREtappe 4<br \/>\n20.Mai &#8211; Schwenningen &#8211; Rennen STREtappe 5<br \/>\n3.Juni &#8211; Konstanz &#8211; Rennen Krit\/RREtappe 6<br \/>\n15.Juli &#8211; Filderstadt-Plattenhardt &#8211; Rennen RREtappe 7<br \/>\n22.Juli &#8211; Reute &#8211; Rennen RRDas OK beh\u00e4lt sich das Recht vor, den Etappenplan zu \u00e4ndern.<\/li>\n<li><strong>Verlosung\u00a0<\/strong><br \/>\neines hochwertigen HEUER Carbon-Stra\u00dfen-Laufradsatzes<br \/>\nIm Rahmen der Gesamtsiegerehrung bei der Finaletappe in Backnang erfolgt unter allen Nachwuchsklassen eine Sachpreis-Verlosung. Der Hauptpreis ist ein Laufradsatz der Firma Heuer mit Flanschnaben und Aerospeichen, nach Wahl des Sportlers mit Clincher oder Tubular.<br \/>\nF\u00fcr die Verlosung qualifizieren sich alle Sportler\/Sportlerinnen, die in ihrer jeweiligen Klasse bei allen bis auf ein Rennen mindestens 1HEUER-Cup Punkt erworben haben. Falls der gezogene Gewinner bei der Verlosung nicht pers\u00f6nlich anwesend ist, verf\u00e4llt sein Gewinn und ein neuer Gewinner wird gezogen.<\/li>\n<li><strong>Anmeldung<\/strong><br \/>\nDie Fahrer\/innen sind vereinsweise mit Name, Vorname, Verein und UCI-ID zu benennen.<br \/>\nDas excel-Formular zur Nennung kann unter\u00a0<a href=\"http:\/\/www.wrsv.de\/olympischer-radsport\/strasse\/rennserien\/HEUER-cup\" target=\"_blank\" rel=\"noopener noreferrer\">WRSV<\/a>\u00a0runtergeladen werden.Die Anmeldung erfolgt vereinsweise und ist bis zum\u00a0<strong>25.3.2018<\/strong>\u00a0kostenfrei. Danach kann bis zum 15.Juni nachgemeldet werden. F\u00fcr das Nachpflegen von Start- und Ergebnislisten wird dann ein Organisationsbeitrag in H\u00f6he von\u00a0<strong>20.- \u20ac<\/strong>pro Verein f\u00e4llig. Dieser reduziert sich auf\u00a0<strong>10.- \u20ac<\/strong>\u00a0f\u00fcr Vereine, die nur einen Fahrer (oder Fahrerin) nachmelden. Zur Rechnungsstellung muss eine vollst\u00e4ndige Postadresse angegeben werden. Die Meldung ist dann erst nach Rechnungszahlung g\u00fcltig.Die Fahrer erhalten f\u00fcr den gesamten HEUER-Cup eine Standardnummer zugewiesen. Die Fahrer brauchen sich f\u00fcr alle Tagesetappen, die ohne Vorab\u00fcberweisung des Nenngelds abgewickelt werden, nicht mehr extra zu melden.Die Startnummern werden bei jeder Etappe vom Fahrer\/in an der Startnummernausgabe abgeholt<br \/>\nDas Tagesnenngeld ist gem\u00e4\u00df der jeweiligen Ausschreibung unmittelbar bei der Nummernausgabe oder per Vorab\u00fcberweisung zu entrichten.Achtung bei Rennen mit Vorab\u00fcbeweisung (mind.das Rennen in Sch\u00f6naich) m\u00fcssen HEUER-Cup Teilnehmer separat eine Tagesanmeldung durchf\u00fchren! Hierzu ist gem\u00e4\u00df Ausschreibung beim Veranstalter zu nennen. Tagesausschreibung beachten!<\/li>\n<\/ol>\n<p><strong>Meldeschluss f\u00fcr die Jahresnennung: 25. M\u00e4rz 2018<\/strong><br \/>\nFahrer die sich nicht bis zum 25.3. melden, m\u00fcssen eine kostenpflichtige Nachmeldung durchf\u00fchren. Nicht gemeldete Fahrer kommen nicht in die HEUER-Cup Wertung. Sie m\u00fcssen sich zu den einzelnen Etappen direkt beim Ausrichter anmelden (Ausschreibung beachten).<\/p>\n<p><strong>Sportliche Aufsicht<\/strong><br \/>\nDer Verbandsbeauftragte, der \u00f6rtliche VKK und die KK-Mitglieder f\u00fchren die sportliche Aufsicht, erstellen das Tagesergebnis und ermitteln den F\u00fchrenden in der Gesamtwertung.<\/p>\n<p>Gez.<br \/>\nBadischer Radsportverband e.V.\/W\u00fcrttembergischer Radsportverband e.V.<br \/>\nMarc Benkert, Projektleitung HEUER-Cup, Liga-Beauftragter<\/p>\n\n\t\t<\/div>\n\t<\/div>\n<\/div><\/div><\/div><\/div>","protected":false},"excerpt":{"rendered":"Ausschreibung zum HEUER-Cup Radrennsport Junioren, Juniorinnen, Jugend und weibliche Jugend 2018 Unter dem Patronat der HEUER Pr\u00e4zisionsteile GmbH f\u00fchren der W\u00fcrttembergische Radsportverband e.V. und der Badische Radsportverband e.V. gemeinsam mit den ausrichtenden Vereinen die Rennserie HEUER-Cup f\u00fcr Junioren, Juniorinnen, Jugend und weibliche Jugend durch. F\u00fcr den HEUER-Cup muss eine vereinsweise Serien-Anmeldung durchgef\u00fchrt werden. Alle Fahrer\/innen [...]","protected":false},"author":1,"featured_media":0,"parent":4191,"menu_order":473,"comment_status":"closed","ping_status":"closed","template":"","meta":[],"yoast_head":"<!-- This site is optimized with the Yoast SEO plugin v16.9 - https:\/\/yoast.com\/wordpress\/plugins\/seo\/ -->\n<title>Nachwuchsklassen - Generalausschreibung - HEUER-Cup<\/title>\n<meta name=\"description\" content=\"Nachwuchsklassen - Generalausschreibung des bundesoffenen HEUER-Cup 2018 und seine Zusatzinformationen f\u00fcr die Teilnehmer.\" \/>\n<meta name=\"robots\" content=\"index, follow, max-snippet:-1, max-image-preview:large, max-video-preview:-1\" \/>\n<link rel=\"canonical\" href=\"https:\/\/heuer-cup.de\/en\/das-war-unser-2018\/generalausschreibung\/nachwuchsklassen-generalausschreibung\/\" \/>\n<meta property=\"og:locale\" content=\"en_GB\" \/>\n<meta property=\"og:type\" content=\"article\" \/>\n<meta property=\"og:title\" content=\"Nachwuchsklassen - Generalausschreibung - HEUER-Cup\" \/>\n<meta property=\"og:description\" content=\"Nachwuchsklassen - Generalausschreibung des bundesoffenen HEUER-Cup 2018 und seine Zusatzinformationen f\u00fcr die Teilnehmer.\" \/>\n<meta property=\"og:url\" content=\"https:\/\/heuer-cup.de\/en\/das-war-unser-2018\/generalausschreibung\/nachwuchsklassen-generalausschreibung\/\" \/>\n<meta property=\"og:site_name\" content=\"HEUER-Cup\" \/>\n<meta property=\"article:publisher\" content=\"https:\/\/www.facebook.com\/HeuerCup\/\" \/>\n<meta property=\"article:modified_time\" content=\"2020-03-02T17:57:17+00:00\" \/>\n<meta property=\"og:image\" content=\"https:\/\/heuer-cup.eu\/userfiles\/images\/Logo_Download\/HeuerCup_Logo_small.jpg\" \/>\n<meta name=\"twitter:card\" content=\"summary_large_image\" \/>\n<meta name=\"twitter:site\" content=\"@Heuer_Cup\" \/>\n<meta name=\"twitter:label1\" content=\"Estimated reading time\" \/>\n\t<meta name=\"twitter:data1\" content=\"6 minutes\" \/>\n<script type=\"application\/ld+json\" class=\"yoast-schema-graph\">{\"@context\":\"https:\/\/schema.org\",\"@graph\":[{\"@type\":\"Organization\",\"@id\":\"https:\/\/heuer-cup.de\/#organization\",\"name\":\"Heuer Radsport\",\"url\":\"https:\/\/heuer-cup.de\/\",\"sameAs\":[\"https:\/\/www.facebook.com\/HeuerCup\/\",\"https:\/\/www.instagram.com\/heuer_cup\/\",\"https:\/\/www.youtube.com\/channel\/UCuFkVFhY376_zRGfw_0Oy-Q\",\"https:\/\/twitter.com\/Heuer_Cup\"],\"logo\":{\"@type\":\"ImageObject\",\"@id\":\"https:\/\/heuer-cup.de\/#logo\",\"inLanguage\":\"en-GB\",\"url\":\"https:\/\/heuer-cup.de\/wp-content\/uploads\/2019\/01\/logo2.jpg\",\"contentUrl\":\"https:\/\/heuer-cup.de\/wp-content\/uploads\/2019\/01\/logo2.jpg\",\"width\":750,\"height\":186,\"caption\":\"Heuer Radsport\"},\"image\":{\"@id\":\"https:\/\/heuer-cup.de\/#logo\"}},{\"@type\":\"WebSite\",\"@id\":\"https:\/\/heuer-cup.de\/#website\",\"url\":\"https:\/\/heuer-cup.de\/\",\"name\":\"Heuer Radsport\",\"description\":\"Vollgas! oder einfach: Kette rechts\",\"publisher\":{\"@id\":\"https:\/\/heuer-cup.de\/#organization\"},\"potentialAction\":[{\"@type\":\"SearchAction\",\"target\":{\"@type\":\"EntryPoint\",\"urlTemplate\":\"https:\/\/heuer-cup.de\/?s={search_term_string}\"},\"query-input\":\"required name=search_term_string\"}],\"inLanguage\":\"en-GB\"},{\"@type\":\"ImageObject\",\"@id\":\"https:\/\/heuer-cup.de\/das-war-unser-2018\/generalausschreibung\/nachwuchsklassen-generalausschreibung\/#primaryimage\",\"inLanguage\":\"en-GB\",\"url\":\"https:\/\/heuer-cup.eu\/userfiles\/images\/Logo_Download\/HeuerCup_Logo_small.jpg\",\"contentUrl\":\"https:\/\/heuer-cup.eu\/userfiles\/images\/Logo_Download\/HeuerCup_Logo_small.jpg\"},{\"@type\":\"WebPage\",\"@id\":\"https:\/\/heuer-cup.de\/das-war-unser-2018\/generalausschreibung\/nachwuchsklassen-generalausschreibung\/#webpage\",\"url\":\"https:\/\/heuer-cup.de\/das-war-unser-2018\/generalausschreibung\/nachwuchsklassen-generalausschreibung\/\",\"name\":\"Nachwuchsklassen - Generalausschreibung - HEUER-Cup\",\"isPartOf\":{\"@id\":\"https:\/\/heuer-cup.de\/#website\"},\"primaryImageOfPage\":{\"@id\":\"https:\/\/heuer-cup.de\/das-war-unser-2018\/generalausschreibung\/nachwuchsklassen-generalausschreibung\/#primaryimage\"},\"datePublished\":\"2019-08-21T19:24:59+00:00\",\"dateModified\":\"2020-03-02T17:57:17+00:00\",\"description\":\"Nachwuchsklassen - Generalausschreibung des bundesoffenen HEUER-Cup 2018 und seine Zusatzinformationen f\\u00fcr die Teilnehmer.\",\"breadcrumb\":{\"@id\":\"https:\/\/heuer-cup.de\/das-war-unser-2018\/generalausschreibung\/nachwuchsklassen-generalausschreibung\/#breadcrumb\"},\"inLanguage\":\"en-GB\",\"potentialAction\":[{\"@type\":\"ReadAction\",\"target\":[\"https:\/\/heuer-cup.de\/das-war-unser-2018\/generalausschreibung\/nachwuchsklassen-generalausschreibung\/\"]}]},{\"@type\":\"BreadcrumbList\",\"@id\":\"https:\/\/heuer-cup.de\/das-war-unser-2018\/generalausschreibung\/nachwuchsklassen-generalausschreibung\/#breadcrumb\",\"itemListElement\":[{\"@type\":\"ListItem\",\"position\":1,\"name\":\"Home\",\"item\":\"https:\/\/heuer-cup.de\/\"},{\"@type\":\"ListItem\",\"position\":2,\"name\":\"das war unser 2018\",\"item\":\"https:\/\/heuer-cup.de\/das-war-unser-2018\/\"},{\"@type\":\"ListItem\",\"position\":3,\"name\":\"Generalausschreibung 2018\",\"item\":\"https:\/\/heuer-cup.de\/das-war-unser-2018\/generalausschreibung\/\"},{\"@type\":\"ListItem\",\"position\":4,\"name\":\"Nachwuchsklassen &#8211; Generalausschreibung\"}]}]}<\/script>\n<!-- \/ Yoast SEO plugin. -->","yoast_head_json":{"title":"Nachwuchsklassen - Generalausschreibung - HEUER-Cup","description":"Nachwuchsklassen - Generalausschreibung des bundesoffenen HEUER-Cup 2018 und seine Zusatzinformationen f\u00fcr die Teilnehmer.","robots":{"index":"index","follow":"follow","max-snippet":"max-snippet:-1","max-image-preview":"max-image-preview:large","max-video-preview":"max-video-preview:-1"},"canonical":"https:\/\/heuer-cup.de\/en\/das-war-unser-2018\/generalausschreibung\/nachwuchsklassen-generalausschreibung\/","og_locale":"en_GB","og_type":"article","og_title":"Nachwuchsklassen - Generalausschreibung - HEUER-Cup","og_description":"Nachwuchsklassen - Generalausschreibung des bundesoffenen HEUER-Cup 2018 und seine Zusatzinformationen f\u00fcr die Teilnehmer.","og_url":"https:\/\/heuer-cup.de\/en\/das-war-unser-2018\/generalausschreibung\/nachwuchsklassen-generalausschreibung\/","og_site_name":"HEUER-Cup","article_publisher":"https:\/\/www.facebook.com\/HeuerCup\/","article_modified_time":"2020-03-02T17:57:17+00:00","og_image":[{"url":"https:\/\/heuer-cup.eu\/userfiles\/images\/Logo_Download\/HeuerCup_Logo_small.jpg"}],"twitter_card":"summary_large_image","twitter_site":"@Heuer_Cup","twitter_misc":{"Estimated reading time":"6 minutes"},"schema":{"@context":"https:\/\/schema.org","@graph":[{"@type":"Organization","@id":"https:\/\/heuer-cup.de\/#organization","name":"Heuer Radsport","url":"https:\/\/heuer-cup.de\/","sameAs":["https:\/\/www.facebook.com\/HeuerCup\/","https:\/\/www.instagram.com\/heuer_cup\/","https:\/\/www.youtube.com\/channel\/UCuFkVFhY376_zRGfw_0Oy-Q","https:\/\/twitter.com\/Heuer_Cup"],"logo":{"@type":"ImageObject","@id":"https:\/\/heuer-cup.de\/#logo","inLanguage":"en-GB","url":"https:\/\/heuer-cup.de\/wp-content\/uploads\/2019\/01\/logo2.jpg","contentUrl":"https:\/\/heuer-cup.de\/wp-content\/uploads\/2019\/01\/logo2.jpg","width":750,"height":186,"caption":"Heuer Radsport"},"image":{"@id":"https:\/\/heuer-cup.de\/#logo"}},{"@type":"WebSite","@id":"https:\/\/heuer-cup.de\/#website","url":"https:\/\/heuer-cup.de\/","name":"Heuer Radsport","description":"Vollgas! oder einfach: Kette rechts","publisher":{"@id":"https:\/\/heuer-cup.de\/#organization"},"potentialAction":[{"@type":"SearchAction","target":{"@type":"EntryPoint","urlTemplate":"https:\/\/heuer-cup.de\/?s={search_term_string}"},"query-input":"required name=search_term_string"}],"inLanguage":"en-GB"},{"@type":"ImageObject","@id":"https:\/\/heuer-cup.de\/das-war-unser-2018\/generalausschreibung\/nachwuchsklassen-generalausschreibung\/#primaryimage","inLanguage":"en-GB","url":"https:\/\/heuer-cup.eu\/userfiles\/images\/Logo_Download\/HeuerCup_Logo_small.jpg","contentUrl":"https:\/\/heuer-cup.eu\/userfiles\/images\/Logo_Download\/HeuerCup_Logo_small.jpg"},{"@type":"WebPage","@id":"https:\/\/heuer-cup.de\/das-war-unser-2018\/generalausschreibung\/nachwuchsklassen-generalausschreibung\/#webpage","url":"https:\/\/heuer-cup.de\/das-war-unser-2018\/generalausschreibung\/nachwuchsklassen-generalausschreibung\/","name":"Nachwuchsklassen - Generalausschreibung - HEUER-Cup","isPartOf":{"@id":"https:\/\/heuer-cup.de\/#website"},"primaryImageOfPage":{"@id":"https:\/\/heuer-cup.de\/das-war-unser-2018\/generalausschreibung\/nachwuchsklassen-generalausschreibung\/#primaryimage"},"datePublished":"2019-08-21T19:24:59+00:00","dateModified":"2020-03-02T17:57:17+00:00","description":"Nachwuchsklassen - Generalausschreibung des bundesoffenen HEUER-Cup 2018 und seine Zusatzinformationen f\u00fcr die Teilnehmer.","breadcrumb":{"@id":"https:\/\/heuer-cup.de\/das-war-unser-2018\/generalausschreibung\/nachwuchsklassen-generalausschreibung\/#breadcrumb"},"inLanguage":"en-GB","potentialAction":[{"@type":"ReadAction","target":["https:\/\/heuer-cup.de\/das-war-unser-2018\/generalausschreibung\/nachwuchsklassen-generalausschreibung\/"]}]},{"@type":"BreadcrumbList","@id":"https:\/\/heuer-cup.de\/das-war-unser-2018\/generalausschreibung\/nachwuchsklassen-generalausschreibung\/#breadcrumb","itemListElement":[{"@type":"ListItem","position":1,"name":"Home","item":"https:\/\/heuer-cup.de\/"},{"@type":"ListItem","position":2,"name":"das war unser 2018","item":"https:\/\/heuer-cup.de\/das-war-unser-2018\/"},{"@type":"ListItem","position":3,"name":"Generalausschreibung 2018","item":"https:\/\/heuer-cup.de\/das-war-unser-2018\/generalausschreibung\/"},{"@type":"ListItem","position":4,"name":"Nachwuchsklassen &#8211; Generalausschreibung"}]}]}},"_links":{"self":[{"href":"https:\/\/heuer-cup.de\/en\/wp-json\/wp\/v2\/pages\/4201"}],"collection":[{"href":"https:\/\/heuer-cup.de\/en\/wp-json\/wp\/v2\/pages"}],"about":[{"href":"https:\/\/heuer-cup.de\/en\/wp-json\/wp\/v2\/types\/page"}],"author":[{"embeddable":true,"href":"https:\/\/heuer-cup.de\/en\/wp-json\/wp\/v2\/users\/1"}],"replies":[{"embeddable":true,"href":"https:\/\/heuer-cup.de\/en\/wp-json\/wp\/v2\/comments?post=4201"}],"version-history":[{"count":7,"href":"https:\/\/heuer-cup.de\/en\/wp-json\/wp\/v2\/pages\/4201\/revisions"}],"predecessor-version":[{"id":5683,"href":"https:\/\/heuer-cup.de\/en\/wp-json\/wp\/v2\/pages\/4201\/revisions\/5683"}],"up":[{"embeddable":true,"href":"https:\/\/heuer-cup.de\/en\/wp-json\/wp\/v2\/pages\/4191"}],"wp:attachment":[{"href":"https:\/\/heuer-cup.de\/en\/wp-json\/wp\/v2\/media?parent=4201"}],"curies":[{"name":"wp","href":"https:\/\/api.w.org\/{rel}","templated":true}]}}