{"id":4105,"date":"2019-08-21T20:38:41","date_gmt":"2019-08-21T18:38:41","guid":{"rendered":"https:\/\/heuer-cup.de\/?page_id=4105"},"modified":"2019-09-10T11:10:51","modified_gmt":"2019-09-10T09:10:51","slug":"rv-pfeil-plattenhardt","status":"publish","type":"page","link":"https:\/\/heuer-cup.de\/en\/etappen-2019\/rv-pfeil-plattenhardt\/","title":{"rendered":"RV Pfeil Plattenhardt"},"content":{"rendered":"<div class=\"vc_row wpb_row vc_row-fluid\"><div class=\"wpb_column vc_column_container vc_col-sm-12\"><div class=\"vc_column-inner\"><div class=\"wpb_wrapper\">\n\t<div class=\"wpb_text_column wpb_content_element\" >\n\t\t<div class=\"wpb_wrapper\">\n\t\t\t<p>von Philipp W\u00f6rner<\/p>\n<p><strong>Der HEUER-Cup in Plattenhardt am 26.05.2019<\/strong><\/p>\n<p>Es geht in die zweite Runde &#8230;. der HEUER-Cup ist wieder zu Gast in Plattenhardt\u00a0 beim\u00a0<a href=\"http:\/\/www.rvpfeil-plattenhardt.de\/\" target=\"_blank\" rel=\"noopener noreferrer\">RV Pfeil Plattenhardt<\/a>.<\/p>\n<p><img class=\"bild aligncenter\" title=\"RV Pfeil Plattenhardt\" src=\"https:\/\/heuer-cup.eu\/userfiles\/images\/Vereine\/Plattenhardt\/RV%20Plattenhardt%20Logo.png\" alt=\"\" \/><\/p>\n<p>Nach der erfolgreichen Ausrichtung im vergangenen Jahr gastiert der HEUER-Cup in diesem Jahr bereits im Mai zur 5. Etappe in Plattenhardt. Auf der ber\u00fcchtigten 2km Schleife durch den Ortskern geht es wieder um wertvolle Punkte f\u00fcr die HEUER-Cup Gesamtwertung.<\/p>\n<p><img loading=\"lazy\" class=\"bild aligncenter\" title=\"Heuer-Cup in Plattenhardt\" src=\"https:\/\/heuer-cup.eu\/userfiles\/images\/Vereine\/Plattenhardt\/Plattenhardt%20im%20HEUER-Cup.jpg\" alt=\"\" width=\"500\" height=\"331\" \/><\/p>\n<p>Der RV Pfeil Plattenhardt richtet dieses Jahr die erste Etappe nach der neuen Lizenzreform des Bund Deutscher Radfahrer aus, weshalb wir auf ein frisches und motiviertes Fahrerfeld z\u00e4hlen d\u00fcrfen. Frisch aufgestiegene Fahrer in die Klasse der Elite- Amateure werden zeigen, warum sie nun zum erlauchten Kreis der 500 besten Amateure von Deutschland geh\u00f6ren.<\/p>\n<p>Die Veranstaltung ist auf 3 Rennen aufgeteilt.<\/p>\n<p><img loading=\"lazy\" class=\"bild aligncenter\" title=\"so sehen Sieger im HEUER-Cup aus\" src=\"https:\/\/heuer-cup.eu\/userfiles\/images\/Vereine\/Plattenhardt\/Plattenhardt%20im%20HEUER-Cup2.jpg\" alt=\"\" width=\"500\" height=\"300\" \/><\/p>\n<p>Das erste Rennen beginnt dieses Jahr um 11 Uhr mit dem Rennen der Senioren ab 40 Jahren und \u00fcber 40 km. Im Anschluss daran freuen wir uns auf das Rennen der Amateure \u00fcber 64 km. Den Startschuss erwarten wir hier um ca. 12:45 Uhr.<\/p>\n<p>P\u00fcnktlich um 14:45 Uhr starten wir dann das Hauptrennen unter dem Patronat der Schumacher GmbH \u201eBringt Frische aus der Natur\u201c und schicken die Rennfahrer der Klasse Elite Herren auf die 2 km Runde und warten gespannt wer dieses Jahr den Sieg \u00fcber 40 Runden und 80 km einf\u00e4hrt. Mit dabei auf der Meldeliste sind auch die Sieger der vergangenen Jahre mit Tim Schlichenmaier RSC Kempten und Jonas Tenbruck Team Belle Stahlbau. Aus dem eigenen Verein RV Pfeil Plattenhardt f\u00fcr die Equipe Vaihingen ist auch Bene Willi mit am Start. Wir d\u00fcrfen also auf ein schnelles und abwechslungsreiches Rennen gespannt sein.<\/p>\n<p>Neben dem Radsport werden wir wieder ein buntes Rahmenprogramm f\u00fcr jung und alt an der Strecke haben. Neben leckeren Speisen und Getr\u00e4nken, gibt es wieder f\u00fcr unsere kleinen Besucher eine H\u00fcpfburg und Kinderprogramm.<\/p>\n<div class=\"tplge_submenu\">\n<ul class=\"submenu\">\n<li class=\"doc\"><a href=\"https:\/\/heuer-cup.de\/en\/etappen-2019\/rv-pfeil-plattenhardt\/strecke\/\">Strecke<\/a><\/li>\n<\/ul>\n<\/div>\n\n\t\t<\/div>\n\t<\/div>\n<\/div><\/div><\/div><\/div>","protected":false},"excerpt":{"rendered":"von Philipp W\u00f6rner Der HEUER-Cup in Plattenhardt am 26.05.2019 Es geht in die zweite Runde .... der HEUER-Cup ist wieder zu Gast in Plattenhardt\u00a0 beim\u00a0RV Pfeil Plattenhardt. Nach der erfolgreichen Ausrichtung im vergangenen Jahr gastiert der HEUER-Cup in diesem Jahr bereits im Mai zur 5. Etappe in Plattenhardt. Auf der ber\u00fcchtigten 2km Schleife durch den [...]","protected":false},"author":1,"featured_media":0,"parent":4075,"menu_order":0,"comment_status":"closed","ping_status":"closed","template":"","meta":[],"yoast_head":"<!-- This site is optimized with the Yoast SEO plugin v16.9 - https:\/\/yoast.com\/wordpress\/plugins\/seo\/ -->\n<title>RV Pfeil Plattenhardt - HEUER-Cup zu Gast in Plattenhardt<\/title>\n<meta name=\"description\" content=\"RV Pfeil Plattenhardt - HEUER-Cup ist wieder zu Gast in Plattenhardt, beim Verein RV Pfeil Plattenhardt.\" \/>\n<meta name=\"robots\" content=\"index, follow, max-snippet:-1, max-image-preview:large, max-video-preview:-1\" \/>\n<link rel=\"canonical\" href=\"https:\/\/heuer-cup.de\/en\/etappen-2019\/rv-pfeil-plattenhardt\/\" \/>\n<meta property=\"og:locale\" content=\"en_GB\" \/>\n<meta property=\"og:type\" content=\"article\" \/>\n<meta property=\"og:title\" content=\"RV Pfeil Plattenhardt - HEUER-Cup zu Gast in Plattenhardt\" \/>\n<meta property=\"og:description\" content=\"RV Pfeil Plattenhardt - HEUER-Cup ist wieder zu Gast in Plattenhardt, beim Verein RV Pfeil Plattenhardt.\" \/>\n<meta property=\"og:url\" content=\"https:\/\/heuer-cup.de\/en\/etappen-2019\/rv-pfeil-plattenhardt\/\" \/>\n<meta property=\"og:site_name\" content=\"HEUER-Cup\" \/>\n<meta property=\"article:publisher\" content=\"https:\/\/www.facebook.com\/HeuerCup\/\" \/>\n<meta property=\"article:modified_time\" content=\"2019-09-10T09:10:51+00:00\" \/>\n<meta property=\"og:image\" content=\"https:\/\/heuer-cup.eu\/userfiles\/images\/Vereine\/Plattenhardt\/RV%20Plattenhardt%20Logo.png\" \/>\n<meta name=\"twitter:card\" content=\"summary_large_image\" \/>\n<meta name=\"twitter:site\" content=\"@Heuer_Cup\" \/>\n<meta name=\"twitter:label1\" content=\"Estimated reading time\" \/>\n\t<meta name=\"twitter:data1\" content=\"2 minutes\" \/>\n<script type=\"application\/ld+json\" class=\"yoast-schema-graph\">{\"@context\":\"https:\/\/schema.org\",\"@graph\":[{\"@type\":\"Organization\",\"@id\":\"https:\/\/heuer-cup.de\/#organization\",\"name\":\"Heuer Radsport\",\"url\":\"https:\/\/heuer-cup.de\/\",\"sameAs\":[\"https:\/\/www.facebook.com\/HeuerCup\/\",\"https:\/\/www.instagram.com\/heuer_cup\/\",\"https:\/\/www.youtube.com\/channel\/UCuFkVFhY376_zRGfw_0Oy-Q\",\"https:\/\/twitter.com\/Heuer_Cup\"],\"logo\":{\"@type\":\"ImageObject\",\"@id\":\"https:\/\/heuer-cup.de\/#logo\",\"inLanguage\":\"en-GB\",\"url\":\"https:\/\/heuer-cup.de\/wp-content\/uploads\/2019\/01\/logo2.jpg\",\"contentUrl\":\"https:\/\/heuer-cup.de\/wp-content\/uploads\/2019\/01\/logo2.jpg\",\"width\":750,\"height\":186,\"caption\":\"Heuer Radsport\"},\"image\":{\"@id\":\"https:\/\/heuer-cup.de\/#logo\"}},{\"@type\":\"WebSite\",\"@id\":\"https:\/\/heuer-cup.de\/#website\",\"url\":\"https:\/\/heuer-cup.de\/\",\"name\":\"Heuer Radsport\",\"description\":\"Vollgas! oder einfach: Kette rechts\",\"publisher\":{\"@id\":\"https:\/\/heuer-cup.de\/#organization\"},\"potentialAction\":[{\"@type\":\"SearchAction\",\"target\":{\"@type\":\"EntryPoint\",\"urlTemplate\":\"https:\/\/heuer-cup.de\/?s={search_term_string}\"},\"query-input\":\"required name=search_term_string\"}],\"inLanguage\":\"en-GB\"},{\"@type\":\"ImageObject\",\"@id\":\"https:\/\/heuer-cup.de\/etappen-2019\/rv-pfeil-plattenhardt\/#primaryimage\",\"inLanguage\":\"en-GB\",\"url\":\"https:\/\/heuer-cup.eu\/userfiles\/images\/Vereine\/Plattenhardt\/RV%20Plattenhardt%20Logo.png\",\"contentUrl\":\"https:\/\/heuer-cup.eu\/userfiles\/images\/Vereine\/Plattenhardt\/RV%20Plattenhardt%20Logo.png\"},{\"@type\":\"WebPage\",\"@id\":\"https:\/\/heuer-cup.de\/etappen-2019\/rv-pfeil-plattenhardt\/#webpage\",\"url\":\"https:\/\/heuer-cup.de\/etappen-2019\/rv-pfeil-plattenhardt\/\",\"name\":\"RV Pfeil Plattenhardt - HEUER-Cup zu Gast in Plattenhardt\",\"isPartOf\":{\"@id\":\"https:\/\/heuer-cup.de\/#website\"},\"primaryImageOfPage\":{\"@id\":\"https:\/\/heuer-cup.de\/etappen-2019\/rv-pfeil-plattenhardt\/#primaryimage\"},\"datePublished\":\"2019-08-21T18:38:41+00:00\",\"dateModified\":\"2019-09-10T09:10:51+00:00\",\"description\":\"RV Pfeil Plattenhardt - HEUER-Cup ist wieder zu Gast in Plattenhardt, beim Verein RV Pfeil Plattenhardt.\",\"breadcrumb\":{\"@id\":\"https:\/\/heuer-cup.de\/etappen-2019\/rv-pfeil-plattenhardt\/#breadcrumb\"},\"inLanguage\":\"en-GB\",\"potentialAction\":[{\"@type\":\"ReadAction\",\"target\":[\"https:\/\/heuer-cup.de\/etappen-2019\/rv-pfeil-plattenhardt\/\"]}]},{\"@type\":\"BreadcrumbList\",\"@id\":\"https:\/\/heuer-cup.de\/etappen-2019\/rv-pfeil-plattenhardt\/#breadcrumb\",\"itemListElement\":[{\"@type\":\"ListItem\",\"position\":1,\"name\":\"Home\",\"item\":\"https:\/\/heuer-cup.de\/\"},{\"@type\":\"ListItem\",\"position\":2,\"name\":\"Etappen 2019\",\"item\":\"https:\/\/heuer-cup.de\/etappen-2019\/\"},{\"@type\":\"ListItem\",\"position\":3,\"name\":\"RV Pfeil Plattenhardt\"}]}]}<\/script>\n<!-- \/ Yoast SEO plugin. -->","yoast_head_json":{"title":"RV Pfeil Plattenhardt - HEUER-Cup zu Gast in Plattenhardt","description":"RV Pfeil Plattenhardt - HEUER-Cup ist wieder zu Gast in Plattenhardt, beim Verein RV Pfeil Plattenhardt.","robots":{"index":"index","follow":"follow","max-snippet":"max-snippet:-1","max-image-preview":"max-image-preview:large","max-video-preview":"max-video-preview:-1"},"canonical":"https:\/\/heuer-cup.de\/en\/etappen-2019\/rv-pfeil-plattenhardt\/","og_locale":"en_GB","og_type":"article","og_title":"RV Pfeil Plattenhardt - HEUER-Cup zu Gast in Plattenhardt","og_description":"RV Pfeil Plattenhardt - HEUER-Cup ist wieder zu Gast in Plattenhardt, beim Verein RV Pfeil Plattenhardt.","og_url":"https:\/\/heuer-cup.de\/en\/etappen-2019\/rv-pfeil-plattenhardt\/","og_site_name":"HEUER-Cup","article_publisher":"https:\/\/www.facebook.com\/HeuerCup\/","article_modified_time":"2019-09-10T09:10:51+00:00","og_image":[{"url":"https:\/\/heuer-cup.eu\/userfiles\/images\/Vereine\/Plattenhardt\/RV%20Plattenhardt%20Logo.png"}],"twitter_card":"summary_large_image","twitter_site":"@Heuer_Cup","twitter_misc":{"Estimated reading time":"2 minutes"},"schema":{"@context":"https:\/\/schema.org","@graph":[{"@type":"Organization","@id":"https:\/\/heuer-cup.de\/#organization","name":"Heuer Radsport","url":"https:\/\/heuer-cup.de\/","sameAs":["https:\/\/www.facebook.com\/HeuerCup\/","https:\/\/www.instagram.com\/heuer_cup\/","https:\/\/www.youtube.com\/channel\/UCuFkVFhY376_zRGfw_0Oy-Q","https:\/\/twitter.com\/Heuer_Cup"],"logo":{"@type":"ImageObject","@id":"https:\/\/heuer-cup.de\/#logo","inLanguage":"en-GB","url":"https:\/\/heuer-cup.de\/wp-content\/uploads\/2019\/01\/logo2.jpg","contentUrl":"https:\/\/heuer-cup.de\/wp-content\/uploads\/2019\/01\/logo2.jpg","width":750,"height":186,"caption":"Heuer Radsport"},"image":{"@id":"https:\/\/heuer-cup.de\/#logo"}},{"@type":"WebSite","@id":"https:\/\/heuer-cup.de\/#website","url":"https:\/\/heuer-cup.de\/","name":"Heuer Radsport","description":"Vollgas! oder einfach: Kette rechts","publisher":{"@id":"https:\/\/heuer-cup.de\/#organization"},"potentialAction":[{"@type":"SearchAction","target":{"@type":"EntryPoint","urlTemplate":"https:\/\/heuer-cup.de\/?s={search_term_string}"},"query-input":"required name=search_term_string"}],"inLanguage":"en-GB"},{"@type":"ImageObject","@id":"https:\/\/heuer-cup.de\/etappen-2019\/rv-pfeil-plattenhardt\/#primaryimage","inLanguage":"en-GB","url":"https:\/\/heuer-cup.eu\/userfiles\/images\/Vereine\/Plattenhardt\/RV%20Plattenhardt%20Logo.png","contentUrl":"https:\/\/heuer-cup.eu\/userfiles\/images\/Vereine\/Plattenhardt\/RV%20Plattenhardt%20Logo.png"},{"@type":"WebPage","@id":"https:\/\/heuer-cup.de\/etappen-2019\/rv-pfeil-plattenhardt\/#webpage","url":"https:\/\/heuer-cup.de\/etappen-2019\/rv-pfeil-plattenhardt\/","name":"RV Pfeil Plattenhardt - HEUER-Cup zu Gast in Plattenhardt","isPartOf":{"@id":"https:\/\/heuer-cup.de\/#website"},"primaryImageOfPage":{"@id":"https:\/\/heuer-cup.de\/etappen-2019\/rv-pfeil-plattenhardt\/#primaryimage"},"datePublished":"2019-08-21T18:38:41+00:00","dateModified":"2019-09-10T09:10:51+00:00","description":"RV Pfeil Plattenhardt - HEUER-Cup ist wieder zu Gast in Plattenhardt, beim Verein RV Pfeil Plattenhardt.","breadcrumb":{"@id":"https:\/\/heuer-cup.de\/etappen-2019\/rv-pfeil-plattenhardt\/#breadcrumb"},"inLanguage":"en-GB","potentialAction":[{"@type":"ReadAction","target":["https:\/\/heuer-cup.de\/etappen-2019\/rv-pfeil-plattenhardt\/"]}]},{"@type":"BreadcrumbList","@id":"https:\/\/heuer-cup.de\/etappen-2019\/rv-pfeil-plattenhardt\/#breadcrumb","itemListElement":[{"@type":"ListItem","position":1,"name":"Home","item":"https:\/\/heuer-cup.de\/"},{"@type":"ListItem","position":2,"name":"Etappen 2019","item":"https:\/\/heuer-cup.de\/etappen-2019\/"},{"@type":"ListItem","position":3,"name":"RV Pfeil Plattenhardt"}]}]}},"_links":{"self":[{"href":"https:\/\/heuer-cup.de\/en\/wp-json\/wp\/v2\/pages\/4105"}],"collection":[{"href":"https:\/\/heuer-cup.de\/en\/wp-json\/wp\/v2\/pages"}],"about":[{"href":"https:\/\/heuer-cup.de\/en\/wp-json\/wp\/v2\/types\/page"}],"author":[{"embeddable":true,"href":"https:\/\/heuer-cup.de\/en\/wp-json\/wp\/v2\/users\/1"}],"replies":[{"embeddable":true,"href":"https:\/\/heuer-cup.de\/en\/wp-json\/wp\/v2\/comments?post=4105"}],"version-history":[{"count":2,"href":"https:\/\/heuer-cup.de\/en\/wp-json\/wp\/v2\/pages\/4105\/revisions"}],"predecessor-version":[{"id":4742,"href":"https:\/\/heuer-cup.de\/en\/wp-json\/wp\/v2\/pages\/4105\/revisions\/4742"}],"up":[{"embeddable":true,"href":"https:\/\/heuer-cup.de\/en\/wp-json\/wp\/v2\/pages\/4075"}],"wp:attachment":[{"href":"https:\/\/heuer-cup.de\/en\/wp-json\/wp\/v2\/media?parent=4105"}],"curies":[{"name":"wp","href":"https:\/\/api.w.org\/{rel}","templated":true}]}}