{"id":4097,"date":"2019-08-21T20:35:32","date_gmt":"2019-08-21T18:35:32","guid":{"rendered":"https:\/\/heuer-cup.de\/?page_id=4097"},"modified":"2019-09-09T08:45:40","modified_gmt":"2019-09-09T06:45:40","slug":"aufschwung","status":"publish","type":"page","link":"https:\/\/heuer-cup.de\/en\/etappen-2019\/ellmendingen-rund-um-keltern\/aufschwung\/","title":{"rendered":"Aufschwung"},"content":{"rendered":"<div class=\"vc_row wpb_row vc_row-fluid\"><div class=\"wpb_column vc_column_container vc_col-sm-12\"><div class=\"vc_column-inner\"><div class=\"wpb_wrapper\">\n\t<div class=\"wpb_text_column wpb_content_element\" >\n\t\t<div class=\"wpb_wrapper\">\n\t\t\t<p>von Karl-Heinz Kaiser<\/p>\n<p><strong>Aufschwung f\u00fcr die Radsportjugend im L\u00e4ndle durch\u00a0 Moritz Backofen<\/strong><\/p>\n<p>Mitte M\u00e4rz konnte Moritz Backofen zum Landestrainer f\u00fcr den Radsportnachwuchs f\u00fcr Baden W\u00fcrttemberg gewonnen werden. Er selber war ein \u00fcberaus erfolgreicher Fahrer.<\/p>\n<p><img loading=\"lazy\" class=\"aligncenter\" title=\"Schwalbe Sch\u00fclergruppe\" src=\"https:\/\/heuer-cup.eu\/userfiles\/images\/Vereine\/Ellmendingen\/Schwalbe%20Sch%C3%BClergruppe.jpg\" alt=\"\" width=\"440\" height=\"330\" \/><br \/>\n\u201eDer Radsport hat mir viel gebracht, es ist eine Herzensangelegenheit f\u00fcr mich, ich m\u00f6chte gerne an die Radsportkinder etwas zur\u00fcckgeben. Mein Ziel, in enger Zusammenarbeit mit den Vereinstrainern und den Jugendgruppen den Radsport weiter zu aktivieren. Radsport bietet jungen Menschen eine Perspektive und sinnvolle Freizeitbesch\u00e4ftigung\u201c, so Moritz Backofen.<br \/>\nEs war ein ganz besonderes Highlight f\u00fcr die Sch\u00fcler, Eltern, und Betreuer in Ellmendingen, der neue Landestrainer kommt und radelt mit uns. Schon bei der Begr\u00fc\u00dfung Vorstellung von Moritz Backofen gab es strahlende Kinderaugen.<br \/>\n\u201eDie Kinder sind die Garanten f\u00fcr die Erhaltung und Weiterentwicklung des Radsports in Baden-W\u00fcrttemberg, wir m\u00fcssen in allen Vereinen die Kooperationen \u201eSchule \u2013 Verein\u201c st\u00e4rken und besonders darauf achten, das bei der Arbeit mit den Kindern neben der Ausbildung, der Spa\u00df und die Freude am Radfahren im Vordergrund stehen\u201c so der \u201eSchwalbe\u201c Ehrenpr\u00e4sident Karl-Heinz Kaiser bei seiner Begr\u00fc\u00dfung von Moritz Backofen und den jungen \u201eSchwalben\u201c.<br \/>\nNach zwei Stunden versicherte Moritz Backofen es hat mir viel Freude gemacht die \u201ejungen Wilden\u201c aus Ellmendingen beim Training zu begleiten. Ich komme bald wieder. Ein Wiedersehen gibt es bereits am kommenden Sonntag beim Rennen um den BAW\u00dc-Sch\u00fcler-Cup der Sparkassen Versicherung in Eichstetten.<br \/>\nRSV &#8222;Schwalbe&#8220; Ellmendingen<\/p>\n<p>Den RSV Schwalbe Ellmendingen finden Sie auch auf\u00a0<a href=\"https:\/\/www.facebook.com\/rsv.ellmendingen\/\" target=\"_blank\" rel=\"noopener noreferrer\">Facebook<\/a>.<\/p>\n\n\t\t<\/div>\n\t<\/div>\n<\/div><\/div><\/div><\/div>","protected":false},"excerpt":{"rendered":"von Karl-Heinz Kaiser Aufschwung f\u00fcr die Radsportjugend im L\u00e4ndle durch\u00a0 Moritz Backofen Mitte M\u00e4rz konnte Moritz Backofen zum Landestrainer f\u00fcr den Radsportnachwuchs f\u00fcr Baden W\u00fcrttemberg gewonnen werden. Er selber war ein \u00fcberaus erfolgreicher Fahrer. \u201eDer Radsport hat mir viel gebracht, es ist eine Herzensangelegenheit f\u00fcr mich, ich m\u00f6chte gerne an die Radsportkinder etwas zur\u00fcckgeben. Mein [...]","protected":false},"author":1,"featured_media":0,"parent":4093,"menu_order":0,"comment_status":"closed","ping_status":"closed","template":"","meta":[],"yoast_head":"<!-- This site is optimized with the Yoast SEO plugin v16.9 - https:\/\/yoast.com\/wordpress\/plugins\/seo\/ -->\n<title>Aufschwung f\u00fcr die Radsportjugend im L\u00e4ndle durch Moritz Backofen<\/title>\n<meta name=\"description\" content=\"Aufschwung f\u00fcr die Radsportjugend im L\u00e4ndle durch Moritz Backofen. Mitte M\u00e4rz konnte Moritz Backofen als Landestrainer f\u00fcr Baden W\u00fcttemberg gewonnen werden.\" \/>\n<meta name=\"robots\" content=\"index, follow, max-snippet:-1, max-image-preview:large, max-video-preview:-1\" \/>\n<link rel=\"canonical\" href=\"https:\/\/heuer-cup.de\/en\/etappen-2019\/ellmendingen-rund-um-keltern\/aufschwung\/\" \/>\n<meta property=\"og:locale\" content=\"en_GB\" \/>\n<meta property=\"og:type\" content=\"article\" \/>\n<meta property=\"og:title\" content=\"Aufschwung f\u00fcr die Radsportjugend im L\u00e4ndle durch Moritz Backofen\" \/>\n<meta property=\"og:description\" content=\"Aufschwung f\u00fcr die Radsportjugend im L\u00e4ndle durch Moritz Backofen. Mitte M\u00e4rz konnte Moritz Backofen als Landestrainer f\u00fcr Baden W\u00fcttemberg gewonnen werden.\" \/>\n<meta property=\"og:url\" content=\"https:\/\/heuer-cup.de\/en\/etappen-2019\/ellmendingen-rund-um-keltern\/aufschwung\/\" \/>\n<meta property=\"og:site_name\" content=\"HEUER-Cup\" \/>\n<meta property=\"article:publisher\" content=\"https:\/\/www.facebook.com\/HeuerCup\/\" \/>\n<meta property=\"article:modified_time\" content=\"2019-09-09T06:45:40+00:00\" \/>\n<meta property=\"og:image\" content=\"https:\/\/heuer-cup.eu\/userfiles\/images\/Vereine\/Ellmendingen\/Schwalbe%20Sch%C3%BClergruppe.jpg\" \/>\n<meta name=\"twitter:card\" content=\"summary_large_image\" \/>\n<meta name=\"twitter:site\" content=\"@Heuer_Cup\" \/>\n<meta name=\"twitter:label1\" content=\"Estimated reading time\" \/>\n\t<meta name=\"twitter:data1\" content=\"1 minute\" \/>\n<script type=\"application\/ld+json\" class=\"yoast-schema-graph\">{\"@context\":\"https:\/\/schema.org\",\"@graph\":[{\"@type\":\"Organization\",\"@id\":\"https:\/\/heuer-cup.de\/#organization\",\"name\":\"Heuer Radsport\",\"url\":\"https:\/\/heuer-cup.de\/\",\"sameAs\":[\"https:\/\/www.facebook.com\/HeuerCup\/\",\"https:\/\/www.instagram.com\/heuer_cup\/\",\"https:\/\/www.youtube.com\/channel\/UCuFkVFhY376_zRGfw_0Oy-Q\",\"https:\/\/twitter.com\/Heuer_Cup\"],\"logo\":{\"@type\":\"ImageObject\",\"@id\":\"https:\/\/heuer-cup.de\/#logo\",\"inLanguage\":\"en-GB\",\"url\":\"https:\/\/heuer-cup.de\/wp-content\/uploads\/2019\/01\/logo2.jpg\",\"contentUrl\":\"https:\/\/heuer-cup.de\/wp-content\/uploads\/2019\/01\/logo2.jpg\",\"width\":750,\"height\":186,\"caption\":\"Heuer Radsport\"},\"image\":{\"@id\":\"https:\/\/heuer-cup.de\/#logo\"}},{\"@type\":\"WebSite\",\"@id\":\"https:\/\/heuer-cup.de\/#website\",\"url\":\"https:\/\/heuer-cup.de\/\",\"name\":\"Heuer Radsport\",\"description\":\"Vollgas! oder einfach: Kette rechts\",\"publisher\":{\"@id\":\"https:\/\/heuer-cup.de\/#organization\"},\"potentialAction\":[{\"@type\":\"SearchAction\",\"target\":{\"@type\":\"EntryPoint\",\"urlTemplate\":\"https:\/\/heuer-cup.de\/?s={search_term_string}\"},\"query-input\":\"required name=search_term_string\"}],\"inLanguage\":\"en-GB\"},{\"@type\":\"ImageObject\",\"@id\":\"https:\/\/heuer-cup.de\/etappen-2019\/ellmendingen-rund-um-keltern\/aufschwung\/#primaryimage\",\"inLanguage\":\"en-GB\",\"url\":\"https:\/\/heuer-cup.eu\/userfiles\/images\/Vereine\/Ellmendingen\/Schwalbe%20Sch%C3%BClergruppe.jpg\",\"contentUrl\":\"https:\/\/heuer-cup.eu\/userfiles\/images\/Vereine\/Ellmendingen\/Schwalbe%20Sch%C3%BClergruppe.jpg\"},{\"@type\":\"WebPage\",\"@id\":\"https:\/\/heuer-cup.de\/etappen-2019\/ellmendingen-rund-um-keltern\/aufschwung\/#webpage\",\"url\":\"https:\/\/heuer-cup.de\/etappen-2019\/ellmendingen-rund-um-keltern\/aufschwung\/\",\"name\":\"Aufschwung f\\u00fcr die Radsportjugend im L\\u00e4ndle durch Moritz Backofen\",\"isPartOf\":{\"@id\":\"https:\/\/heuer-cup.de\/#website\"},\"primaryImageOfPage\":{\"@id\":\"https:\/\/heuer-cup.de\/etappen-2019\/ellmendingen-rund-um-keltern\/aufschwung\/#primaryimage\"},\"datePublished\":\"2019-08-21T18:35:32+00:00\",\"dateModified\":\"2019-09-09T06:45:40+00:00\",\"description\":\"Aufschwung f\\u00fcr die Radsportjugend im L\\u00e4ndle durch Moritz Backofen. Mitte M\\u00e4rz konnte Moritz Backofen als Landestrainer f\\u00fcr Baden W\\u00fcttemberg gewonnen werden.\",\"breadcrumb\":{\"@id\":\"https:\/\/heuer-cup.de\/etappen-2019\/ellmendingen-rund-um-keltern\/aufschwung\/#breadcrumb\"},\"inLanguage\":\"en-GB\",\"potentialAction\":[{\"@type\":\"ReadAction\",\"target\":[\"https:\/\/heuer-cup.de\/etappen-2019\/ellmendingen-rund-um-keltern\/aufschwung\/\"]}]},{\"@type\":\"BreadcrumbList\",\"@id\":\"https:\/\/heuer-cup.de\/etappen-2019\/ellmendingen-rund-um-keltern\/aufschwung\/#breadcrumb\",\"itemListElement\":[{\"@type\":\"ListItem\",\"position\":1,\"name\":\"Home\",\"item\":\"https:\/\/heuer-cup.de\/\"},{\"@type\":\"ListItem\",\"position\":2,\"name\":\"Etappen 2019\",\"item\":\"https:\/\/heuer-cup.de\/etappen-2019\/\"},{\"@type\":\"ListItem\",\"position\":3,\"name\":\"Ellmendingen &#8211; Rund um Keltern\",\"item\":\"https:\/\/heuer-cup.de\/etappen-2019\/ellmendingen-rund-um-keltern\/\"},{\"@type\":\"ListItem\",\"position\":4,\"name\":\"Aufschwung\"}]}]}<\/script>\n<!-- \/ Yoast SEO plugin. -->","yoast_head_json":{"title":"Aufschwung f\u00fcr die Radsportjugend im L\u00e4ndle durch Moritz Backofen","description":"Aufschwung f\u00fcr die Radsportjugend im L\u00e4ndle durch Moritz Backofen. Mitte M\u00e4rz konnte Moritz Backofen als Landestrainer f\u00fcr Baden W\u00fcttemberg gewonnen werden.","robots":{"index":"index","follow":"follow","max-snippet":"max-snippet:-1","max-image-preview":"max-image-preview:large","max-video-preview":"max-video-preview:-1"},"canonical":"https:\/\/heuer-cup.de\/en\/etappen-2019\/ellmendingen-rund-um-keltern\/aufschwung\/","og_locale":"en_GB","og_type":"article","og_title":"Aufschwung f\u00fcr die Radsportjugend im L\u00e4ndle durch Moritz Backofen","og_description":"Aufschwung f\u00fcr die Radsportjugend im L\u00e4ndle durch Moritz Backofen. Mitte M\u00e4rz konnte Moritz Backofen als Landestrainer f\u00fcr Baden W\u00fcttemberg gewonnen werden.","og_url":"https:\/\/heuer-cup.de\/en\/etappen-2019\/ellmendingen-rund-um-keltern\/aufschwung\/","og_site_name":"HEUER-Cup","article_publisher":"https:\/\/www.facebook.com\/HeuerCup\/","article_modified_time":"2019-09-09T06:45:40+00:00","og_image":[{"url":"https:\/\/heuer-cup.eu\/userfiles\/images\/Vereine\/Ellmendingen\/Schwalbe%20Sch%C3%BClergruppe.jpg"}],"twitter_card":"summary_large_image","twitter_site":"@Heuer_Cup","twitter_misc":{"Estimated reading time":"1 minute"},"schema":{"@context":"https:\/\/schema.org","@graph":[{"@type":"Organization","@id":"https:\/\/heuer-cup.de\/#organization","name":"Heuer Radsport","url":"https:\/\/heuer-cup.de\/","sameAs":["https:\/\/www.facebook.com\/HeuerCup\/","https:\/\/www.instagram.com\/heuer_cup\/","https:\/\/www.youtube.com\/channel\/UCuFkVFhY376_zRGfw_0Oy-Q","https:\/\/twitter.com\/Heuer_Cup"],"logo":{"@type":"ImageObject","@id":"https:\/\/heuer-cup.de\/#logo","inLanguage":"en-GB","url":"https:\/\/heuer-cup.de\/wp-content\/uploads\/2019\/01\/logo2.jpg","contentUrl":"https:\/\/heuer-cup.de\/wp-content\/uploads\/2019\/01\/logo2.jpg","width":750,"height":186,"caption":"Heuer Radsport"},"image":{"@id":"https:\/\/heuer-cup.de\/#logo"}},{"@type":"WebSite","@id":"https:\/\/heuer-cup.de\/#website","url":"https:\/\/heuer-cup.de\/","name":"Heuer Radsport","description":"Vollgas! oder einfach: Kette rechts","publisher":{"@id":"https:\/\/heuer-cup.de\/#organization"},"potentialAction":[{"@type":"SearchAction","target":{"@type":"EntryPoint","urlTemplate":"https:\/\/heuer-cup.de\/?s={search_term_string}"},"query-input":"required name=search_term_string"}],"inLanguage":"en-GB"},{"@type":"ImageObject","@id":"https:\/\/heuer-cup.de\/etappen-2019\/ellmendingen-rund-um-keltern\/aufschwung\/#primaryimage","inLanguage":"en-GB","url":"https:\/\/heuer-cup.eu\/userfiles\/images\/Vereine\/Ellmendingen\/Schwalbe%20Sch%C3%BClergruppe.jpg","contentUrl":"https:\/\/heuer-cup.eu\/userfiles\/images\/Vereine\/Ellmendingen\/Schwalbe%20Sch%C3%BClergruppe.jpg"},{"@type":"WebPage","@id":"https:\/\/heuer-cup.de\/etappen-2019\/ellmendingen-rund-um-keltern\/aufschwung\/#webpage","url":"https:\/\/heuer-cup.de\/etappen-2019\/ellmendingen-rund-um-keltern\/aufschwung\/","name":"Aufschwung f\u00fcr die Radsportjugend im L\u00e4ndle durch Moritz Backofen","isPartOf":{"@id":"https:\/\/heuer-cup.de\/#website"},"primaryImageOfPage":{"@id":"https:\/\/heuer-cup.de\/etappen-2019\/ellmendingen-rund-um-keltern\/aufschwung\/#primaryimage"},"datePublished":"2019-08-21T18:35:32+00:00","dateModified":"2019-09-09T06:45:40+00:00","description":"Aufschwung f\u00fcr die Radsportjugend im L\u00e4ndle durch Moritz Backofen. Mitte M\u00e4rz konnte Moritz Backofen als Landestrainer f\u00fcr Baden W\u00fcttemberg gewonnen werden.","breadcrumb":{"@id":"https:\/\/heuer-cup.de\/etappen-2019\/ellmendingen-rund-um-keltern\/aufschwung\/#breadcrumb"},"inLanguage":"en-GB","potentialAction":[{"@type":"ReadAction","target":["https:\/\/heuer-cup.de\/etappen-2019\/ellmendingen-rund-um-keltern\/aufschwung\/"]}]},{"@type":"BreadcrumbList","@id":"https:\/\/heuer-cup.de\/etappen-2019\/ellmendingen-rund-um-keltern\/aufschwung\/#breadcrumb","itemListElement":[{"@type":"ListItem","position":1,"name":"Home","item":"https:\/\/heuer-cup.de\/"},{"@type":"ListItem","position":2,"name":"Etappen 2019","item":"https:\/\/heuer-cup.de\/etappen-2019\/"},{"@type":"ListItem","position":3,"name":"Ellmendingen &#8211; Rund um Keltern","item":"https:\/\/heuer-cup.de\/etappen-2019\/ellmendingen-rund-um-keltern\/"},{"@type":"ListItem","position":4,"name":"Aufschwung"}]}]}},"_links":{"self":[{"href":"https:\/\/heuer-cup.de\/en\/wp-json\/wp\/v2\/pages\/4097"}],"collection":[{"href":"https:\/\/heuer-cup.de\/en\/wp-json\/wp\/v2\/pages"}],"about":[{"href":"https:\/\/heuer-cup.de\/en\/wp-json\/wp\/v2\/types\/page"}],"author":[{"embeddable":true,"href":"https:\/\/heuer-cup.de\/en\/wp-json\/wp\/v2\/users\/1"}],"replies":[{"embeddable":true,"href":"https:\/\/heuer-cup.de\/en\/wp-json\/wp\/v2\/comments?post=4097"}],"version-history":[{"count":2,"href":"https:\/\/heuer-cup.de\/en\/wp-json\/wp\/v2\/pages\/4097\/revisions"}],"predecessor-version":[{"id":4737,"href":"https:\/\/heuer-cup.de\/en\/wp-json\/wp\/v2\/pages\/4097\/revisions\/4737"}],"up":[{"embeddable":true,"href":"https:\/\/heuer-cup.de\/en\/wp-json\/wp\/v2\/pages\/4093"}],"wp:attachment":[{"href":"https:\/\/heuer-cup.de\/en\/wp-json\/wp\/v2\/media?parent=4097"}],"curies":[{"name":"wp","href":"https:\/\/api.w.org\/{rel}","templated":true}]}}